{"id":5,"date":"2021-06-14T14:25:31","date_gmt":"2021-06-14T14:25:31","guid":{"rendered":"https:\/\/mercigracias.ch\/PourToutesTesGraces\/?page_id=5"},"modified":"2026-06-16T09:07:05","modified_gmt":"2026-06-16T09:07:05","slug":"create-your-website-with-blocks","status":"publish","type":"page","link":"https:\/\/mercigracias.ch\/PourToutesTesGraces\/","title":{"rendered":"Home Pour toutes tes gr\u00e2ces"},"content":{"rendered":"\n<div style=\"height:50px\" aria-hidden=\"true\" class=\"wp-block-spacer\"><\/div>\n\n\n\n<h2 class=\"wp-block-heading has-white-color has-text-color has-link-color wp-elements-1\">Merci pour toutes tes gr\u00e2ces<\/h2>\n\n\n\n<div style=\"height:100px\" aria-hidden=\"true\" class=\"wp-block-spacer\"><\/div>\n\n\n\n<p class=\"wp-block-paragraph\">Merci pour tout ce que tu m&rsquo;as apport\u00e9, pour tous ces cailloux blancs d\u00e9pos\u00e9s le long de ma route qui m&rsquo;ont tant aid\u00e9e \u00e0 ne pas me perdre et qui ont fait ce que je suis devenue.  <\/p>\n\n\n\n<p class=\"wp-block-paragraph\">J&rsquo;ai acquis d\u00e8s ma toute petite enfance l&rsquo;aptitude d&rsquo;observer le monde ext\u00e9rieur. Ma premi\u00e8re ann\u00e9e de vie ayant \u00e9t\u00e9 plac\u00e9e dans une nurserie j&rsquo;ai pu observer toutes les all\u00e9es et venues des nurses qui s&rsquo;affairaient aux soins des b\u00e9b\u00e9s, align\u00e9s les uns \u00e0 c\u00f4t\u00e9 des autres tout autour de moi et qui attendaient comme moi, leur biberon ou qu&rsquo;on les lange.<\/p>\n\n\n\n<p class=\"wp-block-paragraph\">Malheureusement ou heureusement peut \u00eatre&#8230; je n&rsquo;en ai gard\u00e9 aucun souvenir conscient mais certains t\u00e9moins m&rsquo;ont racont\u00e9 par la suite l&rsquo;atmosph\u00e8re qui y r\u00e9gnait&#8230;<\/p>\n\n\n\n<p class=\"wp-block-paragraph\">Ses Histoires, ces messages venus de l&rsquo;au del\u00e0, \u00e0 elle, racont\u00e9es par elle en caract\u00e8re normaux&#8230; <br><em>et mes histoires \u00e0 moi son compagnon pour la vie, et qui r\u00e9dige ce site en \u00e9criture Italique<\/em><\/p>\n\n\n\n<p class=\"wp-block-paragraph\"><\/p>\n","protected":false},"excerpt":{"rendered":"<p>Merci pour toutes tes gr\u00e2ces Merci pour tout ce que tu m&rsquo;as apport\u00e9, pour tous ces cailloux blancs d\u00e9pos\u00e9s le long de ma route qui m&rsquo;ont tant aid\u00e9e \u00e0 ne pas me perdre et qui ont fait ce que je suis devenue. J&rsquo;ai acquis d\u00e8s ma toute petite enfance l&rsquo;aptitude d&rsquo;observer le monde ext\u00e9rieur. Ma&hellip; <a class=\"more-link\" href=\"https:\/\/mercigracias.ch\/PourToutesTesGraces\/\">Poursuivre la lecture <span class=\"screen-reader-text\">Home Pour toutes tes gr\u00e2ces<\/span><\/a><\/p>\n","protected":false},"author":1,"featured_media":0,"parent":0,"menu_order":0,"comment_status":"closed","ping_status":"closed","template":"","meta":{"footnotes":""},"class_list":["post-5","page","type-page","status-publish","hentry","entry"],"jetpack_sharing_enabled":true,"_links":{"self":[{"href":"https:\/\/mercigracias.ch\/PourToutesTesGraces\/index.php?rest_route=\/wp\/v2\/pages\/5","targetHints":{"allow":["GET"]}}],"collection":[{"href":"https:\/\/mercigracias.ch\/PourToutesTesGraces\/index.php?rest_route=\/wp\/v2\/pages"}],"about":[{"href":"https:\/\/mercigracias.ch\/PourToutesTesGraces\/index.php?rest_route=\/wp\/v2\/types\/page"}],"author":[{"embeddable":true,"href":"https:\/\/mercigracias.ch\/PourToutesTesGraces\/index.php?rest_route=\/wp\/v2\/users\/1"}],"replies":[{"embeddable":true,"href":"https:\/\/mercigracias.ch\/PourToutesTesGraces\/index.php?rest_route=%2Fwp%2Fv2%2Fcomments&post=5"}],"version-history":[{"count":19,"href":"https:\/\/mercigracias.ch\/PourToutesTesGraces\/index.php?rest_route=\/wp\/v2\/pages\/5\/revisions"}],"predecessor-version":[{"id":582,"href":"https:\/\/mercigracias.ch\/PourToutesTesGraces\/index.php?rest_route=\/wp\/v2\/pages\/5\/revisions\/582"}],"wp:attachment":[{"href":"https:\/\/mercigracias.ch\/PourToutesTesGraces\/index.php?rest_route=%2Fwp%2Fv2%2Fmedia&parent=5"}],"curies":[{"name":"wp","href":"https:\/\/api.w.org\/{rel}","templated":true}]}}