{"id":6,"date":"2021-06-14T14:25:31","date_gmt":"2021-06-14T14:25:31","guid":{"rendered":"https:\/\/mercigracias.ch\/PourToutesTesGraces\/?page_id=6"},"modified":"2026-06-16T08:18:29","modified_gmt":"2026-06-16T08:18:29","slug":"a-propos-de","status":"publish","type":"page","link":"https:\/\/mercigracias.ch\/PourToutesTesGraces\/?page_id=6","title":{"rendered":"Vous vous \u00eates dit bizarre&#8230;"},"content":{"rendered":"\n<h3 class=\"wp-block-heading alignfull\">Vous vous \u00eates dit bizarre, bizarre, comme c\u2019est \u00e9trange\u2026<\/h3>\n\n\n\n<p class=\"has-normal-font-size wp-block-paragraph\">Nous rencontrons tous dans notre vie de nombreux \u00e9v\u00e9nements, similitudes, qui nous semblent si \u00e9tranges sur le moment que nous nous interrogeons \u00e0 chaque fois sur leur signification ou sur la raison de leur pr\u00e9sence sans jamais bien les comprendre&#8230;<\/p>\n\n\n\n<p class=\"wp-block-paragraph\">Pourquoi tant d\u2019associations, paradoxes auxquelles nous sommes confront\u00e9s s\u2019ils n\u2019avaient pas un sens \u00e0 ceux qui en sont t\u00e9moins ? <\/p>\n\n\n\n<p class=\"wp-block-paragraph\">Et si celles-ci \u00e9taient la manifestation d\u2019une pr\u00e9sence qui tente par des moyens divers de nous signifier leur pr\u00e9sence\u2026?<\/p>\n\n\n\n<p class=\"wp-block-paragraph\">Pourquoi ces bizarreries ne nous laissent elles pas dans l\u2019indiff\u00e9rence, trop de questions sans doute, o\u00f9 le hasard semble ne pas pouvoir en \u00eatre la source.<br>Beaucoup de manifestations ne nous atteignent m\u00eame pas tant elles restent dans le subtil et restent inaper\u00e7ues. Notre vie nous accapare trop, et le rythme de nos vies, les exigences que nous nous donnons nous ont fait perdre nos qualit\u00e9s d\u2019observation qui nous permettraient de les apercevoir et qu\u2019enfin leurs messages nous soient d\u00e9voil\u00e9s.<\/p>\n\n\n\n<p class=\"wp-block-paragraph\">Mais il suffit de prendre un peu de recul, prendre le temps de s&rsquo;assoir, de regarder, d\u2019\u00eatre attentif \u00e0 ce qui nous entoure et elles nous apparaissent dans toutes leurs splendeurs.<\/p>\n\n\n\n<p class=\"wp-block-paragraph\">C\u2019est alors une r\u00e9v\u00e9lation. <\/p>\n\n\n\n<p class=\"wp-block-paragraph\">Comme si une lumi\u00e8re jaillissait pour illuminer notre route, comme si on sortait d\u2019un monde obscur, empli d\u2019incompr\u00e9hension, d\u2019inconnues et de superficialit\u00e9 et qu\u2019on soulevait doucement le voile de la connaissance.<\/p>\n\n\n\n<p class=\"wp-block-paragraph\">Comme si on entrait dans une autre dimension, celle de la clart\u00e9, de la v\u00e9rit\u00e9. <\/p>\n\n\n\n<p class=\"wp-block-paragraph\">Toute la lumi\u00e8re vient \u00e0 vous d\u2019un coup, vous \u00eates alors remplis d\u2019un bonheur incommensurable celui de percevoir, d\u2019effleurer ce monde qui \u00e9tait invisible et qui s\u2019ouvre devant vous. <\/p>\n\n\n\n<p class=\"wp-block-paragraph\">La v\u00e9rit\u00e9 se mat\u00e9rialise droit devant vous sans \u00e9quivoque. Tout devient alors clair, et vous \u00eates d\u00e9sar\u00e7onn\u00e9s par tant d\u2019\u00e9vidences car d\u00e9sormais vous savez&#8230;<\/p>\n\n\n\n<p class=\"wp-block-paragraph\">C\u2019est un moment d\u2019extase de se trouver devant la v\u00e9rit\u00e9, devant tant de r\u00e9alit\u00e9 et d&rsquo;\u00eatre face \u00e0 tant d\u2019Amour.<\/p>\n\n\n\n<p class=\"wp-block-paragraph\">Il y a un avant, un apr\u00e8s et entre les deux une transformation que chacun peut avoir la chance de rencontrer en ouvrant son c\u0153ur, en laissant derri\u00e8re soi ses pr\u00e9jug\u00e9s, sans efforts rien qu\u2019en en observant. Vos yeux s\u2019ouvriront et cela illuminera votre vie. <br>Voici de nombreuses similitudes que j\u2019ai pu rencontrer et qui m\u2019ayant laiss\u00e9e perplexe m\u2019ont soulev\u00e9 tant de questions. <br>Parfois je n\u2019ai pu mettre une r\u00e9ponse que beaucoup plus tard et pour certaines j\u2019attend encore un signe pour comprendre le message qui m\u2019avait \u00e9t\u00e9 transmis\u2026 Mais \u00e0 chaque fois la m\u00eame question :<\/p>\n\n\n\n<p class=\"has-text-align-center wp-block-paragraph\">Mais qu\u2019est ce que tout \u00e7a veut dire?\u2026<\/p>\n\n\n\n<p class=\"wp-block-paragraph\">Et si tout \u00e7a avait un sens ?<\/p>\n\n\n\n<p class=\"wp-block-paragraph\"><a href=\"https:\/\/mercigracias.ch\/PourToutesTesGraces\/?page_id=8\">https:\/\/mercigracias.ch\/PourToutesTesGraces\/?page_id=8<\/a><\/p>\n","protected":false},"excerpt":{"rendered":"<p>Vous vous \u00eates dit bizarre, bizarre, comme c\u2019est \u00e9trange\u2026 Nous rencontrons tous dans notre vie de nombreux \u00e9v\u00e9nements, similitudes, qui nous semblent si \u00e9tranges sur le moment que nous nous interrogeons \u00e0 chaque fois sur leur signification ou sur la raison de leur pr\u00e9sence sans jamais bien les comprendre&#8230; Pourquoi tant d\u2019associations, paradoxes auxquelles nous&hellip; <a class=\"more-link\" href=\"https:\/\/mercigracias.ch\/PourToutesTesGraces\/?page_id=6\">Poursuivre la lecture <span class=\"screen-reader-text\">Vous vous \u00eates dit bizarre&#8230;<\/span><\/a><\/p>\n","protected":false},"author":1,"featured_media":0,"parent":0,"menu_order":0,"comment_status":"closed","ping_status":"closed","template":"","meta":{"footnotes":""},"class_list":["post-6","page","type-page","status-publish","hentry","entry"],"jetpack_sharing_enabled":true,"_links":{"self":[{"href":"https:\/\/mercigracias.ch\/PourToutesTesGraces\/index.php?rest_route=\/wp\/v2\/pages\/6","targetHints":{"allow":["GET"]}}],"collection":[{"href":"https:\/\/mercigracias.ch\/PourToutesTesGraces\/index.php?rest_route=\/wp\/v2\/pages"}],"about":[{"href":"https:\/\/mercigracias.ch\/PourToutesTesGraces\/index.php?rest_route=\/wp\/v2\/types\/page"}],"author":[{"embeddable":true,"href":"https:\/\/mercigracias.ch\/PourToutesTesGraces\/index.php?rest_route=\/wp\/v2\/users\/1"}],"replies":[{"embeddable":true,"href":"https:\/\/mercigracias.ch\/PourToutesTesGraces\/index.php?rest_route=%2Fwp%2Fv2%2Fcomments&post=6"}],"version-history":[{"count":13,"href":"https:\/\/mercigracias.ch\/PourToutesTesGraces\/index.php?rest_route=\/wp\/v2\/pages\/6\/revisions"}],"predecessor-version":[{"id":580,"href":"https:\/\/mercigracias.ch\/PourToutesTesGraces\/index.php?rest_route=\/wp\/v2\/pages\/6\/revisions\/580"}],"wp:attachment":[{"href":"https:\/\/mercigracias.ch\/PourToutesTesGraces\/index.php?rest_route=%2Fwp%2Fv2%2Fmedia&parent=6"}],"curies":[{"name":"wp","href":"https:\/\/api.w.org\/{rel}","templated":true}]}}