{"id":1110,"date":"2026-01-31T11:14:19","date_gmt":"2026-01-31T11:14:19","guid":{"rendered":"https:\/\/mercigracias.ch\/?page_id=1110"},"modified":"2026-07-12T17:19:27","modified_gmt":"2026-07-12T17:19:27","slug":"divorce-malgre-elle","status":"publish","type":"page","link":"https:\/\/mercigracias.ch\/?page_id=1110","title":{"rendered":"Divorce malgr\u00e9 elle"},"content":{"rendered":"\n<p class=\"wp-block-paragraph\">&lt;Enregistr\u00e9 le 22 Novembre 2016&gt;<\/p>\n\n\n\n<p class=\"wp-block-paragraph\">Apr\u00e8s la p\u00e9riode chez ma Marraine de confirmation, quand je suis arriv\u00e9e chez Maman et ma s\u0153ur dans leur petit appartement, je commen\u00e7ais mon adolescence, j&rsquo;avais 14 ans. <br>Je ne sais plus pourquoi on avait discut\u00e9 un jour, mais je lui ai demand\u00e9 : <br>&#8211; Mais c&rsquo;\u00e9tait comment ton nom de jeune fille ?<br>Alors elle me le dit&#8230;<br>&#8211; Ah mais c&rsquo;est tr\u00e8s jolie, que je lui dis&#8230; Alors je vais t&rsquo;appeler comme \u00e7a maintenant&#8230;<br>&#8211; Non mais \u00e7a va pas ?!&#8230; Qu&rsquo;elle me dit sans explications, sans rien&#8230;<\/p>\n\n\n\n<p class=\"wp-block-paragraph\">&#8211; Oh et bien moi, je t&rsquo;appellerai comme \u00e7a, je trouve \u00e7a tellement joli.<\/p>\n\n\n\n<p class=\"wp-block-paragraph\">Peu de temps apr\u00e8s, je vais en course d&rsquo;\u00e9cole et tout naturellement j&rsquo;\u00e9cris son nom de jeune fille, \u00e0 l&rsquo;adresse o\u00f9 on habitait maintenant&#8230; <br>Aahhhhh, mais elle a \u00e9t\u00e9 tr\u00e8s f\u00e2ch\u00e9e apr\u00e8s moi, tr\u00e8s tr\u00e8s f\u00e2ch\u00e9e !<\/p>\n\n\n\n<p class=\"wp-block-paragraph\">&#8211; <em>Que tu lui aies envoy\u00e9 une lettre \u00e0 son nom de jeune fille&#8230;?<\/em><\/p>\n\n\n\n<p class=\"wp-block-paragraph\">&#8211; Elle s&rsquo;\u00e9tait sentie tr\u00e8s bless\u00e9e&#8230; Ce n&rsquo;est pas qu&rsquo;elle n&rsquo;appr\u00e9ciait pas son nom de jeune fille, mais elle s&rsquo;appelait d\u00e9sormais du nom de son mari&#8230; Elle avait peut-\u00eatre l&rsquo;impression de sortir du clan avec nous ? Va savoir&#8230;<\/p>\n\n\n\n<p class=\"wp-block-paragraph\">Moi aussi, j&rsquo;aurais eu l&rsquo;impression de sortir du clan avec mes enfants apr\u00e8s mon divorce, de ne plus avoir cette appartenance&#8230;<\/p>\n\n\n\n<p class=\"wp-block-paragraph\">Son appartenance apr\u00e8s son divorce, c&rsquo;\u00e9tait ses enfants finalement. C&rsquo;\u00e9tait sans doute \u00e7a. En tout cas, elle s&rsquo;\u00e9tait sentie tr\u00e8s f\u00e2ch\u00e9e apr\u00e8s, tr\u00e8s f\u00e2ch\u00e9e !<\/p>\n\n\n\n<p class=\"wp-block-paragraph\">Finalement, on se demande si elle avait voulu divorcer ou si le divorce lui avait \u00e9t\u00e9 impos\u00e9, elle, qui voulait tout diriger, \u00e7a n&rsquo;\u00e9tait pas pass\u00e9&#8230;<\/p>\n","protected":false},"excerpt":{"rendered":"<p>&lt;Enregistr\u00e9 le 22 Novembre 2016&gt; Apr\u00e8s la p\u00e9riode chez ma Marraine de confirmation, quand je suis arriv\u00e9e chez Maman et ma s\u0153ur dans leur petit appartement, je commen\u00e7ais mon adolescence, j&rsquo;avais 14 ans. Je ne sais plus pourquoi on avait discut\u00e9 un jour, mais je lui ai demand\u00e9 : &#8211; Mais c&rsquo;\u00e9tait comment ton nom [&hellip;]<\/p>\n","protected":false},"author":1,"featured_media":0,"parent":0,"menu_order":0,"comment_status":"open","ping_status":"closed","template":"pages-chapitre-06","meta":{"footnotes":""},"class_list":["post-1110","page","type-page","status-publish","hentry"],"jetpack_sharing_enabled":true,"_links":{"self":[{"href":"https:\/\/mercigracias.ch\/index.php?rest_route=\/wp\/v2\/pages\/1110","targetHints":{"allow":["GET"]}}],"collection":[{"href":"https:\/\/mercigracias.ch\/index.php?rest_route=\/wp\/v2\/pages"}],"about":[{"href":"https:\/\/mercigracias.ch\/index.php?rest_route=\/wp\/v2\/types\/page"}],"author":[{"embeddable":true,"href":"https:\/\/mercigracias.ch\/index.php?rest_route=\/wp\/v2\/users\/1"}],"replies":[{"embeddable":true,"href":"https:\/\/mercigracias.ch\/index.php?rest_route=%2Fwp%2Fv2%2Fcomments&post=1110"}],"version-history":[{"count":5,"href":"https:\/\/mercigracias.ch\/index.php?rest_route=\/wp\/v2\/pages\/1110\/revisions"}],"predecessor-version":[{"id":5553,"href":"https:\/\/mercigracias.ch\/index.php?rest_route=\/wp\/v2\/pages\/1110\/revisions\/5553"}],"wp:attachment":[{"href":"https:\/\/mercigracias.ch\/index.php?rest_route=%2Fwp%2Fv2%2Fmedia&parent=1110"}],"curies":[{"name":"wp","href":"https:\/\/api.w.org\/{rel}","templated":true}]}}