{"id":1214,"date":"2026-02-05T11:31:33","date_gmt":"2026-02-05T11:31:33","guid":{"rendered":"https:\/\/mercigracias.ch\/?page_id=1214"},"modified":"2026-07-12T17:24:55","modified_gmt":"2026-07-12T17:24:55","slug":"me-liberer-etre-moi","status":"publish","type":"page","link":"https:\/\/mercigracias.ch\/?page_id=1214","title":{"rendered":"Me lib\u00e9rer, \u00eatre moi !"},"content":{"rendered":"\n<p class=\"wp-block-paragraph\">&lt;Enregistr\u00e9 le  27 Aout 2014 et le 13 Septembre 2016&gt;<\/p>\n\n\n\n<p class=\"wp-block-paragraph\">J&rsquo;avais pris conscience depuis tr\u00e8s petite, que ce cin\u00e9ma que j&rsquo;avais devant les yeux avec mes parents, o\u00f9 \u00e7a se cassait la figure, o\u00f9 c&rsquo;\u00e9tait des drames, o\u00f9 \u00e7a gueulait tout le temps, o\u00f9 \u00e7a se tapait dessus&#8230; Que c&rsquo;\u00e9tait une vision&#8230; Mais que tu pouvais avoir un autre cin\u00e9ma, puisque j&rsquo;avais mon cin\u00e9ma propre dans mes r\u00eaves&#8230;<br>Mes r\u00eaves o\u00f9 je dansais dans la grande salle du buffet, o\u00f9 je devenais une grande danseuse&#8230; et aussi dehors quand je dansais sur les pierres, l\u00e0-bas o\u00f9 je sautais, o\u00f9 j&rsquo;imaginais&#8230;<\/p>\n\n\n\n<p class=\"wp-block-paragraph\">Il y avait la compr\u00e9hension que tout \u00e7a, c&rsquo;\u00e9tait une autre fa\u00e7on de regarder les choses de la vie, que ce n&rsquo;\u00e9tait pas r\u00e9ellement \u00e7a&#8230;<\/p>\n\n\n\n<p class=\"wp-block-paragraph\">&#8211; <em>Finalement c&rsquo;est comme si tu changeais l&rsquo;angle de la cam\u00e9ra et que tu vois d&rsquo;un autre point de vue&#8230;?<\/em> <br>&#8211; Oui, je tourne&#8230; Je vois cette sc\u00e8ne, et je me dis : Bon et bien&#8230; Pourquoi ils font \u00e7a comme \u00e7a ?<\/p>\n\n\n\n<p class=\"wp-block-paragraph\">Je prends conscience que leurs caract\u00e8res sont trop forts, que c&rsquo;est l\u00e0, mais que ce n&rsquo;est pas \u00e7a, la vie&#8230; <\/p>\n\n\n\n<p class=\"wp-block-paragraph\">&#8211; <em>Que tout \u00e7a c&rsquo;\u00e9tait du cin\u00e9ma, qui n&rsquo;avait pas de sens&#8230;?<\/em> <br>Oui, exactement&#8230; et avec la danse, je m&rsquo;\u00e9vadais&#8230; Je quittais ce monde violent pour entrer dans le mien, plein de douceurs.<\/p>\n\n\n\n<p class=\"wp-block-paragraph\">C&rsquo;\u00e9tait tout emball\u00e9, du moment que je dansais&#8230; et \u00e7a m&rsquo;attirait dans tout un monde, parce que \u00e7a \u00e9clatait, peut-\u00eatre que c&rsquo;\u00e9tait \u00e7a&#8230;<\/p>\n\n\n\n<ul class=\"wp-block-list\">\n<li>Il fallait que je me lib\u00e8re, \u00eatre libre&#8230;<\/li>\n<\/ul>\n\n\n\n<p class=\"wp-block-paragraph\">Danser sans conventions, sans r\u00e8gles, sans tabous, \u00e7a me permettait d&rsquo;ext\u00e9rioriser tout mon int\u00e9rieur&#8230;<\/p>\n\n\n\n<p class=\"wp-block-paragraph\">Chez nous, dans notre famille il y avait plein de r\u00e8gles, plein de machins tout \u00e9tait comme ci, comme \u00e7a&#8230; Tout \u00e9tait carr\u00e9, ce n&rsquo;\u00e9tait pas simple.<\/p>\n\n\n\n<p class=\"wp-block-paragraph\">Donc quand je dansais, c&rsquo;\u00e9tait Moi, uniquement Moi, et vos trucs, vos machins&#8230; Allez vous faire voir !<\/p>\n\n\n\n<p class=\"wp-block-paragraph\">Je me lib\u00e9rais automatiquement quand je dansais&#8230; Alors apr\u00e8s j&rsquo;allais au \u00ab\u00a0Navy club\u00a0\u00bb les dimanches soirs.<\/p>\n\n\n\n<p class=\"wp-block-paragraph\">Evidement \u00e7a donnait quelque chose de tr\u00e8s particulier, de non conventionnel. \u00c7a attirait l&rsquo;attention, le fait d&rsquo;avoir ce c\u00f4t\u00e9 non conventionnel&#8230; Mais c&rsquo;\u00e9tait un contexte o\u00f9 je pouvais l\u00e2cher, et \u00e7a attirait tout le monde, une petite nana qui se lib\u00e8re, tout le monde la rep\u00e8re&#8230;<\/p>\n\n\n\n<p class=\"wp-block-paragraph\">La copine de Maman, lui avait racont\u00e9 un lundi matin :<br>&#8211; Alors tu sais, le dimanche soir je vais au Navy club, pour m&rsquo;amuser&#8230; Rien que de voir ta fille, qu&rsquo;est ce que je peux m&rsquo;amuser&#8230; Je me marre toute la soir\u00e9e !<br>Je m&rsquo;amuse rien qu&rsquo;\u00e0 la voir&#8230;<\/p>\n\n\n\n<p class=\"wp-block-paragraph\">Elle ne bougeait pas, elle ne dansait pas, elle s&rsquo;installait l\u00e0 pour boire un verre, et elle lui redisait :<br>&#8211; Je me suis de nouveau amus\u00e9e hier soir, j&rsquo;ai revu ta fille, t&rsquo;aurais d\u00fb la voir&#8230; quelle ph\u00e9nom\u00e8ne ! (Rire)<\/p>\n\n\n\n<p class=\"wp-block-paragraph\">&#8230;Elle s&rsquo;\u00e9tait amus\u00e9e.<\/p>\n\n\n\n<p class=\"wp-block-paragraph\">Maman, quand elle me disait \u00e7a, je pensais qu&rsquo;elle disait \u00e7a pour faire plaisir \u00e0 Maman, qu&rsquo;elle lui mettait un peu de lumi\u00e8re&#8230; <br>Mais non, finalement peut-\u00eatre pas tant que \u00e7a. <br>C&rsquo;\u00e9tait vrai, elle y allait pour s&rsquo;amuser vraiment, rien que pour me regarder danser&#8230;<\/p>\n\n\n\n<p class=\"wp-block-paragraph\">Avec ma fille, c&rsquo;est vraiment une belle fille mais \u00e7a m&rsquo;a toujours \u00e9tonn\u00e9e qu&rsquo;avec elle il n&rsquo;y avait rien qui se passait&#8230; Je me disais mais comment \u00e7a se fait ?<br>Je n&rsquo;avais pas sa grandeur, je n&rsquo;avais pas sa taille, pas sa beaut\u00e9&#8230; Non, non rien de tout \u00e7a, et je me disais : <br>&#8211; Mais il n&rsquo;y a rien ? <br>C&rsquo;est plat, c&rsquo;est tout ce qu&rsquo;il y a de plus plat, il n&rsquo;y a pas d&rsquo;histoires, il n&rsquo;y a pas de jeunesse ?<\/p>\n\n\n\n<p class=\"wp-block-paragraph\">Moi, je n&rsquo;ai pas fait une jeunesse comme mon fr\u00e8re ou ma s\u0153ur avec leurs fans, Claude Fran\u00e7ois, ou Rolling Stones&#8230; Rien de tout \u00e7a, non&#8230; Mais \u00e9clat\u00e9e, voil\u00e0&#8230; Eclat\u00e9e, \u00e7a veut dire rire, m&rsquo;amuser&#8230;<\/p>\n\n\n\n<p class=\"wp-block-paragraph\">A cette \u00e9poque, je n&rsquo;\u00e9tais pas beaucoup avec ma copine de l&rsquo;\u00e9cole des cancres, elle \u00e9tait \u00e0 Z\u00fcrich&#8230; Mais cette p\u00e9riode a \u00e9t\u00e9 une p\u00e9riode de grande lib\u00e9ration, avec la danse.<\/p>\n\n\n\n<p class=\"wp-block-paragraph\">Avec la danse \u00e7a toujours \u00e9t\u00e9 une lib\u00e9ration pour moi, puisque d\u00e9j\u00e0 quand j&rsquo;\u00e9tais enfant, quand mes parents se battaient, que tout le monde \u00e9taient dans un \u00e9tat pas possible, en catastrophe dans la maison, qu&rsquo;on avait l&rsquo;impression que c&rsquo;\u00e9tait un tremblement de terre&#8230; et bien Moi je dansais sur les pav\u00e9s et je m&rsquo;imaginais danseuse, une grande danseuse, avec un grand public&#8230; J&rsquo;allais dans la salle o\u00f9 ils faisaient la danse folklorique, et je dansais&#8230; et j&rsquo;imaginais un public qui venait m&rsquo;applaudir.<\/p>\n\n\n\n<p class=\"wp-block-paragraph\">Je me souviens bien de l&rsquo;exposition \u00e0 Lausanne, lorsqu&rsquo;ils m&rsquo;ont emmen\u00e9e, m\u00eame s&rsquo;ils ne prenaient pas les enfants avant 6 ans je crois, non avant 7 ans, avant qu&rsquo;ils ne commencent l&rsquo;\u00e9cole&#8230;<br>Mais moi je n&rsquo;avais pas 6 ans, et ils m&rsquo;avaient pris avec.<\/p>\n\n\n\n<p class=\"wp-block-paragraph\">Pour la danse folklorique, j&rsquo;avais pu y aller pour remplacer quelqu&rsquo;un, j&rsquo;\u00e9tait la plus petite de l&rsquo;\u00e9quipe, et je me souviens tr\u00e8s bien dans ma t\u00eate que j&rsquo;\u00e9tais triste parce que il n&rsquo;y avait personne de ma famille qui \u00e9tait venu&#8230; <\/p>\n\n\n\n<p class=\"wp-block-paragraph\">C&rsquo;\u00e9tait la premi\u00e8re fois que je prenais conscience qu&rsquo;il n&rsquo;y avait pas, ni Papa ni Maman pour me regarder et qu&rsquo;il n&rsquo;y avait pas mon lit&#8230;<\/p>\n\n\n\n<p class=\"wp-block-paragraph\">Voil\u00e0, mais j&rsquo;\u00e9tais contente parce que il y avait beaucoup de gens qui applaudissaient ! J&rsquo;\u00e9tais contente que les gens applaudissent, \u00e7a c&rsquo;\u00e9tait quelque chose ! J&rsquo;avais beaucoup beaucoup aim\u00e9 qu&rsquo;on m&rsquo;applaudisse pour danser, c&rsquo;\u00e9tait magnifique, \u00e7a avait \u00e9t\u00e9 une tr\u00e8s grande joie.<\/p>\n\n\n\n<p class=\"wp-block-paragraph\">Mais j&rsquo;avais pris conscience que, voil\u00e0 chez les autres, leurs parents \u00e9taient autour, et que pour moi, il n&rsquo;y avait pas de Papa, ni de Maman&#8230; Rien du tout et qu&rsquo;il fallait m&rsquo;en trouver un&#8230;<\/p>\n\n\n\n<p class=\"wp-block-paragraph\">Donc j&rsquo;avais d\u00e9cid\u00e9 que celui qui allait s&rsquo;occuper de moi c&rsquo;\u00e9tait Bernard, il faisait partie de la Farandole des grands&#8230;<\/p>\n\n\n\n<p class=\"wp-block-paragraph\">Il travaillait \u00e0 la boulangerie et il venait souvent boire sa bi\u00e8re au buffet. J&rsquo;\u00e9tais tr\u00e8s petite je devais avoir tout juste 5 ans et j&rsquo;avais d\u00e9cid\u00e9 que celui qui allait s&rsquo;occuper de moi, ce serait Bernard&#8230;<\/p>\n\n\n\n<p class=\"wp-block-paragraph\">Donc Bernard allait \u00eatre mon point de rep\u00e8re tout le temps, c&rsquo;est \u00e0 dire : <br>Dormir dans ses bras, et que quand il y aurait quelque chose&#8230; il serait l\u00e0. Que ce serait le papa pour ce petit moment \u00e0 la danse folklorique, un papa de substitution.<\/p>\n\n\n\n<p class=\"wp-block-paragraph\">Je trouvais qu&rsquo;il \u00e9tait beau gar\u00e7on, et je lui avais dit qu&rsquo;il \u00e9tait beau et que quand je serais grande je me marierai avec lui !<\/p>\n\n\n\n<p class=\"wp-block-paragraph\">J&rsquo;avais d\u00e9cid\u00e9 que je me marierai avec lui parce qu&rsquo;il me plaisait beaucoup. Alors il \u00e9tait tr\u00e8s heureux, bien s\u00fbr il m&rsquo;avait ramen\u00e9 \u00e0 la maison dans ses bras. Il \u00e9tait tr\u00e8s heureux et au fur et \u00e0 mesure que je grandissais, tu vois, je continuais de lui mettre mes bras autour du cou, car je le voyais r\u00e9guli\u00e8rement puisqu&rsquo;il venait boire sa bi\u00e8re.<\/p>\n\n\n\n<p class=\"wp-block-paragraph\">Je mettais mes bras autour du cou, et je lui disais, je me marierai avec toi Bernard, et quand je suis devenue un peu plus grande, il m&rsquo;a dit : alors tu ne veux plus te marier avec moi, puisque tu veux te marier avec ton petit copain, le fils de la boulangerie ?<\/p>\n\n\n\n<p class=\"wp-block-paragraph\">Apr\u00e8s il a quitt\u00e9 la boulangerie&#8230; mais c&rsquo;\u00e9tait tr\u00e8s chou quand m\u00eame.<\/p>\n\n\n\n<p class=\"wp-block-paragraph\">Merci Gracias !<\/p>\n","protected":false},"excerpt":{"rendered":"<p>&lt;Enregistr\u00e9 le 27 Aout 2014 et le 13 Septembre 2016&gt; J&rsquo;avais pris conscience depuis tr\u00e8s petite, que ce cin\u00e9ma que j&rsquo;avais devant les yeux avec mes parents, o\u00f9 \u00e7a se cassait la figure, o\u00f9 c&rsquo;\u00e9tait des drames, o\u00f9 \u00e7a gueulait tout le temps, o\u00f9 \u00e7a se tapait dessus&#8230; Que c&rsquo;\u00e9tait une vision&#8230; Mais que tu [&hellip;]<\/p>\n","protected":false},"author":1,"featured_media":0,"parent":0,"menu_order":0,"comment_status":"open","ping_status":"closed","template":"pages-chapitre-06","meta":{"footnotes":""},"class_list":["post-1214","page","type-page","status-publish","hentry"],"jetpack_sharing_enabled":true,"_links":{"self":[{"href":"https:\/\/mercigracias.ch\/index.php?rest_route=\/wp\/v2\/pages\/1214","targetHints":{"allow":["GET"]}}],"collection":[{"href":"https:\/\/mercigracias.ch\/index.php?rest_route=\/wp\/v2\/pages"}],"about":[{"href":"https:\/\/mercigracias.ch\/index.php?rest_route=\/wp\/v2\/types\/page"}],"author":[{"embeddable":true,"href":"https:\/\/mercigracias.ch\/index.php?rest_route=\/wp\/v2\/users\/1"}],"replies":[{"embeddable":true,"href":"https:\/\/mercigracias.ch\/index.php?rest_route=%2Fwp%2Fv2%2Fcomments&post=1214"}],"version-history":[{"count":10,"href":"https:\/\/mercigracias.ch\/index.php?rest_route=\/wp\/v2\/pages\/1214\/revisions"}],"predecessor-version":[{"id":5559,"href":"https:\/\/mercigracias.ch\/index.php?rest_route=\/wp\/v2\/pages\/1214\/revisions\/5559"}],"wp:attachment":[{"href":"https:\/\/mercigracias.ch\/index.php?rest_route=%2Fwp%2Fv2%2Fmedia&parent=1214"}],"curies":[{"name":"wp","href":"https:\/\/api.w.org\/{rel}","templated":true}]}}