{"id":1220,"date":"2026-02-05T15:58:22","date_gmt":"2026-02-05T15:58:22","guid":{"rendered":"https:\/\/mercigracias.ch\/?page_id=1220"},"modified":"2026-07-12T17:25:47","modified_gmt":"2026-07-12T17:25:47","slug":"hans","status":"publish","type":"page","link":"https:\/\/mercigracias.ch\/?page_id=1220","title":{"rendered":"Hans"},"content":{"rendered":"\n<p class=\"wp-block-paragraph\"><em>Elle \u00e9tait all\u00e9e danser avec son fr\u00e8re, et elle l&rsquo;avait bien vu au loin&#8230; Elle \u00e9tait assise sur un banc au fond de la salle&#8230; et quand il est venu vers elle pour l&rsquo;inviter \u00e0 danser, son c\u0153ur s&rsquo;est emball\u00e9&#8230;<\/em><\/p>\n\n\n\n<p class=\"wp-block-paragraph\"><em>La foudre \u00e9tait tomb\u00e9e sur elle, mais sur lui aussi !<\/em><\/p>\n\n\n\n<p class=\"wp-block-paragraph\"><em>Ils sont all\u00e9s danser sur la piste et son fr\u00e8re les a vu, direct apr\u00e8s la danse il est venu pour lui dire, on rentre&#8230; D&rsquo;apr\u00e8s elle, il avait senti qu&rsquo;il se passait quelque chose.<\/em><\/p>\n\n\n\n<p class=\"wp-block-paragraph\"><em>Les semaines suivantes, elle y \u00e9tait retourn\u00e9e en esp\u00e9rant le revoir&#8230; et ils se sont revus.<\/em><\/p>\n\n\n\n<p class=\"wp-block-paragraph\"><em>La rencontre s&rsquo;\u00e9tait faite, et elle \u00e9tait amoureuse.<\/em><\/p>\n\n\n\n<p class=\"wp-block-paragraph\"><em>\u00c7a devait \u00eatre quand elle \u00e9tait \u00e0 fribourg, sans doute pendant sa premi\u00e8re ann\u00e9e d&rsquo;apprentissage&#8230; Elle devait avoir 16 ans.<\/em><\/p>\n\n\n\n<p class=\"wp-block-paragraph\"><em>Elle m&rsquo;a dit :<\/em><br>&#8211; Mais je n&rsquo;ai pas pu m&rsquo;engager, c&rsquo;\u00e9tait trop fort !<\/p>\n\n\n\n<p class=\"wp-block-paragraph\"><em>Elle paniquait. Elle \u00e9tait en pleine d\u00e9pression, et pensait qu&rsquo;elle allait mourir jeune.<\/em><\/p>\n\n\n\n<p class=\"wp-block-paragraph\"><em>Elle n&rsquo;\u00e9tait pas pr\u00eate, trop jeune ?<br>Non, trop de peurs&#8230; Son enfance lui avait cr\u00e9\u00e9 trop de peurs envers les Hommes !<\/em><\/p>\n\n\n\n<p class=\"wp-block-paragraph\"><em>Et surtout, elle \u00e9tait persuad\u00e9e que \u00e7a ne pouvait pas durer dans le temps.<\/em><br><em>Elle m&rsquo;avait dit : <\/em><br>&#8211; Tu vois, c&rsquo;\u00e9tait tellement intense&#8230; que \u00e7a ne peut que retomber ! L&rsquo;avenir ne peut pas t&rsquo;amener vers le bonheur.<\/p>\n\n\n\n<p class=\"wp-block-paragraph\"><em>Vu l&rsquo;intensit\u00e9 de l&rsquo;attirance qu&rsquo;elle ressentait, que \u00e7a ne pouvait que retomber&#8230; C&rsquo;\u00e9tait la raison pour laquelle elle n&rsquo;avait pas voulu s&rsquo;engager. <\/em><\/p>\n\n\n\n<ul class=\"wp-block-list\">\n<li><em>Quand c&rsquo;est si haut, \u00e7a ne peut que retomber !<\/em><\/li>\n<\/ul>\n\n\n\n<p class=\"wp-block-paragraph\"><em>La lucidit\u00e9 que les coups de foudre \u00e9taient irrationnels, et n&rsquo;ont rien \u00e0 voir avec un Amour qui se construit, jour apr\u00e8s jour.<\/em><\/p>\n\n\n\n<p class=\"wp-block-paragraph\"><em>Peur de la rupture. Sans doute peur que \u00e7a se termine comme ses parents, et peut-\u00eatre vouloir garder l&rsquo;Amour qu&rsquo;elle avait ressenti, tel quel, au fond d&rsquo;elle.<\/em><\/p>\n\n\n\n<p class=\"wp-block-paragraph\"><em>Mais Hans, lui n&rsquo;avait pas perdu espoir, il \u00e9tait revenu la revoir quand elle \u00e9tait \u00e0 Bern. Il travaillait comme magasinier pas tr\u00e8s loin de l\u00e0 o\u00f9 elle travaillait&#8230; Il \u00e9tait venu l&rsquo;inviter pour aller au concert&#8230; (<a href=\"https:\/\/mercigracias.ch\/PourToutesTesGraces\/?p=305\">lui aussi&#8230;<\/a>)<\/em><\/p>\n\n\n\n<p class=\"wp-block-paragraph\"><em>Alors, ils \u00e9taient all\u00e9s ensemble au concert d&rsquo;ABBA&#8230;<\/em><\/p>\n\n\n\n<p class=\"wp-block-paragraph\"><em>Mais \u00e7a devait \u00eatre ainsi&#8230;l&rsquo;astrologue n&rsquo;allait il pas lui pr\u00e9dire autre chose \u00e0 ses 20 ans ? <\/em><\/p>\n\n\n\n<p class=\"wp-block-paragraph\"><em>Donc, tout \u00e9tait d\u00e9j\u00e0 jou\u00e9&#8230; et cela devait se mettre en place.<\/em><\/p>\n\n\n\n<p class=\"wp-block-paragraph\"><em>Mais il \u00e9tait rest\u00e9 dans son c\u0153ur&#8230; car dans les ann\u00e9es 2010 nous \u00e9tions all\u00e9s au march\u00e9 de No\u00ebl dans son village&#8230; Etait ce un hasard ?<\/em><\/p>\n\n\n\n<p class=\"wp-block-paragraph\"><em>Elle me tire le bras et me dit :<\/em><br>&#8211; Non, pas par l\u00e0&#8230; Hans est l\u00e0, dans un petit chalet ! <\/p>\n\n\n\n<p class=\"wp-block-paragraph\"><em>Il exposait avec une femme des petits bijoux artisanaux&#8230; <\/em><br>&#8211; Non, il est accompagn\u00e9, \u00e7a ne sert \u00e0 rien de soulever le pass\u00e9&#8230;<\/p>\n\n\n\n<p class=\"wp-block-paragraph\"><em>Elle est rest\u00e9e l\u00e0 quelques minutes \u00e0 le regarder de loin, et nous sommes partis&#8230;<\/em><\/p>\n\n\n\n<p class=\"wp-block-paragraph\"><\/p>\n\n\n\n<p class=\"wp-block-paragraph\"><\/p>\n","protected":false},"excerpt":{"rendered":"<p>Elle \u00e9tait all\u00e9e danser avec son fr\u00e8re, et elle l&rsquo;avait bien vu au loin&#8230; Elle \u00e9tait assise sur un banc au fond de la salle&#8230; et quand il est venu vers elle pour l&rsquo;inviter \u00e0 danser, son c\u0153ur s&rsquo;est emball\u00e9&#8230; La foudre \u00e9tait tomb\u00e9e sur elle, mais sur lui aussi ! Ils sont all\u00e9s danser [&hellip;]<\/p>\n","protected":false},"author":1,"featured_media":0,"parent":0,"menu_order":0,"comment_status":"open","ping_status":"closed","template":"pages-chapitre-06","meta":{"footnotes":""},"class_list":["post-1220","page","type-page","status-publish","hentry"],"jetpack_sharing_enabled":true,"_links":{"self":[{"href":"https:\/\/mercigracias.ch\/index.php?rest_route=\/wp\/v2\/pages\/1220","targetHints":{"allow":["GET"]}}],"collection":[{"href":"https:\/\/mercigracias.ch\/index.php?rest_route=\/wp\/v2\/pages"}],"about":[{"href":"https:\/\/mercigracias.ch\/index.php?rest_route=\/wp\/v2\/types\/page"}],"author":[{"embeddable":true,"href":"https:\/\/mercigracias.ch\/index.php?rest_route=\/wp\/v2\/users\/1"}],"replies":[{"embeddable":true,"href":"https:\/\/mercigracias.ch\/index.php?rest_route=%2Fwp%2Fv2%2Fcomments&post=1220"}],"version-history":[{"count":7,"href":"https:\/\/mercigracias.ch\/index.php?rest_route=\/wp\/v2\/pages\/1220\/revisions"}],"predecessor-version":[{"id":5560,"href":"https:\/\/mercigracias.ch\/index.php?rest_route=\/wp\/v2\/pages\/1220\/revisions\/5560"}],"wp:attachment":[{"href":"https:\/\/mercigracias.ch\/index.php?rest_route=%2Fwp%2Fv2%2Fmedia&parent=1220"}],"curies":[{"name":"wp","href":"https:\/\/api.w.org\/{rel}","templated":true}]}}