{"id":1293,"date":"2026-02-12T22:06:42","date_gmt":"2026-02-12T22:06:42","guid":{"rendered":"https:\/\/mercigracias.ch\/?page_id=1293"},"modified":"2026-07-13T06:36:06","modified_gmt":"2026-07-13T06:36:06","slug":"isabelle","status":"publish","type":"page","link":"https:\/\/mercigracias.ch\/?page_id=1293","title":{"rendered":"Isabelle"},"content":{"rendered":"\n<p class=\"wp-block-paragraph\">&lt;Enregistr\u00e9 le 02 Septembre 2014&gt;<\/p>\n\n\n\n<p class=\"wp-block-paragraph\">A Fribourg je m&rsquo;\u00e9tais dit :<br>&#8211; Ici je ne pourrais pas m&rsquo;\u00e9panouir, j&rsquo;ai tellement l&rsquo;habitude d&rsquo;\u00eatre dans la soumission&#8230; et d&rsquo;\u00eatre dans ce machin, que m\u00eame si j&rsquo;ai fini mon apprentissage, m\u00eame si elle veut me garder ici, elle aura toujours le contr\u00f4le et \u00e7a continuera pareil&#8230;<\/p>\n\n\n\n<p class=\"wp-block-paragraph\">C&rsquo;est fini !<\/p>\n\n\n\n<p class=\"wp-block-paragraph\">Maintenant j&rsquo;ai prouv\u00e9, j&rsquo;ai fait mon apprentissage, j&rsquo;ai prouv\u00e9 !<\/p>\n\n\n\n<p class=\"wp-block-paragraph\">Alors je ne peux pas rester dans Fribourg, parce que dans Fribourg, j&rsquo;ai cette \u00e9tiquette qui me colle \u00e0 la peau, partout \u00e7a sort de mes pores&#8230;<\/p>\n\n\n\n<p class=\"wp-block-paragraph\">Il faut donc que j&rsquo;aille dans un autre canton, ailleurs que l\u00e0&#8230; <\/p>\n\n\n\n<p class=\"wp-block-paragraph\">Et l\u00e0, \u00e0 la maison quand Maman me dit :<br>&#8211; Je vais aller avec toi \u00e0 ton entretien ! <\/p>\n\n\n\n<p class=\"wp-block-paragraph\">Je dis non ! J&rsquo;y vais toute seule&#8230; J&rsquo;ai pu aller \u00e0 11 ans \u00e0 <a href=\"https:\/\/mercigracias.ch\/?page_id=922\" data-type=\"page\" data-id=\"922\">l&rsquo;Inselpital<\/a> pour visiter ma s\u0153ur, je peux aussi aller me pr\u00e9senter toute seule, hein !<\/p>\n\n\n\n<p class=\"wp-block-paragraph\">Donc je pars seule \u00e0 Bern et je me dis :<br>&#8211; \u00c7a sera l&rsquo;endroit o\u00f9 ce sera \u00ab\u00a0Moi\u00a0\u00bb. C&rsquo;\u00e9tait cette force qui \u00e9tait l\u00e0, pr\u00e9sente et qui me donnait le droit de vivre, le droit d&rsquo;\u00eatre Moi&#8230;<\/p>\n\n\n\n<p class=\"wp-block-paragraph\">Et finalement avec le changement de pr\u00e9nom, \u00e7a s&rsquo;est fait tout seul&#8230;<\/p>\n\n\n\n<p class=\"wp-block-paragraph\">Quand je suis arriv\u00e9e, il y avait d\u00e9j\u00e0 une coiffeuse qui avait le m\u00eame pr\u00e9nom que moi, et comme elle \u00e9tait l\u00e0 depuis un moment&#8230; <\/p>\n\n\n\n<p class=\"wp-block-paragraph\">Elle \u00e9tait absolument adorable, c&rsquo;est celle que j&rsquo;ai pr\u00e9f\u00e9r\u00e9e \u00e0 Bern.<br>Elle \u00e9tait dans le service, et \u00e9tait en quelque sorte mon miroir&#8230; <\/p>\n\n\n\n<p class=\"wp-block-paragraph\">C&rsquo;\u00e9tait une des seules l\u00e0-bas dedans qui \u00e9tait dans le juste et qui ne se laissait pas faire !<\/p>\n\n\n\n<p class=\"wp-block-paragraph\">D&rsquo;ailleurs, on est partie ensemble en vacances \u00e0 la Ciotat, \u00e7a veut tout dire, hein !?<\/p>\n\n\n\n<p class=\"wp-block-paragraph\">L\u00e0 aussi, j&rsquo;avais dit \u00e0 ma famille, je ne viens plus en vacances avec vous, je vais avec ma copine coiffeuse.<\/p>\n\n\n\n<p class=\"wp-block-paragraph\">Alors Michelangelo m&rsquo;a dit :<br>&#8211; Il ne peut pas y avoir deux coiffeuses qui ont le m\u00eame nom dans un salon de coiffure&#8230; On appelle laquelle ? Num\u00e9ro 1, num\u00e9ro 2&#8230;? <br>Vous \u00eates d&rsquo;accord de changer de nom&#8230; ?<\/p>\n\n\n\n<p class=\"wp-block-paragraph\">Tout de suite, je lui dis :<br>&#8211; Oh oui, tout \u00e0 fait, mais tr\u00e8s volontiers !<br>Je laisse mes peaux \u00e0 Fribourg, c&rsquo;est bon&#8230; Il fallait que je les quitte !<\/p>\n\n\n\n<p class=\"wp-block-paragraph\">Alors lui, il \u00e9tait parti sur Jo\u00eblle, il voulait absolument m&rsquo;appeler Jo\u00eblle&#8230; C&rsquo;\u00e9tait une id\u00e9e fixe&#8230; Je ne sais pas ce qu&rsquo;il avait vu avec Jo\u00eblle, mais c&rsquo;\u00e9tait Jo\u00eblle. Et puis moi, je lui dis :<br>&#8211; Ah ben non ! <br>Moi, Jo\u00eblle \u00e7a ne me va pas du tout ! Laissez moi r\u00e9fl\u00e9chir&#8230;<\/p>\n\n\n\n<p class=\"wp-block-paragraph\">Ma premi\u00e8re id\u00e9e, c&rsquo;\u00e9tait Marie&#8230; Parce que j&rsquo;aimais ce nom, mais avec Marie, j&rsquo;aurai eu de nouveau devant moi, l&rsquo;image de ne pas avoir le droit d&rsquo;\u00eatre parce que ma M\u00e8re disait d&rsquo;elle, la ben\u00eate, la toyette, euh&#8230; l&rsquo;idiote&#8230; la cingl\u00e9e, la folle, euhhh Voil\u00e0&#8230; La pauvre, elle avait le droit \u00e0 tout les noms, en parlant de ma marraine de bapt\u00eame, puisque c&rsquo;\u00e9tait la s\u0153ur de mon P\u00e8re&#8230;<\/p>\n\n\n\n<p class=\"wp-block-paragraph\">Alors je me suis dit : <br>&#8211; Mais qui pourrait bien convenir&#8230; et d&rsquo;un coup, j&rsquo;ai eu le flash !<\/p>\n\n\n\n<p class=\"wp-block-paragraph\">-Ah, et bien Isabelle&#8230;! Ma copine, la fille de la boulangerie&#8230; <br>Elle, elle peut tout avoir et ici, je veux tout avoir !<\/p>\n\n\n\n<ul class=\"wp-block-list\">\n<li>\u00c7a sera Isabelle&#8230;!<\/li>\n<\/ul>\n\n\n\n<p class=\"wp-block-paragraph\">C&rsquo;\u00e9tait dr\u00f4le parce que tout d&rsquo;un coup, il y avait eu ce flash, de tout ce que la petite fille que j&rsquo;avais \u00e9t\u00e9, avait eu envie&#8230; De ce qu&rsquo;elle avait r\u00eav\u00e9 devant les croissants, les petits pains, les machins&#8230; M\u00eame la p\u00eache qu&rsquo;elle mangeait&#8230; la banane, tout ce que j&rsquo;avais r\u00eav\u00e9 quand je les voyais sans cesse, tout ce qu&rsquo;on nous pr\u00e9sentait sous les yeux mais qu&rsquo;\u00e0 la maison, on n&rsquo;avait pas le droit&#8230;<\/p>\n\n\n\n<p class=\"wp-block-paragraph\">Tu voulais aller skier, et bien, elle te pr\u00eatait des skis&#8230; Tu voulais aller luger, tu prenais un bout de sa luge avec, parce que ma s\u0153ur et mon fr\u00e8re avait pris la luge&#8230; Tu n&rsquo;avais m\u00eame pas les chaussettes, ni le bonnet, ni les machins ou les gants&#8230; non, rien du tout ! <br>Comme le maillot de bain non plus, c&rsquo;\u00e9tait eux qui me pr\u00eatait tout&#8230;<\/p>\n\n\n\n<p class=\"wp-block-paragraph\">&#8211; Mais oui, viens ! <br>Et leur p\u00e8re, le boulanger me disait :<br>&#8211; Oh mais il y a un panier, qu&rsquo;elle prenne ce qui lui faut&#8230;<\/p>\n\n\n\n<p class=\"wp-block-paragraph\">Voil\u00e0 c&rsquo;\u00e9tait toujours comme \u00e7a&#8230; Donc l\u00e0-bas, c&rsquo;\u00e9tait Isabelle qui avait tout naturellement, naturellement elle avait tout.<\/p>\n\n\n\n<ul class=\"wp-block-list\">\n<li><strong>Na&#8230;tu&#8230;relle&#8230;ment<\/strong>&#8230; !<\/li>\n<\/ul>\n\n\n\n<p class=\"wp-block-paragraph\">Elle ne faisait rien, mais on lui avait tout donn\u00e9. <br>Alors naturellement&#8230; Je voulais aussi \u00e7a maintenant ! (Rire)<\/p>\n\n\n\n<p class=\"wp-block-paragraph\">Alors \u00e0 Michelangelo, je lui ai dit : <\/p>\n\n\n\n<ul class=\"wp-block-list\">\n<li>Alors \u00e7a sera Isabelle !<\/li>\n<\/ul>\n\n\n\n<p class=\"wp-block-paragraph\">Il m&rsquo;a dit : <br>&#8211; Isabelle ? Oui&#8230; \u00c7a me plait bien, oui, j&rsquo;aime bien&#8230;<br>Oui, c&rsquo;est vraiment bien. Je suis d&rsquo;accord, et c&rsquo;\u00e9tait parti.<\/p>\n\n\n\n<p class=\"wp-block-paragraph\">Alors on est arriv\u00e9 au laboratoire avec tout le monde, et il a dit :<br>&#8211; Voil\u00e0 je vous pr\u00e9sente <strong>Isabelle <\/strong>qui vient d&rsquo;arriver, et qui va travailler avec nous&#8230;<\/p>\n\n\n\n<p class=\"wp-block-paragraph\">Voil\u00e0 c&rsquo;\u00e9tait parti&#8230; Mais alors, Isabelle apr\u00e8s&#8230; Elle s&rsquo;est d\u00e9fendue parce que elle savait qu&rsquo;Isabelle, elle voulait&#8230;<\/p>\n\n\n\n<p class=\"wp-block-paragraph\">Elle ne resterait pas sur le carreau o\u00f9 on ne lui donnerait pas. <br>Maintenant elle avait le droit !<\/p>\n\n\n\n<p class=\"wp-block-paragraph\">C&rsquo;est quand m\u00eame assez dr\u00f4le, car tu te rends aussi compte que peu de temps apr\u00e8s \u00eatre arriv\u00e9e \u00e0 Bern, m\u00eame les croissants de la boulangerie que j&rsquo;avais tant r\u00eav\u00e9s enfant sont venus \u00e0 moi, sans rien demander&#8230;<\/p>\n\n\n\n<p class=\"wp-block-paragraph\">Les Franchons, ils m&rsquo;en apportait le matin, au salon de coiffure \u00e0 chaque fois que Madame Franchon venait se faire couper les cheveux&#8230; <\/p>\n\n\n\n<p class=\"wp-block-paragraph\">Un croissant de chez Gfeller&#8230; Un pure d\u00e9lice !<\/p>\n\n\n\n<p class=\"wp-block-paragraph\">De l\u00e0-haut, on m&rsquo;avait donn\u00e9 le droit&#8230; Une reconnaissance divine.<\/p>\n\n\n\n<p class=\"wp-block-paragraph\">Merci Gracias<\/p>\n","protected":false},"excerpt":{"rendered":"<p>&lt;Enregistr\u00e9 le 02 Septembre 2014&gt; A Fribourg je m&rsquo;\u00e9tais dit :&#8211; Ici je ne pourrais pas m&rsquo;\u00e9panouir, j&rsquo;ai tellement l&rsquo;habitude d&rsquo;\u00eatre dans la soumission&#8230; et d&rsquo;\u00eatre dans ce machin, que m\u00eame si j&rsquo;ai fini mon apprentissage, m\u00eame si elle veut me garder ici, elle aura toujours le contr\u00f4le et \u00e7a continuera pareil&#8230; C&rsquo;est fini ! [&hellip;]<\/p>\n","protected":false},"author":1,"featured_media":0,"parent":0,"menu_order":0,"comment_status":"open","ping_status":"closed","template":"pages-chapitre-06","meta":{"footnotes":""},"class_list":["post-1293","page","type-page","status-publish","hentry"],"jetpack_sharing_enabled":true,"_links":{"self":[{"href":"https:\/\/mercigracias.ch\/index.php?rest_route=\/wp\/v2\/pages\/1293","targetHints":{"allow":["GET"]}}],"collection":[{"href":"https:\/\/mercigracias.ch\/index.php?rest_route=\/wp\/v2\/pages"}],"about":[{"href":"https:\/\/mercigracias.ch\/index.php?rest_route=\/wp\/v2\/types\/page"}],"author":[{"embeddable":true,"href":"https:\/\/mercigracias.ch\/index.php?rest_route=\/wp\/v2\/users\/1"}],"replies":[{"embeddable":true,"href":"https:\/\/mercigracias.ch\/index.php?rest_route=%2Fwp%2Fv2%2Fcomments&post=1293"}],"version-history":[{"count":7,"href":"https:\/\/mercigracias.ch\/index.php?rest_route=\/wp\/v2\/pages\/1293\/revisions"}],"predecessor-version":[{"id":5718,"href":"https:\/\/mercigracias.ch\/index.php?rest_route=\/wp\/v2\/pages\/1293\/revisions\/5718"}],"wp:attachment":[{"href":"https:\/\/mercigracias.ch\/index.php?rest_route=%2Fwp%2Fv2%2Fmedia&parent=1293"}],"curies":[{"name":"wp","href":"https:\/\/api.w.org\/{rel}","templated":true}]}}