{"id":1423,"date":"2026-02-15T18:43:51","date_gmt":"2026-02-15T18:43:51","guid":{"rendered":"https:\/\/mercigracias.ch\/?page_id=1423"},"modified":"2026-07-13T06:28:56","modified_gmt":"2026-07-13T06:28:56","slug":"le-nez-de-catherine-deneuve","status":"publish","type":"page","link":"https:\/\/mercigracias.ch\/?page_id=1423","title":{"rendered":"Le nez de Catherine Deneuve"},"content":{"rendered":"\n<p class=\"wp-block-paragraph\">&lt;Enregistr\u00e9 le 14 Novembre 2021&gt;<\/p>\n\n\n\n<figure class=\"wp-block-audio\"><audio controls src=\"https:\/\/mercigracias.ch\/wp-content\/uploads\/2026\/02\/20211114-1041_LeNezDeCatherineDeneuve.m4a\"><\/audio><\/figure>\n\n\n\n<p class=\"wp-block-paragraph\">Les autres employ\u00e9s ne pouvaient pas faire comme moi, parce qu&rsquo;ils n&rsquo;avaient pas eu le m\u00eame v\u00e9cu&#8230; Ils n&rsquo;avaient pas eu d&rsquo;histoires, c&rsquo;\u00e9taient des enfants qui avaient v\u00e9cu diff\u00e9rentes choses, oui, mais ce n&rsquo;\u00e9tait pas pareil&#8230;<\/p>\n\n\n\n<p class=\"wp-block-paragraph\">&#8211; <em>C&rsquo;\u00e9tait un choc pour eux ?<\/em><br>C&rsquo;\u00e9tait un choc pour eux, ils \u00e9taient malmen\u00e9s&#8230; Ils \u00e9taient foutus dehors, et en fin de compte ils avaient \u00e9t\u00e9 chez le plus grand et ils avaient essay\u00e9 de tenir.<\/p>\n\n\n\n<p class=\"wp-block-paragraph\">&#8211; <em>Mais pour eux c&rsquo;\u00e9tait quand m\u00eame un plus d&rsquo;avoir \u00e9t\u00e9 chez lui, une carte ?<\/em> <br>&#8211; Ah, mais pour tous ceux qui avaient \u00e9t\u00e9 l\u00e0-bas c&rsquo;\u00e9tait la r\u00e9f\u00e9rence&#8230; C&rsquo;\u00e9tait la r\u00e9f\u00e9rence m\u00eame pour ma Patronne de Fribourg&#8230;<\/p>\n\n\n\n<p class=\"wp-block-paragraph\">Elle m&rsquo;avait dit : <br>&#8211; C&rsquo;est une grande r\u00e9f\u00e9rence mais vous ne tiendrez pas le coup avec votre sensibilit\u00e9&#8230;<\/p>\n\n\n\n<p class=\"wp-block-paragraph\">Et puis je me suis dit&#8230;: <br>&#8211; Et bien ma ch\u00e8re, j&rsquo;ai plus d&rsquo;un tour dans mon sac, si tu crois que&#8230;<\/p>\n\n\n\n<p class=\"wp-block-paragraph\">Les autres, ils ne partaient pas&#8230; ils se faisaient foutre dehors !<br>En g\u00e9n\u00e9ral, c&rsquo;\u00e9tait lui qui donnait l&rsquo;arriv\u00e9e, le grand Ma\u00eetre et c&rsquo;est lui qui donnait le d\u00e9part, en g\u00e9n\u00e9ral&#8230;<\/p>\n\n\n\n<p class=\"wp-block-paragraph\">C&rsquo;\u00e9tait toujours lui qui tenait les cartes en main, dans la sienne !<\/p>\n\n\n\n<p class=\"wp-block-paragraph\">&#8211; <em>Alors ils ne devaient jamais se sentir tr\u00e8s bien quand ils partaient&#8230;<\/em><br>&#8211; Ah non c&rsquo;\u00e9tait toujours des drames quand ils partaient. C&rsquo;\u00e9tait assez violent, mais moi j&rsquo;avais d\u00e9cid\u00e9 que non !<\/p>\n\n\n\n<p class=\"wp-block-paragraph\">&#8211; <em>Que tu ne passerais pas par l\u00e0&#8230;<\/em><br>&#8211; Que je ne passerais pas par l\u00e0, qu&rsquo;on ne d\u00e9ciderait pas si c&rsquo;\u00e9tait bon, si ce n&rsquo;\u00e9tait pas bon&#8230;<\/p>\n\n\n\n<p class=\"wp-block-paragraph\">&#8211; <em>Tu avais d\u00e9j\u00e0 chang\u00e9 de pr\u00e9nom tu n&rsquo;allais pas rechanger une troisi\u00e8me fois, finalement&#8230;<\/em><br>&#8211; J&rsquo;avais d\u00e9j\u00e0 fait le pas, puisque quand j&rsquo;ai fait les soir\u00e9es pour lui dire pourquoi vos yeux seraient meilleurs que nos yeux, quand j&rsquo;avais donn\u00e9 \u00e0 chacun une carte de Bern \u00e0 regarder et que chacun devait redire ce qu&rsquo;il avait vu&#8230; <br>J&rsquo;avais d\u00e9j\u00e0 d\u00e9cid\u00e9 que ses yeux, ils n&rsquo;\u00e9taient pas meilleurs que les miens&#8230;<\/p>\n\n\n\n<p class=\"wp-block-paragraph\">&#8211; <em>Tu n&rsquo;acceptais pas d&rsquo;\u00eatre dans une position plus bas que lui dans ta t\u00eate&#8230; Tu voulais une \u00e9galit\u00e9 de traitement entre lui et toi.<\/em><br>&#8211; Oui, parce que dans ma t\u00eate je savais que j&rsquo;aurai aussi mon salon de coiffure&#8230; et que je serai aussi quelqu&rsquo;un. Voil\u00e0 ! <br>Pourquoi lui et pas moi ?<\/p>\n\n\n\n<p class=\"wp-block-paragraph\">La hi\u00e9rarchie pour moi elle n&rsquo;\u00e9tait pas pr\u00e9sente. Je n&rsquo;avais pas tellement de respect vis \u00e0 vis de la hi\u00e9rarchie de pouvoir.<\/p>\n\n\n\n<p class=\"wp-block-paragraph\">&#8211; <em>Tu avais fait ton enfance, seule&#8230; libre !<\/em> <br>-Je ne savais pas de quel droit il se permettait de me donner des r\u00e8gles des jugements&#8230; Jusqu&rsquo;\u00e0 Fribourg, je leur avais donn\u00e9 l&rsquo;autorisation, mais en quittant Fribourg, en finissant mon apprentissage, pour moi, \u00e7a c&rsquo;\u00e9tait fini&#8230;<\/p>\n\n\n\n<p class=\"wp-block-paragraph\">&#8211; <em>Tant que tu \u00e9tais \u00e0 Fribourg, tu \u00e9tais dans l&rsquo;acceptation de la soumission parce que tu apprenais&#8230;<\/em> <br>&#8211; Dans la soumission, mais quand j&rsquo;ai fini mon apprentissage en quittant Fribourg et en partant sur Bern, que \u00e7a c&rsquo;\u00e9tait fini, que c&rsquo;\u00e9tait pr\u00eat.<\/p>\n\n\n\n<p class=\"wp-block-paragraph\">Quand je suis arriv\u00e9e chez lui j&rsquo;\u00e9tais en accord de me soumettre parce que j&rsquo;\u00e9tais arriv\u00e9e avec la carte Sassoon&#8230; et que j&rsquo;avais encore quelque chose \u00e0 apprendre, je voulais le style Carita car je trouvais que chez lui ce style \u00e9tait beaucoup plus l\u00e9ger, beaucoup plus f\u00e9minin&#8230; Il me ressemblait beaucoup plus dans la mani\u00e8re de coiffer.<br>Alors qu&rsquo;\u00e0 Fribourg elle ne m&rsquo;a jamais plu, je n&rsquo;ai jamais aim\u00e9 la coiffure de Fribourg&#8230; Fribourg, c&rsquo;\u00e9tait l&rsquo;exactitude, ce millim\u00e8tre, ce machin, c&rsquo;est toujours l&rsquo;oppos\u00e9 du Poisson&#8230; (Rire)<\/p>\n\n\n\n<p class=\"wp-block-paragraph\">J&rsquo;\u00e9tais entour\u00e9e de Vierges qui voulaient mettre le point sur le \u00ab\u00a0i\u00a0\u00bb, toujours le point sur le \u00ab\u00a0i\u00a0\u00bb&#8230; et moi, c&rsquo;\u00e9tait tout ce que je d\u00e9testais !<\/p>\n\n\n\n<p class=\"wp-block-paragraph\">Donc j&rsquo;\u00e9tais dans l&rsquo;acceptation pour apprendre&#8230; mais apr\u00e8s, je me suis dit&#8230; mais \u00e7a c&rsquo;est fini ! Ce n&rsquo;est pas \u00e7a, pour moi la coiffure.<\/p>\n\n\n\n<p class=\"wp-block-paragraph\">Oui, j&rsquo;aimais beaucoup sa coiffure, ses coups de ciseaux qui \u00e9taient nets, qui \u00e9taient francs, o\u00f9 on y va, o\u00f9 on met de la fraicheur, o\u00f9 on ne met plus des trucs compl\u00e8tement exact&#8230; o\u00f9 c&rsquo;est frais, o\u00f9 c&rsquo;est a\u00e9r\u00e9, il me ressemblait dans la coiffure&#8230; <br>Je me retrouvais \u00e0 la maison, dans la cr\u00e9ativit\u00e9, parce que pour moi la cr\u00e9ativit\u00e9, \u00e7a devenait de la perfection dans l&rsquo;id\u00e9e du d\u00e9sordre. <\/p>\n\n\n\n<p class=\"wp-block-paragraph\">Voil\u00e0, tu donnes une perfection mais tu donnes une sensation pour l&rsquo;ext\u00e9rieur, que c&rsquo;est du d\u00e9sordre, donc c&rsquo;est toujours tricher, parce que tu am\u00e9liores, tu fa\u00e7onnes le monde ext\u00e9rieur, mais tu ne montreras jamais ce que tu as pr\u00e9par\u00e9.<\/p>\n\n\n\n<p class=\"wp-block-paragraph\">Voil\u00e0, tu as fignol\u00e9 dedans&#8230; Tu as donn\u00e9 le petit geste qui a donn\u00e9 \u00e7a&#8230; Mais tu ne vas pas montrer que tu y as mis une perfection&#8230;<\/p>\n\n\n\n<p class=\"wp-block-paragraph\">Non, \u00e7a non ! <\/p>\n\n\n\n<p class=\"wp-block-paragraph\">Celle-l\u00e0, tu vas la cacher dessous&#8230; Tu vas la perfectionner mais derri\u00e8re \u00e7a, tu vas montrer ce brin de folie&#8230; Tu vas montrer la folie de la vie ! <\/p>\n\n\n\n<p class=\"wp-block-paragraph\">C&rsquo;est comme une fleur qui part dans tous les sens&#8230; Voil\u00e0 !<\/p>\n\n\n\n<p class=\"wp-block-paragraph\">J&rsquo;ai une autre vision de la coiffure, et je me sens \u00e0 la maison parce que justement il mettait ce point que j&rsquo;aime&#8230;<\/p>\n\n\n\n<p class=\"wp-block-paragraph\">Il met ce point que j&rsquo;aime sur les femmes qui ont 50 ans, qu&rsquo;ont 60 ans, 70 ans sur toutes les femmes alors que finalement \u00e7a n&rsquo;existait pas&#8230;<\/p>\n\n\n\n<p class=\"wp-block-paragraph\">Tu vois sur les gens qui \u00e9taient sur l&rsquo;\u00e2ge, on \u00e9tait du c\u00f4t\u00e9 strict l\u00e0, plaqu\u00e9 et tout&#8230; Alors tu le mets, et lui le met aussi, il arrive \u00e0 le mettre quand la personne est trop marqu\u00e9e par la vie et qu&rsquo;il faut quelque chose qui corrige, mais avant \u00e7a, il fait ressortir ce c\u00f4t\u00e9&#8230;<\/p>\n\n\n\n<ul class=\"wp-block-list\">\n<li>Je vois ce qu&rsquo;il faut faire ressortir, quoi&#8230;<\/li>\n<\/ul>\n\n\n\n<p class=\"wp-block-paragraph\">Je sens, c&rsquo;est comme dans une peinture&#8230; Tu vois chez Paul Klee, il donne le coup de crayon, tu peux imaginer&#8230; mais apr\u00e8s \u00e7a il donne le c\u00f4t\u00e9 o\u00f9 tu peux laisser o\u00f9 tu peux r\u00eaver&#8230; O\u00f9 le tableau, il restera toujours le tableau, \u00e7a sera toujours un tableau o\u00f9 tu pourras r\u00eaver tous les jours, ce n&rsquo;est pas le tableau fig\u00e9 que tu vas regarder et tu vas dire, je fatigue devant ce tableau, il y en a marre&#8230; ce n&rsquo;est pas possible !<\/p>\n\n\n\n<p class=\"wp-block-paragraph\">Donc sur la personne, sur le visage tu lui fais ressortir ses traits qui ressortent d&rsquo;elle-m\u00eame&#8230; o\u00f9 \u00e7a va bouger, o\u00f9 \u00e7a va vivre avec elle o\u00f9 \u00e7a va changer avec ses humeurs, mais tu ne la figes pas !<\/p>\n\n\n\n<p class=\"wp-block-paragraph\">Tu ne la plaques pas dans quelque chose qui va rester immobile sans vie !<\/p>\n\n\n\n<p class=\"wp-block-paragraph\">Donc je ressens tout ce c\u00f4t\u00e9, tout ce m\u00e9lange, ce contraste&#8230; et oui je suis arriv\u00e9e \u00e0 la maison ! <\/p>\n\n\n\n<p class=\"wp-block-paragraph\">Je l&rsquo;aime bien mais il n&rsquo;aura pas d&#8217;emprise sur moi, parce que moi aussi j&rsquo;ai cette folie en moi, c&rsquo;est ce que je lui dis, d&rsquo;ailleurs quand il me dit :<br>&#8211; Contrat ? euh&#8230; tout le monde a sign\u00e9 un contrat !<\/p>\n\n\n\n<p class=\"wp-block-paragraph\">Et bien moi, je ne signe pas de contrat !<br>Mais pourquoi vous voulez&#8230;? vous m&rsquo;avez dit :<br>&#8211; Vous avez fait un mois d&rsquo;essai&#8230;<\/p>\n\n\n\n<p class=\"wp-block-paragraph\">&#8211; Pourquoi vous voulez qu&rsquo;avec vous je ne signe pas de contrat alors que j&rsquo;ai sign\u00e9 un contrat avec tout le monde ? Hein&#8230;? qu&rsquo;il me dit&#8230; Et tout le monde est content de venir chez Moi, je ne suis pas rien&#8230;<\/p>\n\n\n\n<p class=\"wp-block-paragraph\">Et bien Moi, je suis Isabelle et j&rsquo;ai fini mon apprentissage j&rsquo;ai fini mon truc&#8230; et Moi je suis Moi, et Moi je ne veux pas de laisse au cou&#8230; et Je lui dis : <br>&#8211; Mais expliquez moi pourquoi un contrat ?<br>&#8211; Mais parce que \u00e7a se fait toujours comme \u00e7a ! <br>\u00c7a se fait comme \u00e7a &#8230;<\/p>\n\n\n\n<p class=\"wp-block-paragraph\">Et je vois toujours son air derri\u00e8re son bureau, quand il me dit :<br>&#8211; C&rsquo;est comme \u00e7a, on rentre quelque part on doit savoir&#8230; <br>On a une client\u00e8le vous ne pouvez pas partir comme \u00e7a du jour au lendemain&#8230;<\/p>\n\n\n\n<p class=\"wp-block-paragraph\">&#8211; Je vous donne ma parole que si je pars&#8230; je ne partirai pas du jour au lendemain&#8230; Je vous donnerai un mois de cong\u00e9 comme tous les autres, si c&rsquo;est trois mois de cong\u00e9s, je vous donnerai trois mois de cong\u00e9s, Je vous donne ma parole&#8230;<\/p>\n\n\n\n<p class=\"wp-block-paragraph\">Il me dit :<br>&#8211; Mais pourquoi je croirais en votre parole ? <br>&#8211; Et moi, pourquoi je croirais la v\u00f4tre ?<br>Si vous me traitez bien, je vous promets que je traiterai votre temps. Je vous promets. Si vous ne me traitez pas correctement, et bien ma foi&#8230; je m&rsquo;en irai, parce que je ne suis pas un chien, je n&rsquo;ai pas besoin d&rsquo;avoir une laisse au cou et je ne la veux pas&#8230;<\/p>\n\n\n\n<p class=\"wp-block-paragraph\">J&rsquo;ai fini mon apprentissage, je suis adulte, maintenant c&rsquo;est bon&#8230;<br>Il n&rsquo;y a plus personne qui&#8230; et tu vois, j&rsquo;ai 19 ans ! (Rire)<\/p>\n\n\n\n<p class=\"wp-block-paragraph\">Et apr\u00e8s, il repart quelque fois, et il voulait rediscuter de son contrat&#8230; Oui, oui&#8230; Cause toujours&#8230;tu m&rsquo;int\u00e9resses. (Rire)<\/p>\n\n\n\n<p class=\"wp-block-paragraph\">&#8211; Isabelle, faut qu&rsquo;on discute !&#8230;Faut qu&rsquo;on discute&#8230;<\/p>\n\n\n\n<p class=\"wp-block-paragraph\">J&rsquo;adorais son accent quand il disait Isabelle, Isabelle&#8230; faut qu&rsquo;on discute&#8230; ouais ouais&#8230; Cause toujours&#8230;tu m&rsquo;int\u00e9resses. (Rire)<\/p>\n\n\n\n<p class=\"wp-block-paragraph\">Et quand il me dit :<br>&#8211; Oui mais l\u00e0 vous m&rsquo;avez quand m\u00eame menti, vous \u00eates arriv\u00e9e en vous pr\u00e9sentant, vous m&rsquo;aviez bien dit que vous parliez le suisse allemand, mais l\u00e0 vous ne le parlez pas&#8230;<\/p>\n\n\n\n<p class=\"wp-block-paragraph\">&#8211; Mais, est ce que j&rsquo;aurais fait mon mois d&rsquo;essai si je vous avais dit que je ne le parlais pas ? <br>Vous ne m&rsquo;avez pas dit que c&rsquo;\u00e9tait la m\u00eame chose ?<br>Et bien non, ma parole contre votre parole&#8230; c&rsquo;est pareil.<br>Mais si vous ne voulez pas, il n&rsquo;y a pas de souci&#8230; je pars !<\/p>\n\n\n\n<p class=\"wp-block-paragraph\">Pas de souci, je m&rsquo;en vais tout de suite, sur le champ.<\/p>\n\n\n\n<p class=\"wp-block-paragraph\">Ah non, apr\u00e8s \u00e7a, il me pr\u00e9sente pour tout le monde comme sa parisienne parce que pour lui, j&rsquo;\u00e9tais sa parisienne&#8230;<\/p>\n\n\n\n<p class=\"wp-block-paragraph\">J&rsquo;\u00e9tais Catherine Deneuve&#8230;<br>J&rsquo;avais le m\u00eame nez que Catherine Deneuve, c&rsquo;\u00e9tait vraiment&#8230; fshiiittt(Elle sifle)<\/p>\n\n\n\n<p class=\"wp-block-paragraph\">Je ne sais pas&#8230; il avait mis quelque chose sur moi&#8230; Voil\u00e0.<br>Oui, il m&rsquo;avait dit : <br>&#8211; Vous avez le m\u00eame beau nez que Catherine Deneuve, il avait coiff\u00e9e Catherine Deneuve chez Carita \u00e0 Paris&#8230; Mais parfait qu&rsquo;il me disait&#8230; vous avez un profil, il est super beau !<\/p>\n\n\n\n<p class=\"wp-block-paragraph\">&#8211; Oui, bon ben merci !<\/p>\n\n\n\n<p class=\"wp-block-paragraph\">Mais \u00e7a ne vous emp\u00eachera pas, ben Catherine Deneuve, elle ne signe pas le contrat ! (Rire)<\/p>\n\n\n\n<p class=\"wp-block-paragraph\">Merci Gracias<\/p>\n","protected":false},"excerpt":{"rendered":"<p>&lt;Enregistr\u00e9 le 14 Novembre 2021&gt; Les autres employ\u00e9s ne pouvaient pas faire comme moi, parce qu&rsquo;ils n&rsquo;avaient pas eu le m\u00eame v\u00e9cu&#8230; Ils n&rsquo;avaient pas eu d&rsquo;histoires, c&rsquo;\u00e9taient des enfants qui avaient v\u00e9cu diff\u00e9rentes choses, oui, mais ce n&rsquo;\u00e9tait pas pareil&#8230; &#8211; C&rsquo;\u00e9tait un choc pour eux ?C&rsquo;\u00e9tait un choc pour eux, ils \u00e9taient malmen\u00e9s&#8230; [&hellip;]<\/p>\n","protected":false},"author":1,"featured_media":0,"parent":0,"menu_order":0,"comment_status":"open","ping_status":"closed","template":"pages-chapitre-06","meta":{"footnotes":""},"class_list":["post-1423","page","type-page","status-publish","hentry"],"jetpack_sharing_enabled":true,"_links":{"self":[{"href":"https:\/\/mercigracias.ch\/index.php?rest_route=\/wp\/v2\/pages\/1423","targetHints":{"allow":["GET"]}}],"collection":[{"href":"https:\/\/mercigracias.ch\/index.php?rest_route=\/wp\/v2\/pages"}],"about":[{"href":"https:\/\/mercigracias.ch\/index.php?rest_route=\/wp\/v2\/types\/page"}],"author":[{"embeddable":true,"href":"https:\/\/mercigracias.ch\/index.php?rest_route=\/wp\/v2\/users\/1"}],"replies":[{"embeddable":true,"href":"https:\/\/mercigracias.ch\/index.php?rest_route=%2Fwp%2Fv2%2Fcomments&post=1423"}],"version-history":[{"count":12,"href":"https:\/\/mercigracias.ch\/index.php?rest_route=\/wp\/v2\/pages\/1423\/revisions"}],"predecessor-version":[{"id":5710,"href":"https:\/\/mercigracias.ch\/index.php?rest_route=\/wp\/v2\/pages\/1423\/revisions\/5710"}],"wp:attachment":[{"href":"https:\/\/mercigracias.ch\/index.php?rest_route=%2Fwp%2Fv2%2Fmedia&parent=1423"}],"curies":[{"name":"wp","href":"https:\/\/api.w.org\/{rel}","templated":true}]}}