{"id":1620,"date":"2026-02-19T21:28:06","date_gmt":"2026-02-19T21:28:06","guid":{"rendered":"https:\/\/mercigracias.ch\/?page_id=1620"},"modified":"2026-06-23T09:38:10","modified_gmt":"2026-06-23T09:38:10","slug":"toujours-plus-haut","status":"publish","type":"page","link":"https:\/\/mercigracias.ch\/?page_id=1620","title":{"rendered":"Toujours plus haut !"},"content":{"rendered":"\n<p class=\"wp-block-paragraph\">&lt;Enregistr\u00e9 le 01 Septembre 2014&gt;<\/p>\n\n\n\n<p class=\"wp-block-paragraph\">&#8211; <em>C&rsquo;est vrai que quand des artistes travaillent ensemble, c&rsquo;est quelque chose ! <br>Parce qu&rsquo;un artiste quand il est seul, il fait son truc ,mais finalement il \u00e9volue peu&#8230; Il ne progresse pas ! <\/em><br><em>Mais quand les artistes travaillent ensemble il y a des miroirs qui se cr\u00e9ent&#8230;<\/em><\/p>\n\n\n\n<p class=\"wp-block-paragraph\">&#8211; Je n&rsquo;ai jamais compris pourquoi chez lui, il avait toujours eu des gens&#8230; Il \u00e9tait une telle r\u00e9f\u00e9rence que c&rsquo;\u00e9tait une idole, comme Claude Fran\u00e7ois&#8230; Je voudrais passer l\u00e0, j&rsquo;aurai un papier, puis j&rsquo;irai au bout du monde, et je te montrerai&#8230;<\/p>\n\n\n\n<p class=\"wp-block-paragraph\">Alors que moi c&rsquo;\u00e9tait : <br>&#8211; Va te faire voir&#8230;!<br>J&rsquo;\u00e9tais pass\u00e9e \u00e0 Fribourg, j&rsquo;y avais fait mon apprentissage avec la Patronne, le tyran&#8230; Et \u00e0 Bern, Il y avait un truc o\u00f9 \u00e7a ne voulait rien dire&#8230; M\u00eame chez la Patronne de Fribourg, \u00e7a ne voulait rien dire puisque je ne voulais pas y aller&#8230;<\/p>\n\n\n\n<p class=\"wp-block-paragraph\">C&rsquo;est le conseiller d&rsquo;orientation qui m&rsquo;avait dit : <br>&#8211; Non mais, si elle veut vous avoir&#8230; Alors non, je ne peux pas vous laisser ne pas y aller&#8230; !<br>Mais tout le monde veut aller chez Elle&#8230; Il y a en \u00e0 X qui font des stages et qu&rsquo;elle ne veut pas&#8230;!<\/p>\n\n\n\n<p class=\"wp-block-paragraph\">&#8211; <em>Est ce que tu les connaissais, La Patronne de Fribourg, et Michelangelo ?<\/em><br>&#8211; Mais non, pas du tout ! Pas du tout&#8230;<\/p>\n\n\n\n<p class=\"wp-block-paragraph\">&#8211; <em>Ah&#8230; Tu ne les connaissais pas&#8230;<\/em>?<br>&#8211; Quand j&rsquo;ai commenc\u00e9 dans la coiffure, on m&rsquo;a dit que la Patronne de Fribourg, c&rsquo;\u00e9tait le sommet&#8230; Voil\u00e0, c&rsquo;\u00e9tait l&rsquo;\u00e9tiquette !<\/p>\n\n\n\n<p class=\"wp-block-paragraph\">&#8211; <em>Ah non ?.Tu ne voulais pas aller faire ton apprentissage chez Elle ?<\/em><br>&#8211; A l&rsquo;orientation, quand j&rsquo;ai parl\u00e9 de la coiffure, on m&rsquo;avait dit qu&rsquo;\u00e0 Fribourg, c&rsquo;\u00e9tait le sommet&#8230; Mais moi je ne voulais pas y aller parce que, quand j&rsquo;\u00e9tais all\u00e9e faire mon stage l\u00e0-bas, j&rsquo;avais trouv\u00e9 qu&rsquo;ils \u00e9taient excentriques, extravagants et qu&rsquo;ils se prenaient le chignon, la t\u00eate pour des riens du tout&#8230; et que c&rsquo;\u00e9tait stupide !<\/p>\n\n\n\n<p class=\"wp-block-paragraph\">Tu sais bien, pour moi, les gens qui se prennent la t\u00eate&#8230; Ah non, \u00e7a ne m&rsquo;allait pas&#8230;!<\/p>\n\n\n\n<p class=\"wp-block-paragraph\">&#8211; <em>Oh&#8230; C&rsquo;\u00e9tait ta recherche alors qui \u00e9tait diff\u00e9rente&#8230;<\/em><br>&#8211; Oui, c&rsquo;\u00e9tait ma recherche qui \u00e9tait diff\u00e9rente.<\/p>\n\n\n\n<p class=\"wp-block-paragraph\">&#8211; <em>Alors on t&rsquo;a convaincue qu&rsquo;il fallait y aller quand m\u00eame..<\/em>.?<br>&#8211; Non&#8230; parce que quand je suis sortie de l\u00e0-bas, apr\u00e8s mon stage, La Patronne m&rsquo;a dit :<br>&#8211; Je vous paye vos deux semaines \u00e0 No\u00ebl, mais vous venez&#8230; je vous attend pour No\u00ebl&#8230;<\/p>\n\n\n\n<p class=\"wp-block-paragraph\">Et je dis \u00e7a au conseiller d&rsquo;orientation, quand il me demande comment c&rsquo;\u00e9tait all\u00e9&#8230; <br>&#8211; Ouais&#8230; ouais&#8230; Bon, elle veut me prendre pour No\u00ebl, mais moi je veux pas y aller, que je lui dis&#8230; Ils se prennent tous la t\u00eate l\u00e0-bas&#8230;<\/p>\n\n\n\n<p class=\"wp-block-paragraph\">Et c&rsquo;est l\u00e0, qu&rsquo;il me dit : <br>&#8211; Oh ben, dis donc&#8230; Bien s\u00fbr que vous allez y aller !<br>&#8211; Mais \u00e7a me rapportera moins que si je fais deux semaines \u00e0 la fabrique de g\u00e2teaux&#8230; (Rire)<\/p>\n\n\n\n<p class=\"wp-block-paragraph\">&#8211; Ah ben non ! Si vous avez la chance qu&rsquo;elle vous choisisse, je vous promets, c&rsquo;est une sacr\u00e9 faveur&#8230;!<br>&#8211; Ah bon&#8230; !?<\/p>\n\n\n\n<p class=\"wp-block-paragraph\">&#8211; Oui ! Mais, je ne peux pas vous laisser louper cette chance !<\/p>\n\n\n\n<p class=\"wp-block-paragraph\">Alors il a contact\u00e9 Maman&#8230; et il l&rsquo;a convaincue !<br>&#8211; Non mais \u00e9coutez Madame&#8230; Votre fille a \u00e9t\u00e9 choisie, elle a \u00e9t\u00e9 s\u00e9lectionn\u00e9e&#8230; Non mais, c&rsquo;est quelque chose d&rsquo;\u00e9norme l\u00e0-bas&#8230;!<\/p>\n\n\n\n<p class=\"wp-block-paragraph\">Bon ben voil\u00e0&#8230; !<br>Une fois que j&rsquo;avais d\u00e9pass\u00e9 ce qui \u00e9tait \u00ab\u00a0\u00e9norme\u00a0\u00bb l\u00e0-bas&#8230; que j&rsquo;y \u00e9tais all\u00e9e faire mon apprentissage, alors quand cette Patronne a parl\u00e9 qu&rsquo;il y avait un autre \u00ab\u00a0\u00e9norme\u00a0\u00bb \u00e0 Bern&#8230; en disant :<br>&#8211; Ah celui-l\u00e0&#8230;! C&rsquo;est beaucoup plus haut que Moi !<\/p>\n\n\n\n<p class=\"wp-block-paragraph\">Elle avait pr\u00e9sent\u00e9 Michelangelo, en disant que c&rsquo;est un grand Ma\u00eetre&#8230; <br>&#8211; \u00c7a, c&rsquo;est un Ma\u00eetre ! &#8230;mais c&rsquo;est un fou furieux aussi&#8230; <br>&#8211; Ah ? &#8230;Alors si c&rsquo;est un grand Ma\u00eetre, si c&rsquo;est encore plus haut, alors je veux y aller&#8230; !<\/p>\n\n\n\n<p class=\"wp-block-paragraph\">&#8211; <em>Mais qu&rsquo;est ce qui t&rsquo;a attir\u00e9e alors&#8230;? C&rsquo;\u00e9tait le d\u00e9fi ou la curiosit\u00e9 ?<\/em><br>&#8211; C&rsquo;\u00e9tait le d\u00e9fi&#8230;!<\/p>\n\n\n\n<p class=\"wp-block-paragraph\">Je me suis dit :<br>&#8211; Si je r\u00e9ussi \u00e0 d\u00e9passer des vampires comme la Patronne de Fribourg, des gens qui sont autant excentriques, avec leurs prises de t\u00eate, avec leurs prises de chou, avec tout des machins et les choses qui s&rsquo;ensuivent&#8230; Alors si celui-l\u00e0, il en encore plus que \u00e7a&#8230;! Aahhhhh, mais mon Dieu&#8230; Comment est ce qu&rsquo;il fait celui-l\u00e0 ?<\/p>\n\n\n\n<p class=\"wp-block-paragraph\">&#8211; <em>\u00c7a venait du fait que tu avais peu suivi d&rsquo;\u00e9cole avant et que tu avais une basse estime de toi ?  Il fallait que tu y ailles pour apprendre&#8230;?<\/em> <br>&#8211; Ouais, je voulais apprendre le maximum&#8230;! <\/p>\n\n\n\n<p class=\"wp-block-paragraph\">&#8211; <em>Avec cette volont\u00e9<\/em>&#8230;<br>&#8211; Et j&rsquo;\u00e9tais contente&#8230; car ce n&rsquo;\u00e9tait d\u00e9j\u00e0 pas une femme, c&rsquo;\u00e9tait un homme et que j&rsquo;apprendrai plus volontiers avec un homme.<\/p>\n\n\n\n<p class=\"wp-block-paragraph\">Et je trouvais que si j&rsquo;avais l&rsquo;opportunit\u00e9 d&rsquo;apprendre plus, il fallait y aller !<\/p>\n\n\n\n<p class=\"wp-block-paragraph\">&#8211;<em>Tu savais que tu avais loup\u00e9 beaucoup d&rsquo;ann\u00e9es scolaires, tu avais une soif d&rsquo;apprendre&#8230;<\/em> <br>&#8211; Oui et que si je faisais la coiffure, qu&rsquo;il fallait surtout aller au sommet, autrement \u00e7a ne servait \u00e0 rien&#8230;!<\/p>\n\n\n\n<p class=\"wp-block-paragraph\">Et l\u00e0-bas \u00e0 Bern, j&rsquo;ai acquis la pleine conscience de la qualit\u00e9 dans la coiffure&#8230;<\/p>\n\n\n\n<ul class=\"wp-block-list\">\n<li>La qualit\u00e9 !<\/li>\n<\/ul>\n\n\n\n<p class=\"wp-block-paragraph\">Apprendre, \u00e9voluer&#8230; Avancer, et ne jamais revenir en arri\u00e8re !<\/p>\n\n\n\n<p class=\"wp-block-paragraph\"><em>(Finalement c&rsquo;\u00e9tait son mantra&#8230;)<\/em><\/p>\n","protected":false},"excerpt":{"rendered":"<p>&lt;Enregistr\u00e9 le 01 Septembre 2014&gt; &#8211; C&rsquo;est vrai que quand des artistes travaillent ensemble, c&rsquo;est quelque chose ! Parce qu&rsquo;un artiste quand il est seul, il fait son truc ,mais finalement il \u00e9volue peu&#8230; Il ne progresse pas ! Mais quand les artistes travaillent ensemble il y a des miroirs qui se cr\u00e9ent&#8230; &#8211; Je [&hellip;]<\/p>\n","protected":false},"author":1,"featured_media":0,"parent":0,"menu_order":0,"comment_status":"open","ping_status":"closed","template":"pages-chapitre-06","meta":{"footnotes":""},"class_list":["post-1620","page","type-page","status-publish","hentry"],"jetpack_sharing_enabled":true,"_links":{"self":[{"href":"https:\/\/mercigracias.ch\/index.php?rest_route=\/wp\/v2\/pages\/1620","targetHints":{"allow":["GET"]}}],"collection":[{"href":"https:\/\/mercigracias.ch\/index.php?rest_route=\/wp\/v2\/pages"}],"about":[{"href":"https:\/\/mercigracias.ch\/index.php?rest_route=\/wp\/v2\/types\/page"}],"author":[{"embeddable":true,"href":"https:\/\/mercigracias.ch\/index.php?rest_route=\/wp\/v2\/users\/1"}],"replies":[{"embeddable":true,"href":"https:\/\/mercigracias.ch\/index.php?rest_route=%2Fwp%2Fv2%2Fcomments&post=1620"}],"version-history":[{"count":8,"href":"https:\/\/mercigracias.ch\/index.php?rest_route=\/wp\/v2\/pages\/1620\/revisions"}],"predecessor-version":[{"id":4847,"href":"https:\/\/mercigracias.ch\/index.php?rest_route=\/wp\/v2\/pages\/1620\/revisions\/4847"}],"wp:attachment":[{"href":"https:\/\/mercigracias.ch\/index.php?rest_route=%2Fwp%2Fv2%2Fmedia&parent=1620"}],"curies":[{"name":"wp","href":"https:\/\/api.w.org\/{rel}","templated":true}]}}