{"id":1717,"date":"2026-02-23T23:51:32","date_gmt":"2026-02-23T23:51:32","guid":{"rendered":"https:\/\/mercigracias.ch\/?page_id=1717"},"modified":"2026-06-26T07:44:04","modified_gmt":"2026-06-26T07:44:04","slug":"noel-1980","status":"publish","type":"page","link":"https:\/\/mercigracias.ch\/?page_id=1717","title":{"rendered":"No\u00ebl magique !"},"content":{"rendered":"\n<p class=\"wp-block-paragraph\">&lt;Enregistr\u00e9 le 24 Novembre 2021&gt;<\/p>\n\n\n\n<p class=\"wp-block-paragraph\">La premi\u00e8re fois quand mon bon ami est mont\u00e9 \u00e0 Gstaad, et comme on finissait tard au salon de coiffure le 24 d\u00e9cembre, je n&rsquo;avais pas pu rentrer voir Maman&#8230; Donc on avait fini \u00e0 7 heures&#8230; et mon bon ami n&rsquo;arrivait pas&#8230;<\/p>\n\n\n\n<p class=\"wp-block-paragraph\">&#8211; Ne t&rsquo;inqui\u00e8tes pas, qu&rsquo;il m&rsquo;avait dit&#8230; Je serai l\u00e0 avec toi \u00e0 No\u00ebl !<\/p>\n\n\n\n<p class=\"wp-block-paragraph\">Tu parles, je l&rsquo;attendais&#8230; et apr\u00e8s 11 heures du soir&#8230; Je me retrouvais comme au bistrot de mon enfance, quand \u00e7a ne se fermait pas et que le No\u00ebl ne commen\u00e7ait pas.<\/p>\n\n\n\n<p class=\"wp-block-paragraph\">Bon, alors tu vas passer ton No\u00ebl, toute seule&#8230;?<\/p>\n\n\n\n<p class=\"wp-block-paragraph\">Il est arriv\u00e9 apr\u00e8s 11 heures du soir&#8230; plus de 11 heures !<\/p>\n\n\n\n<p class=\"wp-block-paragraph\">Parce que sa famille avait commenc\u00e9 \u00e0 faire No\u00ebl \u00e0 5 heures, qu&rsquo;ils avaient soup\u00e9 et que tout avait \u00e9t\u00e9 organis\u00e9 alors pour lui tout \u00e9tait fait&#8230; Il n&rsquo;en avait strictement rien \u00e0 faire, hein ?<\/p>\n\n\n\n<p class=\"wp-block-paragraph\">Et puis comme de toute fa\u00e7on, il se faisait chier avec eux&#8230; <br>Alors \u00e0 9 heures il \u00e9tait parti de chez ses parents et il est arriv\u00e9 \u00e0 Gstaad pass\u00e9 11 heures&#8230;<\/p>\n\n\n\n<p class=\"wp-block-paragraph\">Voil\u00e0, j&rsquo;ai bien mang\u00e9, pour lui c&rsquo;\u00e9tait fait&#8230; Ouais \u00e7a ne l&rsquo;int\u00e9ressait pas plus que \u00e7a&#8230; Ouais, il n&rsquo;en avait strictement rien \u00e0 faire, hein&#8230;<br>Rien \u00e0 foutre&#8230;<\/p>\n\n\n\n<p class=\"wp-block-paragraph\">Et l\u00e0, quand je l&rsquo;ai vu arriver, je pleurais&#8230; Je lui dis :<br>&#8211; Bon, ben \u00e9coute&#8230; Maintenant ce n&rsquo;est plus la peine de venir de toute fa\u00e7on&#8230; moi, je vais \u00e0 la messe de minuit.<\/p>\n\n\n\n<p class=\"wp-block-paragraph\">Je savais que lui n&rsquo;\u00e9tait pas croyant, mais moi, je vais \u00e0 la messe de minuit pour No\u00ebl ! <br>Alors, tu oublies&#8230;<\/p>\n\n\n\n<p class=\"wp-block-paragraph\">Mais une chose m&rsquo;avait tellement touch\u00e9e, que sa m\u00e8re, lui ait donn\u00e9 une barquette \u00e0 manger pour moi&#8230; Il avait commenc\u00e9 son No\u00ebl chez ses parents, avait soup\u00e9 en premier avant de venir&#8230; <br>Il avait mang\u00e9 \u00e0 No\u00ebl dans sa famille, mais il avait apport\u00e9 pour moi, un morceau de dinde&#8230; avec des marrons !<\/p>\n\n\n\n<p class=\"wp-block-paragraph\">Ooh&#8230; je ne sais pas, \u00e7a m&rsquo;avait vraiment fait quelque chose, ce qu&rsquo;elle avait mis dans un petite barquette&#8230;<\/p>\n\n\n\n<p class=\"wp-block-paragraph\">\u00c7a m&rsquo;avait vraiment touch\u00e9e qu&rsquo;elle pense \u00e0 moi et qu&rsquo;elle me donne un petit morceau de dinde avec des marrons&#8230; Je n&rsquo;avais jamais mang\u00e9 \u00e7a, de la dinde aux marrons, avec quelques petites rollinettes \u00e0 c\u00f4t\u00e9&#8230;<\/p>\n\n\n\n<p class=\"wp-block-paragraph\">&#8230;<em>Les marrons l&rsquo;avaient touch\u00e9e, \u00e7a lui rappelait tellement les marrons de son enfance&#8230;<\/em><\/p>\n\n\n\n<p class=\"wp-block-paragraph\">Je me souviens, elle m&rsquo;avait donn\u00e9 des&#8230; ah, je ne les ai pas retrouv\u00e9s cette ann\u00e9e&#8230; Je ne sais pas o\u00f9 elles sont !?<\/p>\n\n\n\n<p class=\"wp-block-paragraph\">C&rsquo;est la premi\u00e8re ann\u00e9e que je ne les retrouve pas dans mon armoire&#8230; des gants en mouton retourn\u00e9 !<br>Je les ai eu&#8230; l&rsquo;an pass\u00e9 je crois qu&rsquo;elles \u00e9taient encore dans mon tiroir, je ne les ai pas vus. Je les ai eu tout le temps&#8230; Tout le temps, je les ai port\u00e9s ! Elles \u00e9taient chaudes&#8230; <br>\u00c7a m&rsquo;avait profond\u00e9ment touch\u00e9e, qu&rsquo;on pense \u00e0 moi !<\/p>\n\n\n\n<p class=\"wp-block-paragraph\">Mais qu&rsquo;il soit arriv\u00e9 apr\u00e8s 11 heures, le soir de No\u00ebl&#8230;<br>J&rsquo;\u00e9tais contente, hein !<\/p>\n\n\n\n<p class=\"wp-block-paragraph\">Et puis qu&rsquo;il me dise&#8230;:<br>&#8211; Ah bon, on peut commencer No\u00ebl&#8230; ?<br>&#8211; Bon ben, moi je me pr\u00e9pare, je vais \u00e0 la messe&#8230;<\/p>\n\n\n\n<p class=\"wp-block-paragraph\">Alors l\u00e0, pour lui ce n&rsquo;\u00e9tait pas possible&#8230;<br>&#8211; Ah bon ? \u00c7a veut dire quoi \u00e7a&#8230; ?<br>&#8211; Je vais \u00e0 la messe. Parce que pour moi No\u00ebl, c&rsquo;est la messe&#8230;<\/p>\n\n\n\n<p class=\"wp-block-paragraph\">Il me dit :<br>&#8211; Non mais tu ne vas pas aller \u00e0 la messe maintenant&#8230;!?<br>&#8211; Ben si&#8230;!<\/p>\n\n\n\n<p class=\"wp-block-paragraph\">Mais apr\u00e8s, \u00e7a avait \u00e9t\u00e9 un No\u00ebl magnifique, on avait \u00e9t\u00e9 \u00e0 l&rsquo;\u00e9glise ensemble, on avait \u00e9t\u00e9 visit\u00e9 l&rsquo;\u00e9glise de Gstaad&#8230; C&rsquo;\u00e9tait tout blanc de neige, on arrivait dans la neige&#8230; Ooh&#8230; Il y avait beaucoup de neige&#8230; <br>Je ne me souviens plus, ils nous ont donn\u00e9 une petite bougie chacun et on tenait tous une bougie dans l&rsquo;\u00e9glise&#8230;<\/p>\n\n\n\n<p class=\"wp-block-paragraph\">Alors pendant la messe, il a \u00e9t\u00e9 tr\u00e8s touch\u00e9 parce que c&rsquo;\u00e9tait tr\u00e8s chaleureux&#8230; A Gstaad, c&rsquo;\u00e9tait la plus belle messe que j&rsquo;ai vue, que je n&rsquo;ai jamais v\u00e9cue&#8230; C&rsquo;\u00e9tait quelque chose !<\/p>\n\n\n\n<p class=\"wp-block-paragraph\">Je n&rsquo;en sais rien de ce qu&rsquo;ils disaient, puisque tout \u00e9tait en allemand. Moi qui d\u00e9testais quand j&rsquo;allais \u00e0 la messe, \u00e0 l&rsquo;\u00e9poque o\u00f9 on habitait chez mon oncle parce que c&rsquo;\u00e9tait aussi en allemand&#8230;<br>Mais alors l\u00e0&#8230; il y avait un c\u00f4t\u00e9 chaleureux !<\/p>\n\n\n\n<p class=\"wp-block-paragraph\">Et au moment o\u00f9 on se donne le signe de paix, le cur\u00e9, alors que tout le monde \u00e9tait m\u00e9lang\u00e9, tout le monde se donnait la main&#8230;<\/p>\n\n\n\n<p class=\"wp-block-paragraph\">C&rsquo;\u00e9tait une communion, intense !<\/p>\n\n\n\n<p class=\"wp-block-paragraph\">Ensuite on est sorti, et dehors, sur la place, il y avait les chevaux&#8230; les cal\u00e8ches tout autour, et tout le monde \u00e9tait rassembl\u00e9s l\u00e0 sous la neige qui tombait&#8230; On chantait encore des chansons de No\u00ebl, tous ensemble avec nos bougies&#8230; Tu vois avec leurs grands manteaux de fourrure&#8230;<\/p>\n\n\n\n<p class=\"wp-block-paragraph\">Tout \u00e9tait couvert de neige, je ne te dis pas, c&rsquo;\u00e9tait magnifique !<\/p>\n\n\n\n<p class=\"wp-block-paragraph\">M\u00eame si l\u00e0 aussi c&rsquo;\u00e9tait en allemand, dehors, c&rsquo;\u00e9tait hyper beau&#8230;<br>\u00c7a te traversait&#8230; Rien que \u00e7a, c&rsquo;\u00e9tait No\u00ebl !<br>C&rsquo;\u00e9tait d&rsquo;une telle communion, que tout le reste n&rsquo;avait plus aucune importance&#8230;<\/p>\n\n\n\n<ul class=\"wp-block-list\">\n<li>C&rsquo;\u00e9tait grandiose !<\/li>\n<\/ul>\n\n\n\n<p class=\"wp-block-paragraph\">Je me suis dit :<br>&#8211; Ah ben l\u00e0, \u00e7a a \u00e9t\u00e9 vraiment mon No\u00ebl&#8230;<\/p>\n\n\n\n<p class=\"wp-block-paragraph\">C&rsquo;\u00e9tait l\u00e0, que j&rsquo;ai vraiment retrouv\u00e9 cette joie de No\u00ebl ! <br>C&rsquo;\u00e9tait les ann\u00e9es 80&#8230; J&rsquo;\u00e9tais au bon endroit finalement.<\/p>\n\n\n\n<p class=\"wp-block-paragraph\">Merci Gracias&#8230;<\/p>\n\n\n\n<p class=\"wp-block-paragraph\">Alors une fois dehors, mon bon ami me dit : <br>&#8211; Ah, parce que tu crois ? &#8230;qu&rsquo;il me dit comme \u00e7a, tout \u00e9tonn\u00e9. <br>&#8211; Ben oui&#8230; Sinon je ne serais pas l\u00e0, hein.<\/p>\n\n\n\n<p class=\"wp-block-paragraph\">&#8211; Alors tu as vraiment de la chance, toi alors&#8230; Mais tu fais \u00e7a comment alors ? <br>&#8211; Parce que toi, tu ne crois pas ?<\/p>\n\n\n\n<p class=\"wp-block-paragraph\">&#8211; Ben non, mais j&rsquo;aimerais bien&#8230; Si tu peux m&rsquo;expliquer, si tu peux m&rsquo;aider&#8230;<br>&#8211; Mais je veux bien, que je lui avais r\u00e9pondu.<\/p>\n\n\n\n<p class=\"wp-block-paragraph\">Et puis aujourd&rsquo;hui, puisque \u00e7a n&rsquo;allait plus ces derni\u00e8res ann\u00e9es au boulot, juste avant qu&rsquo;il me donne mon cong\u00e9 final, il me dit : <br>-Aah ben maintenant je suis comme toi, Isa&#8230; Je crois que je vais croire&#8230;<br>&#8211; Tu as tout \u00e0 fait raison, que je lui ai r\u00e9pondu&#8230;<\/p>\n\n\n\n<p class=\"wp-block-paragraph\">&#8211; Tu sais, j&rsquo;ai beaucoup r\u00e9fl\u00e9chi&#8230; j&rsquo;ai souvent r\u00e9fl\u00e9chi \u00e0 ce que tu m&rsquo;avais dit, et bien je crois aussi, maintenant&#8230;<\/p>\n\n\n\n<ul class=\"wp-block-list\">\n<li>Oui, c&rsquo;est \u00e7a&#8230; On y crois tous&#8230;(Rire)<\/li>\n<\/ul>\n\n\n\n<p class=\"wp-block-paragraph\"><\/p>\n\n\n\n<p class=\"wp-block-paragraph\"><\/p>\n","protected":false},"excerpt":{"rendered":"<p>&lt;Enregistr\u00e9 le 24 Novembre 2021&gt; La premi\u00e8re fois quand mon bon ami est mont\u00e9 \u00e0 Gstaad, et comme on finissait tard au salon de coiffure le 24 d\u00e9cembre, je n&rsquo;avais pas pu rentrer voir Maman&#8230; Donc on avait fini \u00e0 7 heures&#8230; et mon bon ami n&rsquo;arrivait pas&#8230; &#8211; Ne t&rsquo;inqui\u00e8tes pas, qu&rsquo;il m&rsquo;avait dit&#8230; [&hellip;]<\/p>\n","protected":false},"author":1,"featured_media":0,"parent":0,"menu_order":0,"comment_status":"open","ping_status":"closed","template":"pages-chapitre-07","meta":{"footnotes":""},"class_list":["post-1717","page","type-page","status-publish","hentry"],"jetpack_sharing_enabled":true,"_links":{"self":[{"href":"https:\/\/mercigracias.ch\/index.php?rest_route=\/wp\/v2\/pages\/1717","targetHints":{"allow":["GET"]}}],"collection":[{"href":"https:\/\/mercigracias.ch\/index.php?rest_route=\/wp\/v2\/pages"}],"about":[{"href":"https:\/\/mercigracias.ch\/index.php?rest_route=\/wp\/v2\/types\/page"}],"author":[{"embeddable":true,"href":"https:\/\/mercigracias.ch\/index.php?rest_route=\/wp\/v2\/users\/1"}],"replies":[{"embeddable":true,"href":"https:\/\/mercigracias.ch\/index.php?rest_route=%2Fwp%2Fv2%2Fcomments&post=1717"}],"version-history":[{"count":8,"href":"https:\/\/mercigracias.ch\/index.php?rest_route=\/wp\/v2\/pages\/1717\/revisions"}],"predecessor-version":[{"id":4887,"href":"https:\/\/mercigracias.ch\/index.php?rest_route=\/wp\/v2\/pages\/1717\/revisions\/4887"}],"wp:attachment":[{"href":"https:\/\/mercigracias.ch\/index.php?rest_route=%2Fwp%2Fv2%2Fmedia&parent=1717"}],"curies":[{"name":"wp","href":"https:\/\/api.w.org\/{rel}","templated":true}]}}