{"id":1909,"date":"2026-02-27T17:11:39","date_gmt":"2026-02-27T17:11:39","guid":{"rendered":"https:\/\/mercigracias.ch\/?page_id=1909"},"modified":"2026-06-27T16:44:35","modified_gmt":"2026-06-27T16:44:35","slug":"reconnaissance","status":"publish","type":"page","link":"https:\/\/mercigracias.ch\/?page_id=1909","title":{"rendered":"Un plein d&rsquo;amour !"},"content":{"rendered":"\n<p class=\"wp-block-paragraph\">&lt;Enregistr\u00e9 le 03 D\u00e9cembre 2016&gt;<\/p>\n\n\n\n<p class=\"wp-block-paragraph\">Tous ces jeunes, qui venaient coiffer, ils ne cherchent pas le partage  avec des personnes plus \u00e2g\u00e9es, ils avaient eu leur quantit\u00e9, leur overdose avec leurs parents, ils avaient \u00e9t\u00e9 suffisamment idol\u00e2tr\u00e9s&#8230;<\/p>\n\n\n\n<p class=\"wp-block-paragraph\">M\u00eame \u00e0 l&rsquo;\u00e9poque, je voyais bien les jeunes de mon \u00e2ge, ceux avec qui j&rsquo;ai travaill\u00e9 partout, ils avaient d\u00e9j\u00e0 eu leur quota de reconnaissance avec leurs parents, donc les personnes comme Ferdinand et Ils\u00e9, c&rsquo;\u00e9tait bon pour le travail mais quelque part, il ne fallait pas les faire chier parce que c&rsquo;\u00e9tait&#8230;<\/p>\n\n\n\n<p class=\"wp-block-paragraph\">&#8211; <em>Parce que ce n&rsquo;\u00e9tait pas leurs parents ?<\/em><br>&#8211; Non, parce que c&rsquo;\u00e9tait des vieux ! <br>Et ils en avaient assez, hein&#8230; Ils voulaient des gens de leur g\u00e9n\u00e9ration ou comme \u00e7a&#8230;<\/p>\n\n\n\n<p class=\"wp-block-paragraph\">Alors que moi, je n&rsquo;avais pas eu mon quota, hein ! <br>Et puis j&rsquo;aimais aussi toutes ces personnes qui \u00e9taient plus \u00e2g\u00e9es&#8230; Qui \u00e9taient sur l&rsquo;\u00e2ge&#8230; Ferdinand il me disait toujours :<br>&#8211; Oh&#8230; mais vous, vous \u00eates formidable !<\/p>\n\n\n\n<p class=\"wp-block-paragraph\">M\u00eame quand c&rsquo;\u00e9tait la veille de partir, il m&rsquo;a dit&#8230;<br>&#8211; Je n&rsquo;ai jamais eu une coiffeuse comme vous&#8230; <br>Vous \u00eates tous les jours contente, et que ce soit la Princesse, la Contesse, ou les personnes qui viennent du haut de la montagne avec les galoches \u00e0 la main, vous arrivez avec tout le monde. <br>Vous \u00eates contente avec tout le monde&#8230; <br>Vous avez besoin d&rsquo;\u00eatre bien avec tout le monde !<\/p>\n\n\n\n<ul class=\"wp-block-list\">\n<li>Vous \u00eates vraiment exceptionnelle ! qu&rsquo;il me disait&#8230;<\/li>\n<\/ul>\n\n\n\n<p class=\"wp-block-paragraph\">C&rsquo;\u00e9tait toujours son truc&#8230; Il rigolait en disant :<br>&#8211; Oh, alors moi je vous ai vraiment aim\u00e9, vous \u00eates formidable&#8230;<br>Vous \u00eates vraiment une personne formidable !<\/p>\n\n\n\n<p class=\"wp-block-paragraph\">Alors l\u00e0, quand il savait que j&rsquo;allais partir&#8230; Alors l\u00e0, je peux te dire que le formidable&#8230;(Rire) Il ne savait plus comment il pouvait exprimer sa reconnaissance&#8230; Il disait :<br>&#8211; Je n&rsquo;ai jamais eu \u00e7a, quelqu&rsquo;un qui&#8230;<\/p>\n\n\n\n<p class=\"wp-block-paragraph\">Mais tu vois, Michelangelo qui disait que j&rsquo;avais \u00e9t\u00e9 la coiffeuse qu&rsquo;il avait eu et qu&rsquo;il avait le plus aim\u00e9e dans le salon, de tous les gens qu&rsquo;il avait eu&#8230; et bien Ferdinand c&rsquo;\u00e9tait pareil !<\/p>\n\n\n\n<p class=\"wp-block-paragraph\">Et Marl\u00e8ne de Fribourg, aussi&#8230; Parce quand on allait \u00e0 des cours ou \u00e0 des s\u00e9minaires, et elle ne prenait pas n&rsquo;importe quelle personne avec elle&#8230; Sur les quatre apprentis, j&rsquo;\u00e9tais la seule et j&rsquo;allais dormir chez elle apr\u00e8s, avec elle, \u00e0 c\u00f4t\u00e9 d&rsquo;elle&#8230; Elle me disait :<br>&#8211; J&rsquo;ai un lit \u00e0 deux personnes, \u00e7a va tr\u00e8s bien, hein&#8230;!<br>Vous ne prenez rien, moi j&rsquo;ai tout ce qu&rsquo;il faut&#8230; Vous ne prenez rien. hein&#8230; J&rsquo;ai des pyjamas, j&rsquo;ai tout&#8230;<\/p>\n\n\n\n<p class=\"wp-block-paragraph\">Et il n&rsquo;y avait aucune ambigu\u00eft\u00e9 !<\/p>\n\n\n\n<p class=\"wp-block-paragraph\"><\/p>\n","protected":false},"excerpt":{"rendered":"<p>&lt;Enregistr\u00e9 le 03 D\u00e9cembre 2016&gt; Tous ces jeunes, qui venaient coiffer, ils ne cherchent pas le partage avec des personnes plus \u00e2g\u00e9es, ils avaient eu leur quantit\u00e9, leur overdose avec leurs parents, ils avaient \u00e9t\u00e9 suffisamment idol\u00e2tr\u00e9s&#8230; M\u00eame \u00e0 l&rsquo;\u00e9poque, je voyais bien les jeunes de mon \u00e2ge, ceux avec qui j&rsquo;ai travaill\u00e9 partout, ils [&hellip;]<\/p>\n","protected":false},"author":1,"featured_media":0,"parent":0,"menu_order":0,"comment_status":"open","ping_status":"closed","template":"pages-chapitre-07","meta":{"footnotes":""},"class_list":["post-1909","page","type-page","status-publish","hentry"],"jetpack_sharing_enabled":true,"_links":{"self":[{"href":"https:\/\/mercigracias.ch\/index.php?rest_route=\/wp\/v2\/pages\/1909","targetHints":{"allow":["GET"]}}],"collection":[{"href":"https:\/\/mercigracias.ch\/index.php?rest_route=\/wp\/v2\/pages"}],"about":[{"href":"https:\/\/mercigracias.ch\/index.php?rest_route=\/wp\/v2\/types\/page"}],"author":[{"embeddable":true,"href":"https:\/\/mercigracias.ch\/index.php?rest_route=\/wp\/v2\/users\/1"}],"replies":[{"embeddable":true,"href":"https:\/\/mercigracias.ch\/index.php?rest_route=%2Fwp%2Fv2%2Fcomments&post=1909"}],"version-history":[{"count":8,"href":"https:\/\/mercigracias.ch\/index.php?rest_route=\/wp\/v2\/pages\/1909\/revisions"}],"predecessor-version":[{"id":4935,"href":"https:\/\/mercigracias.ch\/index.php?rest_route=\/wp\/v2\/pages\/1909\/revisions\/4935"}],"wp:attachment":[{"href":"https:\/\/mercigracias.ch\/index.php?rest_route=%2Fwp%2Fv2%2Fmedia&parent=1909"}],"curies":[{"name":"wp","href":"https:\/\/api.w.org\/{rel}","templated":true}]}}