{"id":2144,"date":"2026-03-10T21:21:51","date_gmt":"2026-03-10T21:21:51","guid":{"rendered":"https:\/\/mercigracias.ch\/?page_id=2144"},"modified":"2026-06-28T13:00:21","modified_gmt":"2026-06-28T13:00:21","slug":"ca-sera-pour-le-20-mars","status":"publish","type":"page","link":"https:\/\/mercigracias.ch\/?page_id=2144","title":{"rendered":"\u00c7a sera le 20 Mars !"},"content":{"rendered":"\n<p class=\"wp-block-paragraph\">&lt;Enregistr\u00e9 les 29 Ao\u00fbt 2014 et 15 Septembre 2014&gt;<\/p>\n\n\n\n<p class=\"wp-block-paragraph\">Si je voulais avoir un deuxi\u00e8me enfant, je voulais surtout qu&rsquo;il soit du 20 Mars&#8230;<\/p>\n\n\n\n<p class=\"wp-block-paragraph\">A l&rsquo;\u00e9poque je ne connaissais pas encore l&rsquo;astrologie&#8230; Je ne connaissais rien du tout&#8230; Mais cette date, le 20 Mars trottait dans ma t\u00eate&#8230; Alors j\u2019avais d\u00e9cid\u00e9 qu\u2019il vienne au monde le 20 mars, pas un jour avant pas un jour apr\u00e8s\u2026<\/p>\n\n\n\n<p class=\"wp-block-paragraph\">La symbolique pour moi elle \u00e9tait\u2026<br>&#8211; Tu vois, moi je suis du 20 F\u00e9vrier, le 20 avec le 2 c\u2019est quelque chose qui est int\u00e9rioris\u00e9, et avec le 3 puisqu\u2019on arrive au 20 de Mars, tu as le message des anges&#8230; Mais avec le 3 qui arrive, tu as la r\u00e9union o\u00f9 tu communiques\u2026 avec ce c\u00f4t\u00e9 artiste, et donc il partait pour enseigner car avec le 5, il allait transmettre\u2026<\/p>\n\n\n\n<p class=\"wp-block-paragraph\">Pour moi les dates elles \u00e9taient d\u00e9j\u00e0 importantes, j\u2019avais donc d\u00e9cid\u00e9 du 20 Mars sans trop savoir pourquoi\u2026<br>\u00c7a avait \u00e9t\u00e9 une inspiration profonde, une destin\u00e9e\u2026<\/p>\n\n\n\n<p class=\"wp-block-paragraph\">Je voulais un artiste puisque j&rsquo;aimais la coiffure, tout ce mouvement artistique, et je voulais aussi que cet enfant arrive en Poisson mais surtout qu&rsquo;il touche dans le fin fond du Poisson&#8230;<br>Dans tout ce qu&rsquo;il allait pouvoir relever dans le fin fond, de tout ce qu&rsquo;il allait pouvoir ouvrir&#8230;<\/p>\n\n\n\n<p class=\"wp-block-paragraph\">Mais il fallait qu&rsquo;il y aille&#8230; Alors il y aurait aussi cette dynamique du printemps pour le pousser \u00e0 ouvrir, pour y aller quoi&#8230;<\/p>\n\n\n\n<p class=\"wp-block-paragraph\">Pour lui, j&rsquo;avais donc d\u00e9cid\u00e9 qu&rsquo;il na\u00eetrait le 20 Mars&#8230; <br>C&rsquo;\u00e9tait comme \u00e7a&#8230; Parce que c&rsquo;est la veille du printemps, et qu&rsquo;il y avait aussi cette ouverture.<\/p>\n\n\n\n<p class=\"wp-block-paragraph\">Moi, je suis n\u00e9e un petit peu trop vite&#8230; Je vais dans quelque chose qui reste introvertie, \u00e0 l&rsquo;int\u00e9rieur&#8230; <br>Lui, il faut qu&rsquo;il explose tous ses machins \u00e0 l&rsquo;ext\u00e9rieur&#8230;<\/p>\n\n\n\n<p class=\"wp-block-paragraph\">Je ne connaissais ni Th\u00e8me Astral, ni rien du tout&#8230; Mais j&rsquo;avais \u00e7a en moi, donc c&rsquo;\u00e9tait d\u00e9cid\u00e9.<\/p>\n\n\n\n<p class=\"wp-block-paragraph\">Et quelque part, \u00e0 ma grande surprise, quand le 10 F\u00e9vrier, cet enfant a commenc\u00e9 \u00e0 casser la baraque en disant :<br>&#8211; J&rsquo;arrive&#8230;<br>Et je na\u00eetrai \u00e0 ce moment l\u00e0, parce que c&rsquo;est moi qui d\u00e9cide de venir&#8230; <\/p>\n\n\n\n<p class=\"wp-block-paragraph\">Alors quand je suis arriv\u00e9 \u00e0 l\u2019h\u00f4pital le 10 F\u00e9vrier, j\u2019ai dit :<br>&#8211; Non, pas le 10&#8230;<br>Parce que ma Voisine, avait son anniversaire ce jour l\u00e0&#8230;<br>Non&#8230; Je ne voulais pas le 10\u2026 \u00c7a repr\u00e9sentait pour moi l\u2019incarnation avec la terre\u2026 C\u2019est un karma par rapport \u00e0 la terre, et moi je ne voulais pas \u00e7a pour lui\u2026<\/p>\n\n\n\n<p class=\"wp-block-paragraph\">Non, c&rsquo;\u00e9tait vraiment trop bas, le 10 F\u00e9vrier !<br>Pour moi, c&rsquo;\u00e9tait \u00ab\u00a0Ras les p\u00e2querettes\u00a0\u00bb, hein&#8230; <\/p>\n\n\n\n<p class=\"wp-block-paragraph\">Alors j\u2019ai attendu le 14, il aurait pu s\u2019appeler Valentin\u2026 c\u2019est s\u00fbr !<\/p>\n\n\n\n<p class=\"wp-block-paragraph\">Mais ce n\u2019\u00e9tais pas non plus le nom que j\u2019avais d\u00e9cid\u00e9 pour lui\u2026 Il ne m\u2019avait pas dit \u00ab\u00a0Valentin\u00a0\u00bb, et en fin de compte, il avait besoin de me donner sans doute une le\u00e7on car il est arriv\u00e9 le 16&#8230; en relation avec ma s\u0153ur, un 16 !<\/p>\n\n\n\n<p class=\"wp-block-paragraph\">Donc j&rsquo;avais encore quelque chose \u00e0 comprendre l\u00e0-dedans&#8230; <br>Et en deuxi\u00e8me relation, c&rsquo;\u00e9tait en Verseau comme ma M\u00e8re&#8230;<\/p>\n\n\n\n<p class=\"wp-block-paragraph\">&#8211; On m&rsquo;avait donn\u00e9 ma s\u0153ur et ma m\u00e8re en vis-\u00e0-vis&#8230; <\/p>\n\n\n\n<p class=\"wp-block-paragraph\">On m&rsquo;a dit :<br>&#8211; Voil\u00e0 c&rsquo;est ici, que \u00e7a se pose&#8230; <\/p>\n\n\n\n<p class=\"wp-block-paragraph\">Qu&rsquo;est ce que tu n&rsquo;as pas voulu voir l\u00e0-dedans ?<br>Qu&rsquo;est ce que tu n&rsquo;as pas encore fini de voir ?<br>Il y a quelque chose&#8230; Il y a une rencontre entre une m\u00e8re qui est pass\u00e9e, et ta s\u0153ur&#8230;?<br><br>Pour ma fille je savais que c&rsquo;\u00e9tait Moi et ma s\u0153ur&#8230;<\/p>\n\n\n\n<ul class=\"wp-block-list\">\n<li>Poisson et B\u00e9lier&#8230;<\/li>\n<\/ul>\n\n\n\n<p class=\"wp-block-paragraph\">Voil\u00e0 tranquille&#8230; En fin de compte, il fallait regarder plus loin, et \u00e7a restait \u00e0 d\u00e9couvrir&#8230;<\/p>\n\n\n\n<p class=\"wp-block-paragraph\">Alors j\u2019ai attendu de voir si tout allait bien et ce n&rsquo;est que vers le troisi\u00e8me mois de grossesse, que j&rsquo;ai annonc\u00e9 \u00e0 mon mari que j&rsquo;\u00e9tais enceinte&#8230; Puis j\u2019ai attendu de faire une amniocent\u00e8se \u00e0 quatre mois.<\/p>\n\n\n\n<p class=\"wp-block-paragraph\">Donc \u00e0 cette p\u00e9riode, il \u00e9tait f\u00e2ch\u00e9&#8230; il m\u2019a dit :<br>&#8211; Oui mais c\u2019est vraiment d\u00e9gueulasse, quand est ce que tu veux que je te vois enceinte, t\u2019accouches avant\u2026<\/p>\n\n\n\n<p class=\"wp-block-paragraph\">Je lui ai r\u00e9pondu :<br>&#8211; ben oui, Il est \u00e0 moi, ce b\u00e9b\u00e9\u2026 <\/p>\n\n\n\n<p class=\"wp-block-paragraph\">Dans ma t\u00eate, c\u2019\u00e9tait d\u00e9j\u00e0\u2026Tchao\u2026 Arrivederch\u2026<\/p>\n","protected":false},"excerpt":{"rendered":"<p>&lt;Enregistr\u00e9 les 29 Ao\u00fbt 2014 et 15 Septembre 2014&gt; Si je voulais avoir un deuxi\u00e8me enfant, je voulais surtout qu&rsquo;il soit du 20 Mars&#8230; A l&rsquo;\u00e9poque je ne connaissais pas encore l&rsquo;astrologie&#8230; Je ne connaissais rien du tout&#8230; Mais cette date, le 20 Mars trottait dans ma t\u00eate&#8230; Alors j\u2019avais d\u00e9cid\u00e9 qu\u2019il vienne au monde [&hellip;]<\/p>\n","protected":false},"author":1,"featured_media":0,"parent":0,"menu_order":0,"comment_status":"open","ping_status":"closed","template":"pages-chapitre-08","meta":{"footnotes":""},"class_list":["post-2144","page","type-page","status-publish","hentry"],"jetpack_sharing_enabled":true,"_links":{"self":[{"href":"https:\/\/mercigracias.ch\/index.php?rest_route=\/wp\/v2\/pages\/2144","targetHints":{"allow":["GET"]}}],"collection":[{"href":"https:\/\/mercigracias.ch\/index.php?rest_route=\/wp\/v2\/pages"}],"about":[{"href":"https:\/\/mercigracias.ch\/index.php?rest_route=\/wp\/v2\/types\/page"}],"author":[{"embeddable":true,"href":"https:\/\/mercigracias.ch\/index.php?rest_route=\/wp\/v2\/users\/1"}],"replies":[{"embeddable":true,"href":"https:\/\/mercigracias.ch\/index.php?rest_route=%2Fwp%2Fv2%2Fcomments&post=2144"}],"version-history":[{"count":10,"href":"https:\/\/mercigracias.ch\/index.php?rest_route=\/wp\/v2\/pages\/2144\/revisions"}],"predecessor-version":[{"id":4999,"href":"https:\/\/mercigracias.ch\/index.php?rest_route=\/wp\/v2\/pages\/2144\/revisions\/4999"}],"wp:attachment":[{"href":"https:\/\/mercigracias.ch\/index.php?rest_route=%2Fwp%2Fv2%2Fmedia&parent=2144"}],"curies":[{"name":"wp","href":"https:\/\/api.w.org\/{rel}","templated":true}]}}