{"id":2185,"date":"2026-03-11T18:33:56","date_gmt":"2026-03-11T18:33:56","guid":{"rendered":"https:\/\/mercigracias.ch\/?page_id=2185"},"modified":"2026-07-13T06:40:41","modified_gmt":"2026-07-13T06:40:41","slug":"je-ne-labandonnerai-pas-2","status":"publish","type":"page","link":"https:\/\/mercigracias.ch\/?page_id=2185","title":{"rendered":"Je ne l&rsquo;abandonnerai pas"},"content":{"rendered":"\n<p class=\"wp-block-paragraph\">&lt;Enregistr\u00e9 les 19 Octobre 2016 et 25 Novembre 2021&gt;<\/p>\n\n\n\n<p class=\"wp-block-paragraph\">Apr\u00e8s la c\u00e9sarienne, je dormais, alors ils m&rsquo;ont r\u00e9veill\u00e9e&#8230;<br>&#8211; Madame&#8230; Madame&#8230;!<br>Pour me montrer mon fils, et voil\u00e0, j&rsquo;ai senti comme \u00e7a, cette chaleur&#8230; et puis et ils m&rsquo;ont pass\u00e9e en salle de r\u00e9veil.<\/p>\n\n\n\n<p class=\"wp-block-paragraph\">Au moment o\u00f9 je me r\u00e9veille, ils me disent&#8230;<br>&#8211; Ecoutez, il y a un souci, il fallait le mettre en couveuse&#8230;<br>Alors on l&rsquo;a envoy\u00e9 \u00e0 la maternit\u00e9 de l&rsquo;h\u00f4pital car ici, on n&rsquo;a pas de couveuse&#8230;<\/p>\n\n\n\n<p class=\"wp-block-paragraph\">Alors quand ils me disent qu&rsquo;il n&rsquo;y a pas de couveuse \u00e0 la maternit\u00e9 alors qu&rsquo;ils savaient tr\u00e8s bien qu&rsquo;il allait \u00eatre pr\u00e9matur\u00e9&#8230; Je leur dis :<br>&#8211; Ecoutez, alors je pars le rejoindre, je pars aussi \u00e0 l&rsquo;h\u00f4pital&#8230;<\/p>\n\n\n\n<p class=\"wp-block-paragraph\">Mais ils me disent :<br>&#8211; Mais non non, vous ne pouvez pas apr\u00e8s votre c\u00e9sarienne ! <br>Vous \u00eates ici avec votre palmier et les tuyaux pendant trois jours&#8230;<br>On doit vous suivre, donc pendant au moins 3 jours vous \u00eates l\u00e0 !<\/p>\n\n\n\n<p class=\"wp-block-paragraph\">&#8211; Non&#8230; que je leur dis&#8230; Vous saviez qu&rsquo;il allait partir, je ne reste pas l\u00e0, si mon b\u00e9b\u00e9 n&rsquo;est pas l\u00e0&#8230; <\/p>\n\n\n\n<p class=\"wp-block-paragraph\">Ils le savaient tr\u00e8s bien puisque j&rsquo;\u00e9tais entr\u00e9e le 10 f\u00e9vrier apr\u00e8s avoir perdu les eaux, et que nous \u00e9tions le 16, alors qu&rsquo;on l&rsquo;attendait pour le 20 Mars&#8230;!<\/p>\n\n\n\n<p class=\"wp-block-paragraph\">J&rsquo;\u00e9tais encore \u00e0 moiti\u00e9 somnolente, quand le docteur arrive et qu&rsquo;il me dit :<br>&#8211; Alors non, il faut attendre en tout cas demain ou apr\u00e8s demain&#8230;<br>mais l\u00e0-bas, plus personne ne vous suivra !<\/p>\n\n\n\n<p class=\"wp-block-paragraph\">Devant ma d\u00e9termination :<br>&#8211; Bon ben, alors vous signerez une d\u00e9position mais il n&rsquo;y aura plus personne, et s&rsquo;il vous arrive quelque chose, pour vous&#8230;<\/p>\n\n\n\n<p class=\"wp-block-paragraph\">&#8211; Bon, alors il n&rsquo;y aura plus personne&#8230; que j&rsquo;ai dit. Voil\u00e0, je pars&#8230;<\/p>\n\n\n\n<p class=\"wp-block-paragraph\">&#8211; Bon et bien, vous signerez une d\u00e9charge demain&#8230; quand vous partirez et on appellera une ambulance pour vous y emmener.<\/p>\n\n\n\n<p class=\"wp-block-paragraph\">Et l\u00e0, tout le monde est l\u00e0, apr\u00e8s mon op\u00e9ration&#8230; Tu vois que je suis mal au possible, mais que je maintiens ma position&#8230;<\/p>\n\n\n\n<p class=\"wp-block-paragraph\">&#8211; <em>Avec une c\u00e9sarienne, ce n&rsquo;\u00e9tait pas rien finalement&#8230;<\/em><br>&#8211; Avec une c\u00e9sarienne&#8230; le lendemain matin ils viennent aux soins et l&rsquo;apr\u00e8s midi&#8230; ni mon mari, ni rien du tout, je pars toute seule&#8230; <br>Il n&rsquo;\u00e9tait pas l\u00e0, hein !<\/p>\n\n\n\n<p class=\"wp-block-paragraph\">&#8211; <em>Avec le risque que \u00e7a se r\u00e9ouvre \u00e0 l&rsquo;int\u00e9rieur&#8230;<\/em><br>&#8211; Il n&rsquo;\u00e9tait pas l\u00e0 !<\/p>\n\n\n\n<p class=\"wp-block-paragraph\">Il ne suivra pas&#8230; Il ne sera pas derri\u00e8re. C&rsquo;est fou quand m\u00eame !<\/p>\n\n\n\n<p class=\"wp-block-paragraph\">Bon, ils ont appel\u00e9s une ambulance et je suis partie&#8230; <\/p>\n\n\n\n<p class=\"wp-block-paragraph\">Mais apr\u00e8s j&rsquo;ai d\u00fb changer de gyn\u00e9cologue parce qu&rsquo;il m&rsquo;en a tellement voulu&#8230; C&rsquo;\u00e9tait mon gyn\u00e9cologue, tu comprends, il m&rsquo;avait fait accoucher l\u00e0-bas, pour l&rsquo;avantage financier de la c\u00e9sarienne, mais il ne pensait pas que pour moi, c&rsquo;\u00e9tait important que je reste aux c\u00f4t\u00e9s de mon enfant !<br><br>Et arriv\u00e9e l\u00e0-bas \u00e0 l&rsquo;h\u00f4pital, je leur dis :<br>&#8211; Bon ben&#8230; Mettez moi sur une chaise roulante, mettez moi au corridor ! Je me d\u00e9brouillerai pour aller voir mon b\u00e9b\u00e9&#8230;<\/p>\n\n\n\n<p class=\"wp-block-paragraph\">&#8211; <em>Mais t&rsquo;as couch\u00e9 o\u00f9 alors ? <\/em><br>&#8211; Et bien \u00e0 la maternit\u00e9 de l&rsquo;h\u00f4pital&#8230; mais elle \u00e9tait loin de la nurserie des pr\u00e9matur\u00e9s&#8230;<\/p>\n\n\n\n<p class=\"wp-block-paragraph\">&#8211; <em>Donc il y avait quand m\u00eame une pi\u00e8ce pour toi, alors&#8230;<\/em><br>&#8211; Oui, mais ce qu&rsquo;ils m&rsquo;annon\u00e7aient, c&rsquo;est qu&rsquo;il n&rsquo;y aurait plus de m\u00e9decin, qui me suivrait&#8230; Ils m&rsquo;avaient dit qu&rsquo;il n&rsquo;y aurait plus que des infirmi\u00e8res, mais voil\u00e0 vous serez en soins&#8230;<\/p>\n\n\n\n<p class=\"wp-block-paragraph\">Alors que finalement j&rsquo;\u00e9tais en demi-priv\u00e9&#8230; J&rsquo;avais le droit d&rsquo;avoir des soins&#8230; Ben ma foi, ils ne m&rsquo;avaient pas dit&#8230; j&rsquo;\u00e9tais d\u00e9sol\u00e9e,<\/p>\n\n\n\n<p class=\"wp-block-paragraph\">Et l\u00e0, quand j&rsquo;arrive en bas, ils me disent :<br>&#8211; Mais \u00e9coutez&#8230; Non, mais nous on a plein de travail, et puis tout&#8230;<br>&#8211; Non, mais je ne vais pas vous d\u00e9ranger, mettez moi sur une chaise roulante&#8230; ici au corridor, je me d\u00e9brouillerai pour aller voir mon b\u00e9b\u00e9&#8230;.<\/p>\n\n\n\n<p class=\"wp-block-paragraph\">&#8211; Mais c&rsquo;est loin le c\u00f4t\u00e9 des pr\u00e9matur\u00e9s&#8230;!<br>&#8211; \u00c7a ne fait rien, mettez moi sur une chaise roulante&#8230;<\/p>\n\n\n\n<p class=\"wp-block-paragraph\">Donc l\u00e0, ils me l\u00e8vent du lit, et je passe vers l&rsquo;autre c\u00f4t\u00e9 et d\u00e8s que j&rsquo;arrive du c\u00f4t\u00e9 des pr\u00e9matur\u00e9s, et bien j&rsquo;avais repris des ailes, hein !<\/p>\n\n\n\n<p class=\"wp-block-paragraph\">Mon op\u00e9ration ? On ne s&rsquo;en souvient plus ! <br>Avec mon palmier, mes tuyaux&#8230; C&rsquo;\u00e9tait bon !<\/p>\n\n\n\n<p class=\"wp-block-paragraph\">&#8211;<em> Il y avait un ange qui faisait tout pour que \u00e7a se cicatrise parfaitement&#8230; Mais je te comprends, tu ne voulais surtout pas abandonner ton enfant&#8230;<\/em><\/p>\n\n\n\n<p class=\"wp-block-paragraph\">Et je ne me souviens plus de mon palmier ni de mon machin&#8230; de mon truc, je savais que j&rsquo;allais toujours l\u00e0-bas, tu vois&#8230; (Rire) <br>et pourtant il y avait une grande travers\u00e9e.<\/p>\n\n\n\n<p class=\"wp-block-paragraph\">Parce qu&rsquo;apr\u00e8s, je marche et j&rsquo;y vais toute seule !<br>Et Il y avait un long couloir, debout, pour y aller&#8230;<\/p>\n\n\n\n<p class=\"wp-block-paragraph\">&#8211; <em>Debout ?<\/em><br>&#8211; Ouais ouais&#8230;<\/p>\n\n\n\n<p class=\"wp-block-paragraph\">&#8211; <em>Malgr\u00e9 ta c\u00e9sarienne ?<\/em><br>&#8211; Oui, j&rsquo;y allais, c&rsquo;\u00e9tait pas \u00e7a le truc&#8230; <br>C&rsquo;\u00e9tait que je devais aller l\u00e0-bas.<\/p>\n\n\n\n<p class=\"wp-block-paragraph\">Et quand je suis arriv\u00e9e de l&rsquo;autre c\u00f4t\u00e9, chez les nurses, en toquant derri\u00e8re, je leur ai annonc\u00e9 que je venais voir mon b\u00e9b\u00e9&#8230; et l\u00e0, elles \u00e9taient beaucoup plus aimables&#8230; EIles comprenaient, parce que c&rsquo;\u00e9tait des personnes qui avaient \u00e0 faire avec des b\u00e9b\u00e9s&#8230; Elles savaient tr\u00e8s bien l&rsquo;importance aussi&#8230; C&rsquo;\u00e9tait \u00e7a !<\/p>\n\n\n\n<p class=\"wp-block-paragraph\">Mais de l&rsquo;autre c\u00f4t\u00e9 j&rsquo;ai vraiment \u00e9t\u00e9 tr\u00e8s bien suivie aussi&#8230;<\/p>\n\n\n\n<p class=\"wp-block-paragraph\">Mais c&rsquo;est marrant cet appel que tu as, l&rsquo;appel que tu sens&#8230; <br>Tu sens que tu dois y aller&#8230; qu&rsquo;il faut y aller !<\/p>\n\n\n\n<p class=\"wp-block-paragraph\">&#8211; <em>Tu sentais que tu ne voulais pas abandonner ton enfant&#8230;<\/em><br>&#8211; Oui, mais je sentais&#8230; et je sentais surtout que c&rsquo;\u00e9tait important&#8230;<\/p>\n\n\n\n<p class=\"wp-block-paragraph\">Puisqu&rsquo;\u00e0 ce stade, par instinct, j&rsquo;ai directement pris la serviette de l&rsquo;h\u00f4pital, et je l&rsquo;ai mise sur ma peau&#8230; et quand je suis arriv\u00e9e l\u00e0-bas&#8230; pr\u00e8s des couveuses&#8230; quand j&rsquo;arrive, la nurse elle me dit :<br>&#8211; Peut-\u00eatre qu&rsquo;il y a des microbes, peut-\u00eatre que c&rsquo;est pas trop bon, de la mettre dans la couveuse&#8230;<\/p>\n\n\n\n<p class=\"wp-block-paragraph\">Et puis on prend quand m\u00eame la d\u00e9cision de la d\u00e9poser, parce que j&rsquo;insiste et ils acceptent&#8230; Mais \u00e7a s&rsquo;est d\u00e9cid\u00e9 parce qu&rsquo;il n&rsquo;\u00e9tait pas mal en point, qu&rsquo;il manquait juste un petit peu d&rsquo;oxyg\u00e8ne&#8230; <br>Alors on pouvait y aller&#8230; Je les ai remerci\u00e9s, parce que je sentais que c&rsquo;\u00e9tait important !<\/p>\n\n\n\n<p class=\"wp-block-paragraph\">De nos jours on sait que c&rsquo;est important, mais moi c&rsquo;\u00e9tait une intuition&#8230; Il \u00e9tait n\u00e9 six semaines avant terme&#8230;<\/p>\n\n\n\n<p class=\"wp-block-paragraph\">Et la chose qui m&rsquo;\u00e9meut beaucoup c&rsquo;est que quand je reviens&#8230; Parce que tu vois, je la mets juste derri\u00e8re, il est couch\u00e9 comme \u00e7a&#8230; et je mets ma serviette de c\u00f4t\u00e9 dans son dos&#8230; Et quand je reviens il avait r\u00e9ussi \u00e0 aller dessus et d&rsquo;avoir le nez sur la serviette !<\/p>\n\n\n\n<p class=\"wp-block-paragraph\">Il avait r\u00e9ussi \u00e0 bouger et \u00e0 me rechercher&#8230;<\/p>\n\n\n\n<p class=\"wp-block-paragraph\">\u00c7a c&rsquo;est juste impressionnant, et quand tu arrives, que tout est calme, qu&rsquo;il n&rsquo;y a pas un bruit&#8230; Tu as les n\u00e9ons&#8230; tu t&rsquo;approches doucement et que quand tu es juste au dessus du berceau, que tu l&rsquo;observes&#8230; \u00e0 la seconde o\u00f9 tu l&rsquo;observes, il t&rsquo;a senti \u00e0 distance comme \u00e7a&#8230; Tu arrives juste \u00e0 c\u00f4t\u00e9 et la seconde apr\u00e8s, il hurle !<\/p>\n\n\n\n<p class=\"wp-block-paragraph\">\u00c7a, c&rsquo;est quelque chose qui m&rsquo;a \u00e9norm\u00e9ment touch\u00e9e&#8230; <br>Alors je me suis dit&#8230; et bien tu as fait les bonnes d\u00e9marches !<\/p>\n\n\n\n<p class=\"wp-block-paragraph\">Tu as fait les d\u00e9marches que tu devais faire&#8230; C&rsquo;est juste, ce que tu as fait !<\/p>\n\n\n\n<p class=\"wp-block-paragraph\">Quand tu sens \u00e7a&#8230; c&rsquo;est juste impressionnant !<\/p>\n\n\n\n<p class=\"wp-block-paragraph\">Mais je ne sais pas si c&rsquo;est parce que tu as l&rsquo;enfant qui est vraiment sensible, et qu&rsquo;il te sent, ou si c&rsquo;est le cas pour tous les enfants !<\/p>\n\n\n\n<p class=\"wp-block-paragraph\">Mais peut-\u00eatre que c&rsquo;\u00e9tait d\u00e9j\u00e0 l&rsquo;extr\u00eame sensibilit\u00e9 de mon fils, hein&#8230;!?<\/p>\n","protected":false},"excerpt":{"rendered":"<p>&lt;Enregistr\u00e9 les 19 Octobre 2016 et 25 Novembre 2021&gt; Apr\u00e8s la c\u00e9sarienne, je dormais, alors ils m&rsquo;ont r\u00e9veill\u00e9e&#8230;&#8211; Madame&#8230; Madame&#8230;!Pour me montrer mon fils, et voil\u00e0, j&rsquo;ai senti comme \u00e7a, cette chaleur&#8230; et puis et ils m&rsquo;ont pass\u00e9e en salle de r\u00e9veil. Au moment o\u00f9 je me r\u00e9veille, ils me disent&#8230;&#8211; Ecoutez, il y a [&hellip;]<\/p>\n","protected":false},"author":1,"featured_media":0,"parent":0,"menu_order":0,"comment_status":"open","ping_status":"closed","template":"pages-chapitre-08","meta":{"footnotes":""},"class_list":["post-2185","page","type-page","status-publish","hentry"],"jetpack_sharing_enabled":true,"_links":{"self":[{"href":"https:\/\/mercigracias.ch\/index.php?rest_route=\/wp\/v2\/pages\/2185","targetHints":{"allow":["GET"]}}],"collection":[{"href":"https:\/\/mercigracias.ch\/index.php?rest_route=\/wp\/v2\/pages"}],"about":[{"href":"https:\/\/mercigracias.ch\/index.php?rest_route=\/wp\/v2\/types\/page"}],"author":[{"embeddable":true,"href":"https:\/\/mercigracias.ch\/index.php?rest_route=\/wp\/v2\/users\/1"}],"replies":[{"embeddable":true,"href":"https:\/\/mercigracias.ch\/index.php?rest_route=%2Fwp%2Fv2%2Fcomments&post=2185"}],"version-history":[{"count":7,"href":"https:\/\/mercigracias.ch\/index.php?rest_route=\/wp\/v2\/pages\/2185\/revisions"}],"predecessor-version":[{"id":5724,"href":"https:\/\/mercigracias.ch\/index.php?rest_route=\/wp\/v2\/pages\/2185\/revisions\/5724"}],"wp:attachment":[{"href":"https:\/\/mercigracias.ch\/index.php?rest_route=%2Fwp%2Fv2%2Fmedia&parent=2185"}],"curies":[{"name":"wp","href":"https:\/\/api.w.org\/{rel}","templated":true}]}}