{"id":546,"date":"2026-01-01T23:17:18","date_gmt":"2026-01-01T23:17:18","guid":{"rendered":"https:\/\/mercigracias.ch\/?page_id=546"},"modified":"2026-01-29T14:29:29","modified_gmt":"2026-01-29T14:29:29","slug":"chapitre-04","status":"publish","type":"page","link":"https:\/\/mercigracias.ch\/?page_id=546","title":{"rendered":"Chapitre 04"},"content":{"rendered":"\n<h2 class=\"wp-block-heading\">Mon Enfance, Deuxi\u00e8me partie&#8230;<\/h2>\n\n\n\n<p class=\"wp-block-paragraph\">Toutes les histoires de mon enfance \u00ab\u00a0Au Buffet\u00a0\u00bb&#8230;avant le drame final.<\/p>\n\n\n\n<figure class=\"wp-block-table\"><table><thead><tr><th>Date de publication<\/th><th>Titre<\/th><\/tr><\/thead><tbody><tr><td>03.01.2026<\/td><td><a href=\"https:\/\/mercigracias.ch\/?page_id=558\" data-type=\"page\" data-id=\"558\">La Sainte Vierge<\/a><\/td><\/tr><tr><td>06.01.2026<\/td><td><a href=\"https:\/\/mercigracias.ch\/?page_id=575\" data-type=\"page\" data-id=\"575\">Les mandarines<\/a><\/td><\/tr><tr><td>07.01.2026<\/td><td><a href=\"https:\/\/mercigracias.ch\/?page_id=608\" data-type=\"page\" data-id=\"608\">Le p\u00e8re No\u00ebl n\u2019existe pas ?<\/a><\/td><\/tr><tr><td>29.01.2026<\/td><td><a href=\"https:\/\/mercigracias.ch\/?page_id=1086\" data-type=\"page\" data-id=\"1086\">J\u2019ai \u00e9t\u00e9 adopt\u00e9e !<\/a><\/td><\/tr><tr><td>07.01.2026<\/td><td><a href=\"https:\/\/mercigracias.ch\/?page_id=611\" data-type=\"page\" data-id=\"611\">Tu ne t\u2019es pas tromp\u00e9e ?<\/a><\/td><\/tr><tr><td>04.01.2026<\/td><td><a href=\"https:\/\/mercigracias.ch\/?page_id=580\" data-type=\"page\" data-id=\"580\">Le Foot-Foot de table<\/a><\/td><\/tr><tr><td>04.01.2026<\/td><td><a href=\"https:\/\/mercigracias.ch\/?page_id=583\" data-type=\"page\" data-id=\"583\">Je me lave avec Francisca<\/a><\/td><\/tr><tr><td>05.01.2026<\/td><td><a href=\"https:\/\/mercigracias.ch\/?page_id=590\" data-type=\"page\" data-id=\"590\">Luc et Martine<\/a><\/td><\/tr><tr><td>05.01.2026<\/td><td><a href=\"https:\/\/mercigracias.ch\/?page_id=596\" data-type=\"page\" data-id=\"596\">On prend l&rsquo;ap\u00e9ro ?<\/a><\/td><\/tr><tr><td>07.01.2025<\/td><td><a href=\"https:\/\/mercigracias.ch\/?page_id=604\" data-type=\"page\" data-id=\"604\">La poign\u00e9e de porte<\/a><\/td><\/tr><tr><td>07.01.2025<\/td><td><a href=\"https:\/\/mercigracias.ch\/?page_id=623\" data-type=\"page\" data-id=\"623\">J\u2019habite au restaurant<\/a><\/td><\/tr><tr><td>09.01.2025<\/td><td><a href=\"https:\/\/mercigracias.ch\/?page_id=671\" data-type=\"page\" data-id=\"671\">Les crottes de mouches<\/a><\/td><\/tr><tr><td>09.01.2025<\/td><td><a href=\"https:\/\/mercigracias.ch\/?page_id=682\" data-type=\"page\" data-id=\"682\">Salut les copains<\/a><\/td><\/tr><tr><td>09.01.2025<\/td><td><a href=\"https:\/\/mercigracias.ch\/?page_id=691\" data-type=\"page\" data-id=\"691\">Les feuilles mortes<\/a><\/td><\/tr><tr><td>10.01.2025<\/td><td><a href=\"https:\/\/mercigracias.ch\/?page_id=698\" data-type=\"page\" data-id=\"698\">Les posters de Claude Fran\u00e7ois<\/a><\/td><\/tr><tr><td>10.01.2025<\/td><td><a href=\"https:\/\/mercigracias.ch\/?page_id=704\" data-type=\"page\" data-id=\"704\">On va danser\u2026<\/a><\/td><\/tr><tr><td>10.01.2025<\/td><td><a href=\"https:\/\/mercigracias.ch\/?page_id=715\" data-type=\"page\" data-id=\"715\">Je veux\u2026et moi ?<\/a><\/td><\/tr><tr><td>10.01.2025<\/td><td><a href=\"https:\/\/mercigracias.ch\/?page_id=720\" data-type=\"page\" data-id=\"720\">La plaque de chocolat<\/a><\/td><\/tr><tr><td>11.01.2025<\/td><td><a href=\"https:\/\/mercigracias.ch\/?page_id=732\" data-type=\"page\" data-id=\"732\">Le grand tilleul<\/a><\/td><\/tr><\/tbody><\/table><\/figure>\n\n\n\n<p class=\"wp-block-paragraph\"><\/p>\n","protected":false},"excerpt":{"rendered":"<p>Mon Enfance, Deuxi\u00e8me partie&#8230; Toutes les histoires de mon enfance \u00ab\u00a0Au Buffet\u00a0\u00bb&#8230;avant le drame final. Date de publication Titre 03.01.2026 La Sainte Vierge 06.01.2026 Les mandarines 07.01.2026 Le p\u00e8re No\u00ebl n\u2019existe pas ? 29.01.2026 J\u2019ai \u00e9t\u00e9 adopt\u00e9e ! 07.01.2026 Tu ne t\u2019es pas tromp\u00e9e ? 04.01.2026 Le Foot-Foot de table 04.01.2026 Je me lave avec [&hellip;]<\/p>\n","protected":false},"author":1,"featured_media":0,"parent":0,"menu_order":0,"comment_status":"closed","ping_status":"closed","template":"pages-chapitre-04","meta":{"footnotes":""},"class_list":["post-546","page","type-page","status-publish","hentry"],"jetpack_sharing_enabled":true,"_links":{"self":[{"href":"https:\/\/mercigracias.ch\/index.php?rest_route=\/wp\/v2\/pages\/546","targetHints":{"allow":["GET"]}}],"collection":[{"href":"https:\/\/mercigracias.ch\/index.php?rest_route=\/wp\/v2\/pages"}],"about":[{"href":"https:\/\/mercigracias.ch\/index.php?rest_route=\/wp\/v2\/types\/page"}],"author":[{"embeddable":true,"href":"https:\/\/mercigracias.ch\/index.php?rest_route=\/wp\/v2\/users\/1"}],"replies":[{"embeddable":true,"href":"https:\/\/mercigracias.ch\/index.php?rest_route=%2Fwp%2Fv2%2Fcomments&post=546"}],"version-history":[{"count":22,"href":"https:\/\/mercigracias.ch\/index.php?rest_route=\/wp\/v2\/pages\/546\/revisions"}],"predecessor-version":[{"id":1091,"href":"https:\/\/mercigracias.ch\/index.php?rest_route=\/wp\/v2\/pages\/546\/revisions\/1091"}],"wp:attachment":[{"href":"https:\/\/mercigracias.ch\/index.php?rest_route=%2Fwp%2Fv2%2Fmedia&parent=546"}],"curies":[{"name":"wp","href":"https:\/\/api.w.org\/{rel}","templated":true}]}}