{"id":583,"date":"2026-01-04T17:23:05","date_gmt":"2026-01-04T17:23:05","guid":{"rendered":"https:\/\/mercigracias.ch\/?page_id=583"},"modified":"2026-06-19T05:24:50","modified_gmt":"2026-06-19T05:24:50","slug":"je-me-lave-avec-francisca","status":"publish","type":"page","link":"https:\/\/mercigracias.ch\/?page_id=583","title":{"rendered":"Je me lave avec Francisca"},"content":{"rendered":"\n<p class=\"wp-block-paragraph\">&lt;Enregistr\u00e9 le 14 Novembre 2021&gt;<\/p>\n\n\n\n<p class=\"wp-block-paragraph\">Au restaurant quand je voyais ces travailleurs si seuls apr\u00e8s leur travail, c&rsquo;\u00e9tait d&rsquo;un triste&#8230; Alors je trouvais toujours des solutions et je voyais que je pouvais y arriver&#8230; Tu vois que t&rsquo;es assez grande et qu&rsquo;au final, tu finis par partager quelque chose avec quelqu&rsquo;un&#8230;<\/p>\n\n\n\n<p class=\"wp-block-paragraph\">C&rsquo;\u00e9tait des moments de Gr\u00e2ces, mais tu sens quelque chose peut-\u00eatre qu&rsquo;un enfant ne devrait pas sentir&#8230; Cette tristesse, chez l&rsquo;autre.<\/p>\n\n\n\n<p class=\"wp-block-paragraph\">Tu vois, comme chez Francisca, quand elle rentre dans sa chambre, et qu&rsquo;elle a fini de travailler&#8230; et bien, elle est toute seule, ou bien quand t&rsquo;arrives en bas, \u00e0 la lessiverie, et que tu la vois en train de se laver dans le bac, dans le grand bac en b\u00e9ton&#8230; Tu la retrouves l\u00e0, et tu te dis : <br>&#8211; Mais pourquoi ? Pourquoi cette diff\u00e9rence&#8230;? <br>Pourquoi nous, on a la baignoire en haut&#8230; Enfin, pour nous c&rsquo;\u00e9tait m\u00eame ferm\u00e9e, la porte de la salle de bain !<\/p>\n\n\n\n<p class=\"wp-block-paragraph\">Mais pourquoi elle doit se laver ici&#8230; en bas, avec son linge et tout, pourquoi ?<\/p>\n\n\n\n<p class=\"wp-block-paragraph\">Alors je veux aussi voir&#8230; Moi aussi je peux faire comme elle, je vais chercher un linge, je prends mon linge, et je me frotte comme elle, comme un massage&#8230;(Rire) juste \u00e0 c\u00f4t\u00e9 d&rsquo;elle, parce que le bac est grand, et oui&#8230; je me lave, comme \u00e7a, en se frottant les bras le long du corps&#8230; (Rire)<\/p>\n\n\n\n<p class=\"wp-block-paragraph\">Jusqu&rsquo;au jour o\u00f9 mon P\u00e8re nous surprend et qui me dit : <br>&#8211; Mais qu&rsquo;est ce que tu fais l\u00e0 !<br>&#8211; Ben, je me lave, quoi&#8230; (Rire)<\/p>\n\n\n\n<p class=\"wp-block-paragraph\">&#8211; Je ne veux plus que tu viennes te laver, ici en bas&#8230; et tu remontes tout de suite !<\/p>\n\n\n\n<p class=\"wp-block-paragraph\">Alors nous, on devait aller se laver apr\u00e8s la salle de danse&#8230; L\u00e0, o\u00f9 il y avait tous les pensionnaires qui allaient et venaient, et encore sur des dalles en b\u00e9ton, avec un savon citron que tout le monde avait touch\u00e9, accroch\u00e9 au mur&#8230; Alors \u00e7a c&rsquo;\u00e9tait mieux ? En plus \u00e0 l&rsquo;eau froide&#8230;<\/p>\n\n\n\n<p class=\"wp-block-paragraph\">Moi, je pr\u00e9f\u00e9rais en bas, tu pouvais te laver en s\u00e9curit\u00e9, surtout s&rsquo;il y avait Francisca, hein ? Puisqu&rsquo;on n&rsquo;avait pas le droit d&rsquo;aller dans la chambre de mes parents pour se laver dans leur salle de bains priv\u00e9e.<br>Il fallait leur cl\u00e9, l&rsquo;autorisation, m\u00eame pour aller aux toilettes&#8230;<\/p>\n\n\n\n<p class=\"wp-block-paragraph\">Apr\u00e8s quand je suis devenue plus grande, j&rsquo;ai compris qu&rsquo; on pouvait rentrer par la porte, parce que tu sais&#8230; la porte, elle avait un loquet et la porte, elle n&rsquo;\u00e9tait devenue plus aussi solide&#8230;<\/p>\n\n\n\n<p class=\"wp-block-paragraph\">J&rsquo;ai compris \u00e7a, je crois bien, la derni\u00e8re ann\u00e9e&#8230; quand j&rsquo;avais 12 ans, l\u00e0 autour&#8230;<\/p>\n\n\n\n<p class=\"wp-block-paragraph\">Alors tu pars de l\u00e0-bas, (En montrant le mur au fond du couloir de notre appartement, soit six m\u00e8tres environ) et tu fonces contre la porte et toc, elle s&rsquo;ouvre&#8230; (Rire) alors quand je ne voulais plus prendre le risque d&rsquo;aller aux toilettes et que je savais qu&rsquo;ils \u00e9taient les deux en bas, alors j&rsquo;allais dans leur salle de bains priv\u00e9e&#8230; celle de mes parents.<\/p>\n\n\n\n<p class=\"wp-block-paragraph\">Mais \u00e9videment c&rsquo;\u00e9tait toujours le stress, parce qu&rsquo;il ne fallait pas qu&rsquo;ils me surprennent dans leur salle de bains&#8230; <br>Enfin quand mon p\u00e8re se pointait, parce que \u00e7a lui \u00e9tait arriv\u00e9&#8230;<br>Je disais : <br>&#8211; Ah ben c&rsquo;est maman qui m&rsquo;a ouvert la porte, tu vois ? <br>Mais quand c&rsquo;\u00e9tait maman qui montait, je pouvais pas dire que c&rsquo;\u00e9tait le P\u00e8re qui m&rsquo;avait ouvert la porte&#8230;(Rire)<\/p>\n","protected":false},"excerpt":{"rendered":"<p>&lt;Enregistr\u00e9 le 14 Novembre 2021&gt; Au restaurant quand je voyais ces travailleurs si seuls apr\u00e8s leur travail, c&rsquo;\u00e9tait d&rsquo;un triste&#8230; Alors je trouvais toujours des solutions et je voyais que je pouvais y arriver&#8230; Tu vois que t&rsquo;es assez grande et qu&rsquo;au final, tu finis par partager quelque chose avec quelqu&rsquo;un&#8230; C&rsquo;\u00e9tait des moments de [&hellip;]<\/p>\n","protected":false},"author":1,"featured_media":0,"parent":0,"menu_order":0,"comment_status":"open","ping_status":"closed","template":"pages-chapitre-04","meta":{"footnotes":""},"class_list":["post-583","page","type-page","status-publish","hentry"],"jetpack_sharing_enabled":true,"_links":{"self":[{"href":"https:\/\/mercigracias.ch\/index.php?rest_route=\/wp\/v2\/pages\/583","targetHints":{"allow":["GET"]}}],"collection":[{"href":"https:\/\/mercigracias.ch\/index.php?rest_route=\/wp\/v2\/pages"}],"about":[{"href":"https:\/\/mercigracias.ch\/index.php?rest_route=\/wp\/v2\/types\/page"}],"author":[{"embeddable":true,"href":"https:\/\/mercigracias.ch\/index.php?rest_route=\/wp\/v2\/users\/1"}],"replies":[{"embeddable":true,"href":"https:\/\/mercigracias.ch\/index.php?rest_route=%2Fwp%2Fv2%2Fcomments&post=583"}],"version-history":[{"count":6,"href":"https:\/\/mercigracias.ch\/index.php?rest_route=\/wp\/v2\/pages\/583\/revisions"}],"predecessor-version":[{"id":4701,"href":"https:\/\/mercigracias.ch\/index.php?rest_route=\/wp\/v2\/pages\/583\/revisions\/4701"}],"wp:attachment":[{"href":"https:\/\/mercigracias.ch\/index.php?rest_route=%2Fwp%2Fv2%2Fmedia&parent=583"}],"curies":[{"name":"wp","href":"https:\/\/api.w.org\/{rel}","templated":true}]}}