{"id":608,"date":"2026-01-06T23:22:54","date_gmt":"2026-01-06T23:22:54","guid":{"rendered":"https:\/\/mercigracias.ch\/?page_id=608"},"modified":"2026-07-13T05:22:46","modified_gmt":"2026-07-13T05:22:46","slug":"le-pere-noel-nexiste-pas","status":"publish","type":"page","link":"https:\/\/mercigracias.ch\/?page_id=608","title":{"rendered":"Le p\u00e8re No\u00ebl n&rsquo;existe pas ?"},"content":{"rendered":"\n<p class=\"wp-block-paragraph\">&lt;Enregistr\u00e9 le 13 Septembre 2016&gt;<\/p>\n\n\n\n<p class=\"wp-block-paragraph\">Le jour o\u00f9 j&rsquo;apprends que le P\u00e8re No\u00ebl n&rsquo;existe pas, mon monde s&rsquo;\u00e9croule&#8230; Pour moi, le P\u00e8re No\u00ebl, il y avait cette magie, ce n&rsquo;\u00e9tait pas possible !<\/p>\n\n\n\n<p class=\"wp-block-paragraph\">D\u00e9j\u00e0 qu&rsquo;avec le Saint Nicolas quand il passait avec ses mandarines, et quand je su\u00e7ais ma main que c&rsquo;\u00e9tait impossible de me faire arr\u00eater de sucer&#8230; Il \u00e9tait l\u00e0 !<\/p>\n\n\n\n<p class=\"wp-block-paragraph\">Et il y avait cette magie&#8230; alors le P\u00e8re No\u00ebl !<\/p>\n\n\n\n<p class=\"wp-block-paragraph\">Je su\u00e7ais ma main gauche&#8230; pas les doigts, ni le pouce comme les autres&#8230; non, non pas du tout ! <br>Je su\u00e7ais le dessus de ma main. T&rsquo;as jamais vu un autre enfant qui suce le dos de sa main&#8230; Moi, c&rsquo;\u00e9tait comme \u00e7a&#8230; <br>Jamais vu un autre, qui fait \u00e7a&#8230;<\/p>\n\n\n\n<p class=\"wp-block-paragraph\">On me disait : <br>&#8211; Bon ben arr\u00eate ! On a m\u00eame essay\u00e9 de me mettre de la Glyc\u00e9rine&#8230;<\/p>\n\n\n\n<p class=\"wp-block-paragraph\">Oui tr\u00e8s petite, quand il se passait diff\u00e9rentes choses je su\u00e7ais le dos de ma main&#8230; Je trouvais que c&rsquo;\u00e9tait toujours tellement tragique chez nous&#8230; C&rsquo;\u00e9tait toujours tellement dramatique, qu&rsquo;en fin de compte, je les regardais et je me disais : <br>&#8211; Mais pourquoi c&rsquo;est comme \u00e7a toujours aussi violent ? <br>Qu&rsquo;ils se prennent la t\u00eate pour toutes ces choses&#8230;?<\/p>\n\n\n\n<p class=\"wp-block-paragraph\">Et m\u00eame le jour o\u00f9 j&rsquo;ai fait tomber le saladier, l\u00e0&#8230;et que pour maman, \u00e7a avait \u00e9t\u00e9 un v\u00e9ritable drame : <br>&#8211; Tiens ta claque, Clac, ta baffe !<\/p>\n\n\n\n<p class=\"wp-block-paragraph\">Comme si t&rsquo;avais fait quelque chose de terrible&#8230; et \u00e0 la moindre des choses : <br>&#8211; Kiko, Chamd\u00e9, (Avec les doigts fourchus point\u00e9s vers toi&#8230;)<\/p>\n\n\n\n<p class=\"wp-block-paragraph\">Je trouvais \u00e7a tellement fort, que je me disais : <br>&#8211; Mais pourtant c&rsquo;est pas&#8230;<\/p>\n\n\n\n<p class=\"wp-block-paragraph\">Ben voil\u00e0, tu as fait quelque chose, mais j&rsquo;ai pas fait expr\u00e8s, hein ?! <\/p>\n\n\n\n<p class=\"wp-block-paragraph\">Quand je peux l&rsquo;aider, j&rsquo;aide&#8230; et l\u00e0, elle ne le voit pas, mais l\u00e0 quand j&rsquo;ai fait quelque chose et que je n&rsquo;ai pas fait expr\u00e8s, clac&#8230; <\/p>\n\n\n\n<p class=\"wp-block-paragraph\">C&rsquo;est tout de suite les grands drames, et tu as ta baffe !<\/p>\n\n\n\n<p class=\"wp-block-paragraph\">Alors quand il y avait des drames, je ne voulais pas rester dedans&#8230; Donc j&rsquo;en ressortais&#8230; J&rsquo;allais danser dans la grande salle en haut, <br>ou j&rsquo;allais marcher sur les cailloux dehors, en imaginant que j&rsquo;\u00e9tais danseuse&#8230;<\/p>\n\n\n\n<p class=\"wp-block-paragraph\">En fin de compte, je sortais tout \u00e7a&#8230; Je trouvais que \u00e7a n&rsquo;avait pas de sens de se mettre dans des \u00e9tats pareils&#8230; Je ne savais pas ce qui valait la peine de faire autant de drames comme \u00e7a, pour des choses qui n&rsquo;\u00e9taient pas si importantes, finalement&#8230;<br>Alors que pour nous, \u00e7a l&rsquo;\u00e9tait&#8230; les baffes !<\/p>\n\n\n\n<p class=\"wp-block-paragraph\">&#8211; <em>C&rsquo;est pour \u00e7a que tu n&rsquo;es jamais arriv\u00e9e \u00e0 t&rsquo;identifier au groupe, finalement&#8230;<\/em> <br>&#8211; Ah oui \u00e7a doit \u00eatre \u00e7a&#8230; hein !<\/p>\n\n\n\n<p class=\"wp-block-paragraph\">&#8211; <em>Puisque tu t&rsquo;es trouv\u00e9e toujours diff\u00e9rente des autres&#8230;<\/em><br>&#8211; Oui&#8230; Je pense que oui, car depuis l&rsquo;\u00e2ge de 7 ans, l\u00e0 autour, j&rsquo;annonce que je dois \u00eatre adopt\u00e9e&#8230; que je n&rsquo;appartiens pas \u00e0 la famille, que je ne leur ressemble pas et que je n&rsquo;ai rien \u00e0 voir avec eux&#8230;<\/p>\n\n\n\n<p class=\"wp-block-paragraph\">Et quand je choisis ma profession aussi, je me rends compte que moi, je suis faite pour autre chose que le c\u00f4t\u00e9 commercial&#8230;<\/p>\n\n\n\n<ul class=\"wp-block-list\">\n<li>C&rsquo;est pas \u00e7a chez moi.<\/li>\n<\/ul>\n\n\n\n<p class=\"wp-block-paragraph\">Mais chez moi, il y aura la cr\u00e9ation, il y aura quelque chose d&rsquo;autre, et \u00e7a ne sera surtout pas le c\u00f4t\u00e9 commercial, et \u00e7a sera&#8230;<\/p>\n\n\n\n<ul class=\"wp-block-list\">\n<li>La rencontre avec les gens !<\/li>\n<\/ul>\n\n\n\n<p class=\"wp-block-paragraph\">Parce que ce c\u00f4t\u00e9 commercial&#8230; Non, c&rsquo;est pas moi. Je sens tr\u00e8s t\u00f4t cette diff\u00e9rence et je n&rsquo;en fais pas une fin en soi.<\/p>\n\n\n\n<p class=\"wp-block-paragraph\">Alors que finalement avec ma s\u0153ur et mon fr\u00e8re il y avait quand m\u00eame une certaine ressemblance. Mais \u00e0 cette \u00e9poque l\u00e0, alors que je pensais que je ne leur ressemblais pas du tout, je les piquais tr\u00e8s fort aussi, \u00e7a tenait de famille&#8230;!<\/p>\n\n\n\n<p class=\"wp-block-paragraph\">Bon, ils sont plus \u00e2g\u00e9s que moi. Ils prenaient plus conscience de tout ce qui se passait dans la maison.<\/p>\n\n\n\n<p class=\"wp-block-paragraph\">\u00c7a c&rsquo;est une \u00e9vidence, tu vois&#8230; Mais chez eux les choses ne se sont pass\u00e9es pas au m\u00eame moment dans leur \u00e9volution d&rsquo;enfant que pour moi&#8230;<\/p>\n\n\n\n<p class=\"wp-block-paragraph\"><\/p>\n","protected":false},"excerpt":{"rendered":"<p>&lt;Enregistr\u00e9 le 13 Septembre 2016&gt; Le jour o\u00f9 j&rsquo;apprends que le P\u00e8re No\u00ebl n&rsquo;existe pas, mon monde s&rsquo;\u00e9croule&#8230; Pour moi, le P\u00e8re No\u00ebl, il y avait cette magie, ce n&rsquo;\u00e9tait pas possible ! D\u00e9j\u00e0 qu&rsquo;avec le Saint Nicolas quand il passait avec ses mandarines, et quand je su\u00e7ais ma main que c&rsquo;\u00e9tait impossible de me [&hellip;]<\/p>\n","protected":false},"author":1,"featured_media":0,"parent":0,"menu_order":0,"comment_status":"open","ping_status":"closed","template":"pages-chapitre-04","meta":{"footnotes":""},"class_list":["post-608","page","type-page","status-publish","hentry"],"jetpack_sharing_enabled":true,"_links":{"self":[{"href":"https:\/\/mercigracias.ch\/index.php?rest_route=\/wp\/v2\/pages\/608","targetHints":{"allow":["GET"]}}],"collection":[{"href":"https:\/\/mercigracias.ch\/index.php?rest_route=\/wp\/v2\/pages"}],"about":[{"href":"https:\/\/mercigracias.ch\/index.php?rest_route=\/wp\/v2\/types\/page"}],"author":[{"embeddable":true,"href":"https:\/\/mercigracias.ch\/index.php?rest_route=\/wp\/v2\/users\/1"}],"replies":[{"embeddable":true,"href":"https:\/\/mercigracias.ch\/index.php?rest_route=%2Fwp%2Fv2%2Fcomments&post=608"}],"version-history":[{"count":10,"href":"https:\/\/mercigracias.ch\/index.php?rest_route=\/wp\/v2\/pages\/608\/revisions"}],"predecessor-version":[{"id":5648,"href":"https:\/\/mercigracias.ch\/index.php?rest_route=\/wp\/v2\/pages\/608\/revisions\/5648"}],"wp:attachment":[{"href":"https:\/\/mercigracias.ch\/index.php?rest_route=%2Fwp%2Fv2%2Fmedia&parent=608"}],"curies":[{"name":"wp","href":"https:\/\/api.w.org\/{rel}","templated":true}]}}