{"id":628,"date":"2026-01-07T23:04:31","date_gmt":"2026-01-07T23:04:31","guid":{"rendered":"https:\/\/mercigracias.ch\/?page_id=628"},"modified":"2026-07-13T05:19:46","modified_gmt":"2026-07-13T05:19:46","slug":"rihana-est-arrivee","status":"publish","type":"page","link":"https:\/\/mercigracias.ch\/?page_id=628","title":{"rendered":"Caritad est arriv\u00e9e&#8230;"},"content":{"rendered":"\n<p class=\"wp-block-paragraph\">&lt;Enregistr\u00e9 le 31 Ao\u00fbt 2015&gt;<\/p>\n\n\n\n<p class=\"wp-block-paragraph\">La famille du policier venait d&rsquo;arriver au village, leur fille \u00e9tait nouvelle \u00e0 l&rsquo;\u00e9cole, et comme elle ne connaissait personne de son \u00e2ge, alors ma s\u0153ur qui ne sortait pas beaucoup non plus, s&rsquo;\u00e9tait li\u00e9e avec elle. <br>Elles avaient d\u00fb se retrouver l&rsquo;une l&rsquo;autre, dans cette rencontre&#8230;<\/p>\n\n\n\n<p class=\"wp-block-paragraph\">Ensuite on a fait la connaissance de sa m\u00e8re&#8230; Mais je ne sais plus, j&rsquo;avais d\u00fb lui dire que ma poup\u00e9e Grazia, avait disparu&#8230;<\/p>\n\n\n\n<p class=\"wp-block-paragraph\">Alors elle m&rsquo;a dit : <br>&#8211; Oh&#8230; mais ma fille, elle a une tonne de poup\u00e9es et elle ne joue pas avec. Elle a une poussette, elle ne joue pas avec. Elle joue avec rien du tout&#8230; Viens \u00e0 la maison, viens&#8230; Viens la semaine prochaine \u00e0 la maison&#8230;<\/p>\n\n\n\n<p class=\"wp-block-paragraph\">Donc j&rsquo;\u00e9tais toute contente, et l\u00e0 dessus, elle dit \u00e0 sa fille : <br>&#8211; Bon&#8230; \u00e7a fait longtemps que tu ne joues plus avec, alors ne t&rsquo;occupes pas de \u00e7a, toi&#8230; Rien du tout, tu en as tellement !<\/p>\n\n\n\n<p class=\"wp-block-paragraph\">Sa fille ne voulait pas trop, mais sa m\u00e8re te l&rsquo;a ramass\u00e9e&#8230; <br>Puis s&rsquo;adressant \u00e0 moi :<br>&#8211; Allez, prends en quelques unes !<\/p>\n\n\n\n<p class=\"wp-block-paragraph\">Alors je suis revenue avec quelques poup\u00e9es&#8230; Je m&rsquo;en souviens surtout d&rsquo;une. Je me souviens particuli\u00e8rement d&rsquo;une, car je l&rsquo;avais beaucoup aim\u00e9e. Elle avait une bouche et quand tu lui donnais \u00e0 boire, elle pissait&#8230; et j&rsquo;aimais bien celle l\u00e0.<\/p>\n\n\n\n<p class=\"wp-block-paragraph\">Elle \u00e9tait grande, elle \u00e9tait comme \u00e7a, (30 cm) et elle \u00e9tait noire&#8230; <br>Et comme sa fille, ne voulait pas me donner sa poup\u00e9e, ses poup\u00e9es&#8230; Sa m\u00e8re lui avait dit : <br>&#8211; Mais tu en as combien&#8230; et tu ne joues pas avec&#8230; Choisi lui celles que tu ne veux pas&#8230; Alors elle m&rsquo;avait donn\u00e9 la noire, c&rsquo;\u00e9tait celle qu&rsquo;elle ne voulait pas&#8230;<\/p>\n\n\n\n<p class=\"wp-block-paragraph\">Et moi j&rsquo;avais dit, ben oui&#8230;et je m&rsquo;\u00e9tais dit tout bas&#8230;:<br>&#8211; Ben tiens&#8230; je l&rsquo;appellerai comme elle, Caritad&#8230; (Rire)<\/p>\n\n\n\n<p class=\"wp-block-paragraph\">Et aujourd&rsquo;hui, Caritad&#8230; Elle est toujours au Galetas&#8230;<\/p>\n\n\n\n<p class=\"wp-block-paragraph\"><em>-Tu l&rsquo;as toujours ?<\/em><br>&#8211; Oui, Elle est la haut&#8230;(Rire)<\/p>\n\n\n\n<p class=\"wp-block-paragraph\">En fin de compte, c&rsquo;\u00e9tait ma poup\u00e9e d&rsquo;enfance, et partout o\u00f9 je suis partie, j&rsquo;ai repris \u00ab\u00a0Ma Caritad\u00a0\u00bb. Au moins, j&rsquo;avais ma poup\u00e9e&#8230; et celle ci je ne voulais pas qu&rsquo;on me la prenne !<\/p>\n\n\n\n<p class=\"wp-block-paragraph\">Apr\u00e8s elle avait une poussette&#8230; Je n&rsquo;avais jamais eu de poussette d&rsquo;enfant&#8230; Je n&rsquo;avais jamais rien eu&#8230; Alors elle m&rsquo;a dit : <br>&#8211; Mais prends la poussette \u00e0 Caritad&#8230; Oui, sa poussette, elle ne l&rsquo;a jamais utilis\u00e9e, elle ne la regarde pas !<\/p>\n\n\n\n<p class=\"wp-block-paragraph\">Et voil\u00e0&#8230; Elle \u00e9tait magnifique, elle avait des couleurs comme j&rsquo;aime&#8230; du vieux rose, super belle ! &#8230;Alors je suis rentr\u00e9e et je l&rsquo;ai mise \u00e0 c\u00f4t\u00e9 de mon lit&#8230; Et c&rsquo;est comme \u00e7a que Caritad et sa poussette sont rest\u00e9es toujours \u00e0 c\u00f4t\u00e9 de mon lit.<\/p>\n\n\n\n<p class=\"wp-block-paragraph\">Mais apr\u00e8s \u00e7a, comme \u00e7a occupait une grande place, un jour la dame qui venait aider maman au service, lors de grandes c\u00e9r\u00e9monies, celle qui est devenue ma marraine de confirmation par la suite, elle avait aussi une poup\u00e9e&#8230; Je ne sais pas comment \u00e7a se fait&#8230; Je lui avais peut-\u00eatre aussi parl\u00e9 de ma Grazia qui avait disparue&#8230;Et Elle m&rsquo;a dit : <br>&#8211; Je t&rsquo;aurais bien offert une grande poup\u00e9e, mais voil\u00e0, elle a le bras cass\u00e9&#8230; Elle est un peu raide, je l&rsquo;ai gagn\u00e9e une fois \u00e0 un Loto&#8230; mais voil\u00e0, je vais la mettre \u00e0 la poubelle&#8230;<\/p>\n\n\n\n<p class=\"wp-block-paragraph\">Alors Je lui ai dit : <br>&#8211; Oh ben non&#8230; Moi, je l&rsquo;aimerais bien&#8230;!<\/p>\n\n\n\n<p class=\"wp-block-paragraph\">Alors elle me dit : <br>&#8211; Mais tu veux une poup\u00e9e cass\u00e9e ?<\/p>\n\n\n\n<p class=\"wp-block-paragraph\">&#8211; Mais elle n&rsquo;est pas cass\u00e9e, elle a juste un bras cass\u00e9&#8230; <br>M\u00eame si elle a un bras cass\u00e9, elle a juste un bras en moins, c&rsquo;est pas grave&#8230; et c&rsquo;est une poup\u00e9e !<\/p>\n\n\n\n<p class=\"wp-block-paragraph\">&#8211; Ah ben, je veux bien volontiers te la donner&#8230; Alors, tu pourras venir la chercher&#8230;<\/p>\n\n\n\n<p class=\"wp-block-paragraph\">Alors une fois, j&rsquo;ai eu une grande poup\u00e9e&#8230; de Loto, parce qu&rsquo;elle avait un bras cass\u00e9 et qu&rsquo;ils ne la voulaient plus.<\/p>\n\n\n\n<p class=\"wp-block-paragraph\">J&rsquo;ai eu aussi un ours rouge que ma cousine, (La fille de ma marraine de bapt\u00eame ) m&rsquo;avait offert \u00e0 l&rsquo;\u00e9poque. Celle que j&rsquo;avais appel\u00e9 \u00ab\u00a0Pierre\u00a0\u00bb du nom du copain qu&rsquo;elle r\u00eavait d&rsquo;avoir&#8230; mais qu&rsquo;elle n&rsquo;a jamais eu. (Rire) et l&rsquo;autre Ours que j&rsquo;avais re\u00e7u de mes parents, pour mes 4 ans, c&rsquo;\u00e9tait pour \u00e7a que je me suis souvenue, que j&rsquo;avais eu ce nounours&#8230;<\/p>\n\n\n\n<p class=\"wp-block-paragraph\">Maintenant vous comprenez d&rsquo;o\u00f9 vient le nom de ce livre et de ce site WEB&#8230;<\/p>\n\n\n\n<p class=\"wp-block-paragraph\">De la disparition de ma poup\u00e9e, et les cadeaux des poup\u00e9es, qu&rsquo;on m&rsquo;a faits par la suite&#8230;<\/p>\n\n\n\n<p class=\"wp-block-paragraph\">Merci Gracias<\/p>\n","protected":false},"excerpt":{"rendered":"<p>&lt;Enregistr\u00e9 le 31 Ao\u00fbt 2015&gt; La famille du policier venait d&rsquo;arriver au village, leur fille \u00e9tait nouvelle \u00e0 l&rsquo;\u00e9cole, et comme elle ne connaissait personne de son \u00e2ge, alors ma s\u0153ur qui ne sortait pas beaucoup non plus, s&rsquo;\u00e9tait li\u00e9e avec elle. Elles avaient d\u00fb se retrouver l&rsquo;une l&rsquo;autre, dans cette rencontre&#8230; Ensuite on a [&hellip;]<\/p>\n","protected":false},"author":1,"featured_media":0,"parent":0,"menu_order":0,"comment_status":"open","ping_status":"closed","template":"pages-chapitre-02","meta":{"footnotes":""},"class_list":["post-628","page","type-page","status-publish","hentry"],"jetpack_sharing_enabled":true,"_links":{"self":[{"href":"https:\/\/mercigracias.ch\/index.php?rest_route=\/wp\/v2\/pages\/628","targetHints":{"allow":["GET"]}}],"collection":[{"href":"https:\/\/mercigracias.ch\/index.php?rest_route=\/wp\/v2\/pages"}],"about":[{"href":"https:\/\/mercigracias.ch\/index.php?rest_route=\/wp\/v2\/types\/page"}],"author":[{"embeddable":true,"href":"https:\/\/mercigracias.ch\/index.php?rest_route=\/wp\/v2\/users\/1"}],"replies":[{"embeddable":true,"href":"https:\/\/mercigracias.ch\/index.php?rest_route=%2Fwp%2Fv2%2Fcomments&post=628"}],"version-history":[{"count":13,"href":"https:\/\/mercigracias.ch\/index.php?rest_route=\/wp\/v2\/pages\/628\/revisions"}],"predecessor-version":[{"id":5644,"href":"https:\/\/mercigracias.ch\/index.php?rest_route=\/wp\/v2\/pages\/628\/revisions\/5644"}],"wp:attachment":[{"href":"https:\/\/mercigracias.ch\/index.php?rest_route=%2Fwp%2Fv2%2Fmedia&parent=628"}],"curies":[{"name":"wp","href":"https:\/\/api.w.org\/{rel}","templated":true}]}}