{"id":858,"date":"2026-01-18T12:23:58","date_gmt":"2026-01-18T12:23:58","guid":{"rendered":"https:\/\/mercigracias.ch\/?page_id=858"},"modified":"2026-07-12T17:10:41","modified_gmt":"2026-07-12T17:10:41","slug":"lenvie-des-petits-pains","status":"publish","type":"page","link":"https:\/\/mercigracias.ch\/?page_id=858","title":{"rendered":"L&rsquo;envie des petits pains"},"content":{"rendered":"\n<p class=\"wp-block-paragraph\">&lt;Enregistr\u00e9 le 13 Octobre 2013, 05 Juillet 2014&gt;<\/p>\n\n\n\n<p class=\"wp-block-paragraph\">Mon fr\u00e8re, il m&rsquo;avait dit que ce dont il avait le plus souffert pendant son enfance, c&rsquo;\u00e9tait de l&rsquo;envie&#8230;<\/p>\n\n\n\n<p class=\"wp-block-paragraph\">Parce que je lui avais demand\u00e9, comment il se sentait quand il voyait les enfants de la boulangerie, avec les petits pains, les croissants et toutes ces bonnes choses&#8230;<\/p>\n\n\n\n<p class=\"wp-block-paragraph\">Qu&rsquo;est ce que \u00e7a lui avait fait pour lui&#8230; alors il m&rsquo;avait dit : <br>&#8211; Mais c&rsquo;\u00e9tait vraiment une envie !<\/p>\n\n\n\n<p class=\"wp-block-paragraph\">Une envie qui l&rsquo;avait fait souffrir et l&rsquo;effet restait en lui, car elle n&rsquo;avait pas \u00e9t\u00e9 combl\u00e9e. Il avait vu que chez nous, il y avait eu un manque quelque chose qui n&rsquo;\u00e9tait pas normal&#8230;<\/p>\n\n\n\n<p class=\"wp-block-paragraph\">Parce que moi, l&rsquo;envie, je passais quelques fois devant&#8230; <br>Je sentais, et puis finalement j&rsquo;avais mang\u00e9, quoi&#8230;? C&rsquo;\u00e9tait bon&#8230; <br>Je m&rsquo;\u00e9tais nourrie, je m&rsquo;\u00e9tais combl\u00e9e, rien qu&rsquo;avec l&rsquo;odeur.<\/p>\n\n\n\n<p class=\"wp-block-paragraph\">J&rsquo;avais saliv\u00e9&#8230; et c&rsquo;\u00e9tait pass\u00e9. Je r\u00e9ussissais \u00e0 passer par dessus.<\/p>\n\n\n\n<p class=\"wp-block-paragraph\">C&rsquo;est comme je voyais ma petite copine, avec une glace&#8230; <br>C&rsquo;\u00e9tait la m\u00eame chose&#8230; Cette glace, je la salivais. J&rsquo;\u00e9tais avec elle en train de la l\u00e9cher&#8230; J&rsquo;arrivais \u00e0 avoir le go\u00fbt, dans le palais de sa glace&#8230; et puis finalement quand elle avait fini, et bien j&rsquo;avais fini aussi&#8230; <br>Je r\u00e9ussissais \u00e0 saliver, \u00e0 avoir le go\u00fbt rien qu&rsquo;en la regardant !<\/p>\n\n\n\n<p class=\"wp-block-paragraph\">C&rsquo;\u00e9tait pas un refoulement. Je faisais en sorte que mon besoin soit rempli par mon imagination et au final, il \u00e9tait quand m\u00eame rempli ! <br>Mon envie ? Je la nourrissais dans l&rsquo;imagination, comme quand il y avait des casses, des guerres \u00e0 la maison&#8230;<\/p>\n\n\n\n<p class=\"wp-block-paragraph\">Quand il y avait quelque chose, mon fr\u00e8re et ma s\u0153ur, eux ils \u00e9taient tout scandalis\u00e9s, tout cass\u00e9s&#8230; Et moi je partais dans ma salle en train de danser, en train de r\u00eaver qu&rsquo;il y avait du public, du monde&#8230; Je m&rsquo;imaginais un monde int\u00e9rieur, dans lequel je me r\u00e9parais&#8230;et l\u00e0 c&rsquo;\u00e9tait pareil. Parce que l\u00e0, \u00e7a me faisait tr\u00e8s envie ces petits pains avec ces odeurs &#8230;Je les sentais dans ma bouche !<\/p>\n\n\n\n<p class=\"wp-block-paragraph\">J&rsquo;\u00e9tais comme l&rsquo;autre serveur qu&rsquo;on avait vu en Espagne, qui salivait en d\u00e9coupant le poisson pour servir \u00e0 ses clients, et qui faisait aller sa lange, sa langue sur ses l\u00e8ves&#8230; Hummmm&#8230;! Comme s&rsquo;il n&rsquo;avait pas mang\u00e9 avant son service&#8230;(Rire)<\/p>\n\n\n\n<p class=\"wp-block-paragraph\">Qu&rsquo;est ce qu&rsquo;on s&rsquo;\u00e9tait marr\u00e9, tu te souviens ? <br>Et bien la glace c&rsquo;\u00e9tait pareil&#8230; Je sentais l&rsquo;ar\u00f4me, mais je restais quand m\u00eame sur un seuil pour que \u00e7a soit supportable.<\/p>\n\n\n\n<p class=\"wp-block-paragraph\">J&rsquo;y pensais peut-\u00eatre encore apr\u00e8s, \u00e0 ces petits pains&#8230; <br>Et la fois o\u00f9 j&rsquo;avais vraiment un petit pain, alors l\u00e0&#8230; C&rsquo;\u00e9tait vraiment quelque chose qui me comblait.<\/p>\n\n\n\n<p class=\"wp-block-paragraph\">Je savais qu&rsquo;il fallait que je donne l&rsquo;information \u00e0 mon cerveau, combien c&rsquo;\u00e9tait bon, comment c&rsquo;\u00e9tait, le go\u00fbt&#8230;<\/p>\n\n\n\n<p class=\"wp-block-paragraph\">Et l\u00e0, je r\u00e9ussissais \u00e0 assouvir mon envie par mon imagination&#8230; <br>Je faisais le tour&#8230; Je m&rsquo;auto-hypnotisais, je donnais \u00e0 mon corps l&rsquo;information, et puis apr\u00e8s&#8230; Ben voil\u00e0&#8230; Je l&rsquo;avais mang\u00e9, c&rsquo;\u00e9tait fini !<\/p>\n\n\n\n<p class=\"wp-block-paragraph\">Parce que c&rsquo;est vrai ! <\/p>\n\n\n\n<p class=\"wp-block-paragraph\">Tandis que mon fr\u00e8re il m&rsquo;avait dit :<br>&#8211; Moi ? Je restais dans l&rsquo;envie, frustr\u00e9 !<\/p>\n\n\n\n<p class=\"wp-block-paragraph\">Bien s\u00fbr que j&rsquo;avais aussi eu l&rsquo;envie&#8230; mais l&rsquo;envie, je la comblais, cette envie&#8230;! Je ne la laissais pas sur sa faim quand m\u00eame&#8230;<br>Et finalement je m&rsquo;\u00e9tais quand m\u00eame fait plaisir !<\/p>\n\n\n\n<p class=\"wp-block-paragraph\">Quant \u00e0 ma s\u0153ur ? Pour ne plus avoir ces envies, elle a fait du refoulement, dans le : \u00ab\u00a0Je contr\u00f4le mon corps\u00a0\u00bb&#8230; Par l&rsquo;anorexie !<\/p>\n\n\n\n<p class=\"wp-block-paragraph\">Le : \u00ab\u00a0Je m&rsquo;aide en ne mangeant pas !\u00a0\u00bb <br>&#8230;Mais en donnant aux autres ce que j&rsquo;ai pr\u00e9par\u00e9 \u00e0 manger, pouss\u00e9e par mon envie&#8230;! <br>Mais moi ? je ne le mange pas, je mange par procuration&#8230;<\/p>\n\n\n\n<p class=\"wp-block-paragraph\">Son besoin semblait satisfait, parce qu&rsquo;avec ce transfert, elle se nourrissait en regardant les autres&#8230; Je me nourris, j&rsquo;ai plus faim, c&rsquo;est bon&#8230; !<\/p>\n\n\n\n<p class=\"wp-block-paragraph\">Et l&rsquo;anorexie s&rsquo;est install\u00e9e, petit \u00e0 petit&#8230; en se disant : <br>&#8211; Je contr\u00f4le mon corps, je contr\u00f4le mon corps&#8230;<br>Vous voyez ? J&rsquo;ai plus besoin&#8230; Je le nourris en regardant&#8230;<\/p>\n\n\n\n<p class=\"wp-block-paragraph\">Je suis ma\u00eetre&#8230; Finalement je n&rsquo;ai plus besoin de manger !<\/p>\n\n\n\n<p class=\"wp-block-paragraph\">C&rsquo;est pour montrer la puissance qu&rsquo;ils ont sur eux, c&rsquo;est pour montrer qu&rsquo;ils peuvent se priver de manger. <\/p>\n\n\n\n<p class=\"wp-block-paragraph\">Autorit\u00e9 sur soi, \u00eatre au dessus de tout. Mais aussi, autorit\u00e9 sur les autres&#8230;!<\/p>\n\n\n\n<p class=\"wp-block-paragraph\">Quand j&rsquo;allais la voir \u00e0 l&rsquo;h\u00f4pital, elle me disait :<br>&#8211; Cette pouffe de s\u0153ur elle a voulu me remettre le tuyau (la perfusion) pour m&rsquo;alimenter, parce que j&rsquo;avais perdu 300 g, hein&#8230; ! <br>Cette salope, elle me les a fait reprendre !<\/p>\n\n\n\n<p class=\"wp-block-paragraph\">&#8230;Il y avait un combat de force, contre ceux qui voulait la soigner. Elle voyait un entourage qui l&#8217;emp\u00eachait de faire ce quelle voulait faire.<\/p>\n\n\n\n<p class=\"wp-block-paragraph\">Mes parents lui avaient donn\u00e9e trop de place&#8230;<\/p>\n\n\n\n<p class=\"wp-block-paragraph\">Comme chez notre voisine&#8230; d&rsquo;en face. <br>Les parents n&rsquo;avait pas pris leur premi\u00e8re fille avec eux quand ils \u00e9taient venus en suisse trouver du travail. Alors ils l&rsquo;avaient laiss\u00e9e chez les grands-parents. Mais quand ils ont eu leur deuxi\u00e8me fille, la premi\u00e8re avait 10 ans&#8230; Alors ils sont all\u00e9s la reprendre.<\/p>\n\n\n\n<p class=\"wp-block-paragraph\">Et la deuxi\u00e8me avait toute leur attention, alors ils ont fait le double de ce qu&rsquo;ils auraient d\u00fb faire&#8230; Ils avaient tellement de culpabilit\u00e9 face \u00e0 la premi\u00e8re&#8230; Et elle a fait de l&rsquo;anorexie \u00e0 son adolescence.<\/p>\n\n\n\n<ul class=\"wp-block-list\">\n<li>Quand l&rsquo;enfant est \u00e0 une place qui n&rsquo;est pas la sienne&#8230; alors \u00e0 l&rsquo;adolescence, il vit \u00e7a comme une trahison car il voit le couple&#8230; et il n&rsquo;en fait plus partie !<\/li>\n<\/ul>\n\n\n\n<p class=\"wp-block-paragraph\">Ma s\u0153ur, elle a eu acc\u00e8s \u00e0 mes parents, que ni mon fr\u00e8re, ni moi avons eu, puisqu&rsquo;elle a dormi entre les parents&#8230;<\/p>\n\n\n\n<p class=\"wp-block-paragraph\">&#8211; <em>Mais c&rsquo;\u00e9tait quand elle \u00e9tait toute petite ?<\/em><\/p>\n\n\n\n<p class=\"wp-block-paragraph\">&#8211; Non, mais c&rsquo;est rest\u00e9&#8230; C&rsquo;\u00e9tait une continuit\u00e9, et en fin de compte, quand ils l&rsquo;ont sortie d&rsquo;entre eux deux&#8230; A mon avis, c&rsquo;est l\u00e0, qu&rsquo;elle a fait sa m\u00e9ningite&#8230;<\/p>\n\n\n\n<p class=\"wp-block-paragraph\">Elle \u00e9tait compl\u00e8tement paralys\u00e9e, parce que l&rsquo;histoire ne devait pas se passer comme \u00e7a&#8230; (Elle tape sur la table&#8230; tac tac&#8230;)<\/p>\n\n\n\n<p class=\"wp-block-paragraph\">C&rsquo;est une histoire qui est venue, \u00e0 la suite de \u00e7a.<br>Elle se souvient qu&rsquo;ils la poussaient de c\u00f4t\u00e9 pour avoir des relations&#8230;<\/p>\n\n\n\n<p class=\"wp-block-paragraph\">\u00c7a veut dire que quand ils l&rsquo;ont enlev\u00e9e, \u00e7a n&rsquo;a jamais \u00e9t\u00e9 dit, et qu&rsquo;ils n&rsquo;en ont jamais pris conscience non plus&#8230; et bien, elle a eu sa m\u00e9ningite&#8230; Ce n&rsquo;\u00e9tait pas supportable pour elle !<\/p>\n\n\n\n<p class=\"wp-block-paragraph\">Ma grand m\u00e8re \u00e9tait encore vivante, c&rsquo;\u00e9tait vers 1962-63, je devais avoir 4-5 ans&#8230; et elle 6-7 ans&#8230;<\/p>\n\n\n\n<p class=\"wp-block-paragraph\">&#8211; <em>Et les choses ont suivi derri\u00e8re, apr\u00e8s ?<\/em><\/p>\n\n\n\n<p class=\"wp-block-paragraph\">\u00c7a a donn\u00e9 une enfance plus ou moins normale&#8230; On l&rsquo;a remise au centre de l&rsquo;attention, puisqu&rsquo;elle avait fait sa m\u00e9ningite.<br>Apr\u00e8s ce n&rsquo;\u00e9tait plus les parents qui dormaient \u00e0 c\u00f4t\u00e9, c&rsquo;\u00e9tait moi qui dormait \u00e0 c\u00f4t\u00e9&#8230;<\/p>\n\n\n\n<p class=\"wp-block-paragraph\">Apr\u00e8s le divorce et qu&rsquo;elle allait \u00e0 l&rsquo;\u00e9cole m\u00e9nag\u00e8re, elle faisait des g\u00e2teaux \u00e0 la maison avec plein de sucre dessus&#8230; et elle me for\u00e7ait \u00e0 les manger, du coup j&rsquo;avais pris des kilos pendant mon adolescence&#8230;<\/p>\n\n\n\n<p class=\"wp-block-paragraph\">Et les remarques de ma patronne m&rsquo;ont beaucoup perturb\u00e9e lorsque j&rsquo;ai fait mon apprentissage de coiffure \u00e0 Fribourg. <br>Quand j&rsquo;en ai pris conscience&#8230; J&rsquo;ai arr\u00eat\u00e9 d&rsquo;accepter le dictat de ma s\u0153ur, car j&rsquo;ai eu honte&#8230;<\/p>\n\n\n\n<p class=\"wp-block-paragraph\">Alors qu&rsquo;elle, elle n&rsquo;en mangeait pas !<br>Elle mangeait par procuration en me voyant manger ses g\u00e2teaux.<\/p>\n\n\n\n<p class=\"wp-block-paragraph\">C&rsquo;\u00e9tait sa p\u00e9riode d&rsquo;anorexie, une gal\u00e8re pour les autres&#8230;<br><br><br><\/p>\n","protected":false},"excerpt":{"rendered":"<p>&lt;Enregistr\u00e9 le 13 Octobre 2013, 05 Juillet 2014&gt; Mon fr\u00e8re, il m&rsquo;avait dit que ce dont il avait le plus souffert pendant son enfance, c&rsquo;\u00e9tait de l&rsquo;envie&#8230; Parce que je lui avais demand\u00e9, comment il se sentait quand il voyait les enfants de la boulangerie, avec les petits pains, les croissants et toutes ces bonnes [&hellip;]<\/p>\n","protected":false},"author":1,"featured_media":0,"parent":0,"menu_order":0,"comment_status":"open","ping_status":"closed","template":"pages-chapitre-05","meta":{"footnotes":""},"class_list":["post-858","page","type-page","status-publish","hentry"],"jetpack_sharing_enabled":true,"_links":{"self":[{"href":"https:\/\/mercigracias.ch\/index.php?rest_route=\/wp\/v2\/pages\/858","targetHints":{"allow":["GET"]}}],"collection":[{"href":"https:\/\/mercigracias.ch\/index.php?rest_route=\/wp\/v2\/pages"}],"about":[{"href":"https:\/\/mercigracias.ch\/index.php?rest_route=\/wp\/v2\/types\/page"}],"author":[{"embeddable":true,"href":"https:\/\/mercigracias.ch\/index.php?rest_route=\/wp\/v2\/users\/1"}],"replies":[{"embeddable":true,"href":"https:\/\/mercigracias.ch\/index.php?rest_route=%2Fwp%2Fv2%2Fcomments&post=858"}],"version-history":[{"count":12,"href":"https:\/\/mercigracias.ch\/index.php?rest_route=\/wp\/v2\/pages\/858\/revisions"}],"predecessor-version":[{"id":5546,"href":"https:\/\/mercigracias.ch\/index.php?rest_route=\/wp\/v2\/pages\/858\/revisions\/5546"}],"wp:attachment":[{"href":"https:\/\/mercigracias.ch\/index.php?rest_route=%2Fwp%2Fv2%2Fmedia&parent=858"}],"curies":[{"name":"wp","href":"https:\/\/api.w.org\/{rel}","templated":true}]}}