{"id":928,"date":"2026-01-20T16:31:35","date_gmt":"2026-01-20T16:31:35","guid":{"rendered":"https:\/\/mercigracias.ch\/?page_id=928"},"modified":"2026-07-13T06:19:38","modified_gmt":"2026-07-13T06:19:38","slug":"ma-marraine-de-confirmation","status":"publish","type":"page","link":"https:\/\/mercigracias.ch\/?page_id=928","title":{"rendered":"Ma marraine de confirmation"},"content":{"rendered":"\n<p class=\"wp-block-paragraph\">&lt;Enregistr\u00e9 le 13 Octobre 2013&gt;<\/p>\n\n\n\n<p class=\"wp-block-paragraph\">Ma marraine de bapt\u00eame, elle avait la lumi\u00e8re, le soleil rayonnait en elle. Oui, elle avait quelque chose&#8230;  C&rsquo;\u00e9tait la marraine qu&rsquo;on m&rsquo;avait donn\u00e9 au bapt\u00eame, la s\u0153ur de mon p\u00e8re&#8230; C&rsquo;\u00e9tait une personne qui ne vivait pas dans la mati\u00e8re, aucune mati\u00e8re mais dans le c\u0153ur.<\/p>\n\n\n\n<p class=\"wp-block-paragraph\">Mais ma marraine de confirmation, c&rsquo;est moi qui l&rsquo;ai choisie&#8230; !<\/p>\n\n\n\n<p class=\"wp-block-paragraph\">Je me souviens tr\u00e8s bien quand je l&rsquo;ai choisie&#8230; Je l&rsquo;ai m\u00eame choisie tr\u00e8s t\u00f4t, puisque je n&rsquo;avais que dix ans&#8230; <br>Elle venait aider au restaurant et c&rsquo;\u00e9tait la seule qui avait la capacit\u00e9 de remplacer compl\u00e8tement Maman&#8230;<br>Elle venait chez nous, quand il y avait des lotos, quand il y avait des banquets ou quand il y avait des mariages&#8230;<\/p>\n\n\n\n<p class=\"wp-block-paragraph\">Maman, elle voulait tout g\u00e9rer elle-m\u00eame, alors quand elle se voyait compl\u00e8tement d\u00e9pass\u00e9e, c&rsquo;\u00e9tait la catastrophe, le d\u00e9bordement et tout d&rsquo;un coup, c&rsquo;\u00e9tait : <br>&#8211; Oh mon Dieu&#8230; Je ne sais pas comment on va s&rsquo;en sortir, je n&rsquo;y arrive plus&#8230; Alors la seule chose, il fallait lui t\u00e9l\u00e9phoner, et \u00e0 ce moment l\u00e0, elle t\u00e9l\u00e9phonait et elle lui r\u00e9pondait : <br>&#8211; Je prends un tablier, et j&rsquo;arrive&#8230;<\/p>\n\n\n\n<p class=\"wp-block-paragraph\">Elle \u00e9tait toujours pr\u00e9sente et quand elle arrivait, Maman lui disait : <br>&#8211; Et bien il y a la salle, il y a ci, il y a \u00e7a&#8230;<br>&#8211; Ok, ben voil\u00e0.<\/p>\n\n\n\n<p class=\"wp-block-paragraph\">Et c&rsquo;\u00e9tait tout&#8230; Quand on sentait les grands coups de stress de ma m\u00e8re, la seule personne qui pouvait avoir la magie de la d\u00e9charger totalement, c&rsquo;\u00e9tait elle&#8230; Elle avait cette capacit\u00e9 de tout voir, d&rsquo;observer, de tout commander et d&rsquo;avoir l&rsquo;\u0153il&#8230; C&rsquo;\u00e9tait la seule personne \u00e0 qui elle pouvait laisser les choses et dire je suis tranquille.<\/p>\n\n\n\n<p class=\"wp-block-paragraph\">Ben voil\u00e0, il va falloir monter ici, faire \u00e7a&#8230;  Elle n&rsquo;avait pas besoin beaucoup de se d\u00e9placer, elle \u00e9tait juste l\u00e0 au contr\u00f4le, elle avait ce truc un peu comme mon p\u00e8re.<\/p>\n\n\n\n<p class=\"wp-block-paragraph\">Mon P\u00e8re, c&rsquo;\u00e9tait \u00e7a aussi&#8230;<\/p>\n\n\n\n<p class=\"wp-block-paragraph\">Ce n&rsquo;\u00e9tait pas la prestance, le physique c&rsquo;\u00e9tait plus que \u00e7a&#8230;<br>Elle faisait 120 kilos, alors ne pouvait pas bien avancer, mais elle avait la capacit\u00e9 de tout improviser, de tout r\u00e9unir, d&rsquo;\u00e9couter et de tout g\u00e9rer. Mais surtout elle avait ce que je trouvais magnifique en \u00e9tant enfant :<\/p>\n\n\n\n<ul class=\"wp-block-list\">\n<li>Elle avait l&rsquo;\u0153il juste !<\/li>\n<\/ul>\n\n\n\n<p class=\"wp-block-paragraph\">En g\u00e9n\u00e9ral ce sont des chefs&#8230; On leur donne le pouvoir. Maman lui donnait le pouvoir et elle disait : <br>&#8211; Regarde avec elle&#8230; <\/p>\n\n\n\n<p class=\"wp-block-paragraph\">Elle avait toute confiance en elle. C&rsquo;\u00e9tait comme la Miss \u00e0 l&rsquo;\u00e9cole de coiffure, c&rsquo;est pareil&#8230; Il faut avoir l&rsquo;\u0153il&#8230; Et mon P\u00e8re l&rsquo;avait aussi&#8230; Il disait : <br>&#8211; Il ne faut pas \u00eatre seulement l\u00e0, mais il faut \u00eatre l\u00e0, et puis l\u00e0&#8230; Il faut \u00eatre partout !<\/p>\n\n\n\n<p class=\"wp-block-paragraph\">Quand tu diriges un groupe comme \u00e7a, il faut non seulement avoir l&rsquo;autorit\u00e9 mais il faut avoir l&rsquo;\u0153il, et la confiance. Parce que il faut aussi que les autres acceptent&#8230; Les patrons, ne les veulent pas, en g\u00e9n\u00e9ral les gens qui n&rsquo;acceptent pas, ils sont dehors&#8230; Ils partent, ou le patron les met dehors.<\/p>\n\n\n\n<p class=\"wp-block-paragraph\">La capacit\u00e9 d&rsquo;observation et de comprendre ce qui se passe et ce qu&rsquo;il faut, \u00e7a c&rsquo;est du tr\u00e8s grand potentiel !<\/p>\n\n\n\n<p class=\"wp-block-paragraph\">Elle comprenait o\u00f9 il y avait les manques. Quand tu lui disais les manques, en quelques mots elle avait vu les choses&#8230;<\/p>\n\n\n\n<p class=\"wp-block-paragraph\">Parce que tu vois, va dire \u00e0 n&rsquo;importe qui : <br>&#8211; Voil\u00e0, il y a ci et \u00e7a&#8230;<br>Si tu n&rsquo;expliques pas en long et en large&#8230; Elle ? Elle savait observer et s&rsquo;organiser, elle avait une bonne vision, mais elle savait diriger aussi.<\/p>\n\n\n\n<p class=\"wp-block-paragraph\">Maman, elle n&rsquo;avait pas la capacit\u00e9 de diriger du monde&#8230; Elle pouvait organiser, faire, mais diriger ce n&rsquo;\u00e9tait pas quelque chose qui lui allait !<\/p>\n\n\n\n<p class=\"wp-block-paragraph\">Alors pour moi, cette voisine repr\u00e9sentait beaucoup, puisque finalement c&rsquo;\u00e9tait quelqu&rsquo;un qui venait nous sauver&#8230; Parce qu&rsquo;en \u00e9tant enfant, j&rsquo;\u00e9tais avec Maman et je voyais bien quand elle \u00e9tait stress\u00e9e&#8230; Alors quand je la sentais soucieuse : <br>&#8211; Je ne sais pas comment on va faire, qu&rsquo;elle me disait&#8230;<br>Et moi depuis toujours qui voulais la soulager&#8230; Alors je lui disais :<br>&#8211; Ecoute, il y a quelque chose que je peux faire&#8230;?<\/p>\n\n\n\n<p class=\"wp-block-paragraph\">&#8211; Ah mais je ne sais pas comment faire sans sommeli\u00e8re maintenant&#8230; <br>Alors je lui disais que j&rsquo;allais la remplacer&#8230; Et quand il y avait du monde :<br>&#8211; Je peux servir Jeudi, jeudi apr\u00e8s midi, il n&rsquo;y a pas de souci&#8230; !<\/p>\n\n\n\n<p class=\"wp-block-paragraph\">Chaque fois qu&rsquo;elle avait un souci, je sentais ses angoisses et \u00e7a devenait aussi mon souci&#8230;<\/p>\n\n\n\n<p class=\"wp-block-paragraph\">Alors quand j&rsquo;ai senti que cette dame pouvait faire quelque chose pour elle, qu&rsquo;elle avait la magie de pouvoir dire : <br>&#8211; Mais non, ne t&rsquo;inqui\u00e8te pas, je serai l\u00e0&#8230;<\/p>\n\n\n\n<p class=\"wp-block-paragraph\">Je me suis dit : <br>&#8211; Tiens, tiens, et bien c&rsquo;est elle, que je devrais prendre comme Marraine ! C&rsquo;\u00e9tait comme une petite voix qui m&rsquo;avait parl\u00e9 tout bas.<\/p>\n\n\n\n<p class=\"wp-block-paragraph\">J&rsquo;avais vu cette femme qui g\u00e9rait, et je la trouvais magnifique&#8230;<br>Je trouvais qu&rsquo;elle avait quelque chose de fantastique, c&rsquo;est comme si elle \u00e9tait un \u00e9l\u00e9ment que je devais rencontrer, pour atterrir chez elle&#8230;<\/p>\n\n\n\n<p class=\"wp-block-paragraph\">J&rsquo;avais d\u00e9j\u00e0 \u00e9t\u00e9 touch\u00e9e par ma marraine de Bapt\u00eame, par sa simplicit\u00e9, par ce c\u0153ur ouvert, malgr\u00e9 qu&rsquo;on disait d&rsquo;elle, \u00ab\u00a0La toyette\u00a0\u00bb&#8230;<br>Maman disait, oui c&rsquo;est un peu \u00ab\u00a0une toyette\u00a0\u00bb&#8230; enfin, bref une simplette&#8230; Ce que disait aussi l&rsquo;autre tante, sa petite s\u0153ur&#8230;<\/p>\n\n\n\n<p class=\"wp-block-paragraph\">Mais moi j&rsquo;aimais ma marraine parce que je sentais qu&rsquo;elle avait un c\u0153ur ouvert et j&rsquo;aimais beaucoup ce c\u0153ur ouvert&#8230;<\/p>\n\n\n\n<p class=\"wp-block-paragraph\">Alors cette dame, quand je l&rsquo;ai vue g\u00e9rer, je me suis dit : <br>&#8211; Voil\u00e0&#8230; Celle-l\u00e0, elle va t&rsquo;apporter l&rsquo;organisation, la vision juste.<br>Elle voit les choses justes, enfin tous ces \u00e9l\u00e9ments l\u00e0&#8230;<\/p>\n\n\n\n<p class=\"wp-block-paragraph\">Je me souviens que je montais les escaliers pour apporter en haut, porter des plateaux pour jouer et je m&rsquo;\u00e9tais dis :<br>&#8211; Tiens, mais c&rsquo;est elle qu&rsquo;il te faut comme marraine de confirmation !<\/p>\n\n\n\n<p class=\"wp-block-paragraph\">Cette femme, c&rsquo;\u00e9tait comme si elle allait me donner un coup de baguette magique, tout \u00e7a en faisant ma confirmation avec elle&#8230; J&rsquo;avais 10 ans. <br>Alors entre deux, quand on a eu fini notre temps&#8230; Je lui ai demand\u00e9 si elle serait d&rsquo;accord, pour \u00eatre ma marraine de confirmation&#8230;<\/p>\n\n\n\n<p class=\"wp-block-paragraph\">Et elle m&rsquo;a r\u00e9pondu, Oui&#8230; sur le champ !<\/p>\n\n\n\n<p class=\"wp-block-paragraph\">Mais plus tard, c&rsquo;est elle qui est revenue \u00e0 charge&#8230; Un ou deux ans apr\u00e8s, elle m&rsquo;a demand\u00e9 que je passe chez elle&#8230; Et quand je suis arriv\u00e9e chez elle, je ne m&rsquo;y attendais pas, mais elle m&rsquo;a dit :<br>&#8211; Qu&rsquo;est ce que tu souhaites pour ta confirmation&#8230;?<\/p>\n\n\n\n<p class=\"wp-block-paragraph\">Elle n&rsquo;avait pas oubli\u00e9&#8230; Et je me suis dit : <br>&#8211; Mais on ne m&rsquo;a jamais demand\u00e9 ce que je souhaitais&#8230; <br>Non, On ne m&rsquo;a jamais demand\u00e9&#8230;<\/p>\n\n\n\n<p class=\"wp-block-paragraph\">Alors elle a r\u00e9p\u00e9t\u00e9 :<br>&#8211; Qu&rsquo;est ce que tu souhaites&#8230;? <br>&#8211; Alors si je peux avoir un souhait&#8230; J&rsquo;aimerais \u00eatre habill\u00e9e tout en rouge, comme le chaperon rouge&#8230;<\/p>\n\n\n\n<p class=\"wp-block-paragraph\">Et elle m&rsquo; a dit : <br>&#8211; Alors tu seras tout en rouge&#8230;!<\/p>\n\n\n\n<p class=\"wp-block-paragraph\">J&rsquo;avais beaucoup appr\u00e9ci\u00e9, parce que je ne lui avais demand\u00e9 qu&rsquo;une seule fois mais elle s&rsquo;\u00e9tait renseign\u00e9e quand ma confirmation aurait lieu, et c&rsquo;est elle qui avait pris les rennes par la suite pour que \u00e7a se fasse&#8230; Elle \u00e9tait contente d&rsquo;\u00eatre ma marraine.<br><br>Alors \u00e0 ma confirmation, j&rsquo;\u00e9tais tout en rouge, jusqu&rsquo;aux souliers&#8230; <br>Ils \u00e9taient rouges&#8230;(Rire) J&rsquo;avais juste les chaussettes blanches&#8230; !<\/p>\n\n\n\n<p class=\"wp-block-paragraph\">Et par la suite, pour mes \u00e9trennes, elle m&rsquo;a m\u00eame offert un sac d&rsquo;\u00e9cole, rouge &#8230;et une veste d&rsquo;hiver rouge&#8230; <br>Moi qui avait toujours eu les vielles vestes de ma s\u0153ur&#8230; et les vieux chni de toute le monde.<br>Je n&rsquo;avais jamais eu ma propre veste, et l\u00e0 j&rsquo;ai eu ma veste rouge, mon manteau rouge, elle avait capt\u00e9 que je voulais du rouge&#8230; <br>Elle \u00e9tait d&rsquo;une grande g\u00e9n\u00e9rosit\u00e9, parce qu&rsquo;elle avait compris que je voulais imposer ma pr\u00e9sence, et que j&rsquo;en avais marre du bleu&#8230;<\/p>\n\n\n\n<p class=\"wp-block-paragraph\">Je voulais ma couleur \u00e0 moi !<\/p>\n\n\n\n<p class=\"wp-block-paragraph\">Parce qu&rsquo;elle savait, et qu&rsquo;elle voulait que \u00e7a soit aussi mon choix. Cette femme, j&rsquo;\u00e9tais vraiment tr\u00e8s fi\u00e8re de l&rsquo;avoir choisie, parce qu&rsquo;elle r\u00e9alisait ce qui \u00e9tait juste.<\/p>\n\n\n\n<p class=\"wp-block-paragraph\">Elle avait comme cette justice, la terre !<\/p>\n\n\n\n<p class=\"wp-block-paragraph\">Elle avait cet \u0153il tellement juste, m\u00eame par rapport \u00e0 ses enfants aussi. Son enfant pr\u00e9f\u00e9r\u00e9, son gar\u00e7on, celui qu&rsquo;elle aimait le plus, mais il n&rsquo;avait pas agit correctement, elle lui a donn\u00e9 la justice, de la terre jusqu&rsquo;au bout, jusqu&rsquo;\u00e0 la fin.<\/p>\n\n\n\n<p class=\"wp-block-paragraph\">J&rsquo;ai une profonde admiration, parce que pour dire qu&rsquo;enfant, il avait eu un accident, il \u00e9tait rest\u00e9 trois semaines dans le coma&#8230; Elle aurait pu lui donner son pardon, et tout&#8230; Et bien, elle a dit&#8230; Non Non Non&#8230;Tu ne veux pas comprendre les choses ? Ben maintenant tu vas les comprendre diff\u00e9remment&#8230; Et puis je te les donne parce que je t&rsquo;aime&#8230; pour que tu comprennes quelque chose qui te touche au plus profond de toi m\u00eame&#8230;<\/p>\n\n\n\n<p class=\"wp-block-paragraph\">J&rsquo;ai une profonde admiration pour elle, c&rsquo;est comme si on m&rsquo;avait donn\u00e9 en premier avec ma marraine de bapt\u00eame, l&rsquo;Amour du c\u0153ur, et avec la deuxi\u00e8me cette capacit\u00e9 par rapport \u00e0 la terre.<\/p>\n\n\n\n<p class=\"wp-block-paragraph\">C&rsquo;\u00e9tait Enorme !<\/p>\n\n\n\n<p class=\"wp-block-paragraph\">J&rsquo;ai trouv\u00e9 qu&rsquo;il y avait un potentiel dans ces deux personnes qui \u00e9tait fantastique, c&rsquo;\u00e9tait magistral&#8230;<\/p>\n\n\n\n<p class=\"wp-block-paragraph\">Elle m&rsquo;avait donn\u00e9e une grande le\u00e7on de vie&#8230;<\/p>\n\n\n\n<p class=\"wp-block-paragraph\">Tu vois, d\u00e9j\u00e0 en \u00e9tant jeune, j&rsquo;avais compris&#8230;<\/p>\n","protected":false},"excerpt":{"rendered":"<p>&lt;Enregistr\u00e9 le 13 Octobre 2013&gt; Ma marraine de bapt\u00eame, elle avait la lumi\u00e8re, le soleil rayonnait en elle. Oui, elle avait quelque chose&#8230; C&rsquo;\u00e9tait la marraine qu&rsquo;on m&rsquo;avait donn\u00e9 au bapt\u00eame, la s\u0153ur de mon p\u00e8re&#8230; C&rsquo;\u00e9tait une personne qui ne vivait pas dans la mati\u00e8re, aucune mati\u00e8re mais dans le c\u0153ur. Mais ma marraine [&hellip;]<\/p>\n","protected":false},"author":1,"featured_media":0,"parent":0,"menu_order":0,"comment_status":"open","ping_status":"closed","template":"pages-chapitre-05","meta":{"footnotes":""},"class_list":["post-928","page","type-page","status-publish","hentry"],"jetpack_sharing_enabled":true,"_links":{"self":[{"href":"https:\/\/mercigracias.ch\/index.php?rest_route=\/wp\/v2\/pages\/928","targetHints":{"allow":["GET"]}}],"collection":[{"href":"https:\/\/mercigracias.ch\/index.php?rest_route=\/wp\/v2\/pages"}],"about":[{"href":"https:\/\/mercigracias.ch\/index.php?rest_route=\/wp\/v2\/types\/page"}],"author":[{"embeddable":true,"href":"https:\/\/mercigracias.ch\/index.php?rest_route=\/wp\/v2\/users\/1"}],"replies":[{"embeddable":true,"href":"https:\/\/mercigracias.ch\/index.php?rest_route=%2Fwp%2Fv2%2Fcomments&post=928"}],"version-history":[{"count":10,"href":"https:\/\/mercigracias.ch\/index.php?rest_route=\/wp\/v2\/pages\/928\/revisions"}],"predecessor-version":[{"id":5701,"href":"https:\/\/mercigracias.ch\/index.php?rest_route=\/wp\/v2\/pages\/928\/revisions\/5701"}],"wp:attachment":[{"href":"https:\/\/mercigracias.ch\/index.php?rest_route=%2Fwp%2Fv2%2Fmedia&parent=928"}],"curies":[{"name":"wp","href":"https:\/\/api.w.org\/{rel}","templated":true}]}}