{"id":952,"date":"2026-01-20T21:23:09","date_gmt":"2026-01-20T21:23:09","guid":{"rendered":"https:\/\/mercigracias.ch\/?page_id=952"},"modified":"2026-07-13T06:12:55","modified_gmt":"2026-07-13T06:12:55","slug":"mes-grands-parents","status":"publish","type":"page","link":"https:\/\/mercigracias.ch\/?page_id=952","title":{"rendered":"Mes grands-parents"},"content":{"rendered":"\n<p class=\"wp-block-paragraph\">&lt;Enregistr\u00e9 les 06 D\u00e9cembre 2014, 30 Octobre 2016, <br>et 08 Septembre 2021&gt;<\/p>\n\n\n\n<p class=\"wp-block-paragraph\">Le papa de Maman, j&rsquo;avais aim\u00e9 son visage&#8230; Il \u00e9tait tr\u00e8s doux. J&rsquo;avais trouv\u00e9 qu&rsquo;il avait un c\u00f4t\u00e9 artiste, derri\u00e8re son c\u00f4t\u00e9 alcoolique.<br>C&rsquo;\u00e9tait un artiste. Il \u00e9tait fl\u00e9tri par la vie, mais il m&rsquo;avait touch\u00e9e dans son c\u0153ur.<\/p>\n\n\n\n<p class=\"wp-block-paragraph\">Par contre le p\u00e8re au P\u00e8re, tu sentais un homme glacial&#8230; Tu avais l&rsquo;impression qu&rsquo;il tenait un ch\u00e2teau, alors qu&rsquo;ils n&rsquo;avaient rien de rien&#8230;<\/p>\n\n\n\n<p class=\"wp-block-paragraph\">Il \u00e9tait fermier, et il avait d\u00fb placer mon p\u00e8re \u00e0 13 ans parce qu&rsquo;il n&rsquo;avait pas de quoi le nourrir et qu&rsquo;il y avait une petite s\u0153ur qui venait de naitre&#8230; Mais il avait quelque chose en lui, tu l&rsquo;aurais mis dans un tableau&#8230; Moi, je me souviens j&rsquo;\u00e9tais toute petite, mais j&rsquo;\u00e9tais tellement impressionn\u00e9e par sa prestance.<\/p>\n\n\n\n<p class=\"wp-block-paragraph\">Et sur son lit de mort, ce qui m&rsquo;avait frapp\u00e9, je crois qu&rsquo;il avait 87 ans&#8230; C&rsquo;est qu&rsquo;il \u00e9tait toujours aussi fier, sans rides, sans rien&#8230; <br>Toujours avec cette beaut\u00e9 parfaite, une classe qui \u00e9tait gratuite&#8230;<\/p>\n\n\n\n<div class=\"wp-block-columns is-layout-flex wp-container-core-columns-is-layout-794e3cfa wp-block-columns-is-layout-flex\">\n<div class=\"wp-block-column is-layout-flow wp-block-column-is-layout-flow\">\n<p class=\"wp-block-paragraph\">Quand on allait voir nos grands parents paternels, on \u00e9taient tous habill\u00e9s en costume folklorique&#8230;<\/p>\n\n\n\n<p class=\"wp-block-paragraph\">On \u00e9tait tous les trois bien align\u00e9s assis sur le canap\u00e9&#8230;<\/p>\n\n\n\n<p class=\"wp-block-paragraph\">Assis au bout, pour \u00eatre vraiment droit.<\/p>\n<\/div>\n\n\n\n<div class=\"wp-block-column is-layout-flow wp-block-column-is-layout-flow\">\n<figure class=\"wp-block-image size-full\"><img loading=\"lazy\" decoding=\"async\" width=\"1779\" height=\"2560\" src=\"https:\/\/mercigracias.ch\/wp-content\/uploads\/2026\/01\/0012_folklorique-scaled.jpg\" alt=\"\" class=\"wp-image-951\" style=\"aspect-ratio:2\/3;object-fit:contain\" srcset=\"https:\/\/mercigracias.ch\/wp-content\/uploads\/2026\/01\/0012_folklorique-scaled.jpg 1779w, https:\/\/mercigracias.ch\/wp-content\/uploads\/2026\/01\/0012_folklorique-208x300.jpg 208w, https:\/\/mercigracias.ch\/wp-content\/uploads\/2026\/01\/0012_folklorique-711x1024.jpg 711w, https:\/\/mercigracias.ch\/wp-content\/uploads\/2026\/01\/0012_folklorique-768x1105.jpg 768w, https:\/\/mercigracias.ch\/wp-content\/uploads\/2026\/01\/0012_folklorique-1067x1536.jpg 1067w, https:\/\/mercigracias.ch\/wp-content\/uploads\/2026\/01\/0012_folklorique-1423x2048.jpg 1423w\" sizes=\"auto, (max-width: 1779px) 100vw, 1779px\" \/><\/figure>\n<\/div>\n<\/div>\n\n\n\n<p class=\"wp-block-paragraph\">On nous proposait un pain d&rsquo;anis, mais comme il \u00e9tait sec&#8230; qu&rsquo;il \u00e9tait dur comme de la pierre, on le faisait durer assez longtemps pour qu&rsquo;on ne nous en pr\u00e9sente pas un deuxi\u00e8me&#8230;(Rire)<\/p>\n\n\n\n<p class=\"wp-block-paragraph\">Mon p\u00e8re arrivait avec son costume comme d&rsquo;habitude&#8230; Il \u00e9tait toujours en cravate. Il \u00e9tait toujours impeccable mon p\u00e8re ! <br>On \u00e9tait fier, hein&#8230; Ma m\u00e8re aussi, bien arrang\u00e9e, mais c&rsquo;\u00e9tait vraiment : <br>&#8211; Je vous emmerde ! (Rire aux \u00e9clats)<\/p>\n\n\n\n<p class=\"wp-block-paragraph\">C&rsquo;\u00e9tait pour montrer sa r\u00e9ussite \u00e0 sa m\u00e8re&#8230; Voil\u00e0 , et bien nous voil\u00e0, j&rsquo;ai r\u00e9ussi&#8230; pour dire \u00e0 sa m\u00e8re, qui l&rsquo;avait mis \u00e0 la porte de chez eux&#8230;<br>Un soir aussi, quand il \u00e9tait revenu de son service militaire un week-end, alors qu&rsquo;il pleuvait, elle lui a dit&#8230; mais vous n&rsquo;habitez plus ici !<\/p>\n\n\n\n<p class=\"wp-block-paragraph\">Ma grand-m\u00e8re quand on arrivait sur le pas de porte, elle nous disait toujours :<\/p>\n\n\n\n<figure class=\"wp-block-audio\"><audio controls src=\"https:\/\/mercigracias.ch\/wp-content\/uploads\/2026\/01\/20210908-2120_Residence-Tirreno-6-A.m4a\"><\/audio><\/figure>\n\n\n\n<p class=\"wp-block-paragraph\">Krassmen&#8230; es gibt bibeli&#8230; pas de bisous, \u00e7a donne des boutons&#8230;<\/p>\n\n\n\n<p class=\"wp-block-paragraph\">Elle tirait les choses \u00e0 elle. Elle \u00e9tait assez capricieuse, je ne sais pas comment elle \u00e9tait faite&#8230; Parce que pour l&rsquo;\u00e9poque, c&rsquo;\u00e9tait rare que les gens parlent de leurs \u00e9motions, de ce qu&rsquo;ils ressentaient&#8230;<\/p>\n\n\n\n<p class=\"wp-block-paragraph\">Un jour, quand on \u00e9tait all\u00e9 chez elle, alors que son mari, notre grand p\u00e8re, \u00e9tait \u00e0 l&rsquo;h\u00f4pital&#8230; Il y \u00e9tait parti pour une pneumonie, et elle nous avait dit : <br>&#8211; Aahh&#8230; J&rsquo;esp\u00e8re qu&rsquo;il ne va pas rentrer&#8230; J&rsquo;esp\u00e8re que \u00e7a sera fini&#8230;(Rire) Je suis toute enferm\u00e9e dans ce lit avec, mais je ne l&rsquo;aime plus, qu&rsquo;elle nous disait&#8230; Et elle parlait de ses \u00e9motions, elle parlait de choses que personne ne parlait \u00e0 l&rsquo;\u00e9poque et elle avait toute sa t\u00eate !<br>Mais ouiiii&#8230; ! Elle avait pass\u00e9 80 mais elle parlait de choses que personne ne disait&#8230;<\/p>\n\n\n\n<p class=\"wp-block-paragraph\">&#8211; <em>Oui mais \u00e0 80 c&rsquo;\u00e9tait peut-\u00eatre le contr\u00f4le de l&rsquo;inhibition que ne se faisait plus&#8230;?<\/em> <br>&#8211; Mais non, elle avait toujours \u00e9t\u00e9 comme \u00e7a&#8230; mais par rapport \u00e0 ses enfants, c&rsquo;\u00e9tait tr\u00e8s militaire&#8230; Mais celle avec qui elle \u00e9tait la plus laxiste, c&rsquo;\u00e9tait avec la petite derni\u00e8re&#8230; Celle pour qui mon p\u00e8re avait \u00e9t\u00e9 plac\u00e9 \u00e0 13 ans dans une ferme&#8230;<\/p>\n\n\n\n<p class=\"wp-block-paragraph\">Les gar\u00e7ons, ils \u00e9taient pour faire selon elle&#8230; Les gar\u00e7ons, elle les utilisait, voil\u00e0. Mais ma marraine de bapt\u00eame, elle l&rsquo;utilisait aussi, elle \u00e9tait tellement gentille et joyeuse&#8230;<\/p>\n\n\n\n<p class=\"wp-block-paragraph\">Tu comprends, ma grand-m\u00e8re avait d\u00fb se marier parce qu&rsquo;elle \u00e9tait tomb\u00e9e enceinte de mon p\u00e8re, c&rsquo;\u00e9tait lui l&rsquo;ain\u00e9&#8230; Oufff&#8230; Sinon elle devait \u00eatre assez gai comme femme autrement&#8230; Parce que ma marraine, la premi\u00e8re fille, elle rigolait facilement et mon p\u00e8re aussi&#8230; <br>Celui qui \u00e9tait toujours triste c&rsquo;\u00e9tait le petit fr\u00e8re de mon p\u00e8re, leur troisi\u00e8me enfant, mon parrain&#8230; Celui qui m&rsquo;a l\u00e9gu\u00e9 le secret, avant de mourir&#8230;<\/p>\n\n\n\n<p class=\"wp-block-paragraph\">Lui, il n&rsquo;a pas r\u00e9ussi \u00e0 vivre&#8230; Il est rest\u00e9 seul, pour s&rsquo;occuper de ses parents jusqu&rsquo;\u00e0 leur mort, puis apr\u00e8s il est parti les rejoindre.<\/p>\n\n\n\n<p class=\"wp-block-paragraph\">Dr\u00f4le de vie, tout de m\u00eame&#8230;<\/p>\n\n\n\n<p class=\"wp-block-paragraph\">Mais avec la grand-m\u00e8re, on n&rsquo; avait pas beaucoup de contact, parce que c&rsquo;\u00e9tait la m\u00e8re de Papa, et soi disant qu&rsquo;elle avait dit qu&rsquo;elle n&rsquo;assisterait pas \u00e0 son mariage parce que c&rsquo;\u00e9tait un m\u00e9chant homme&#8230;<\/p>\n\n\n\n<p class=\"wp-block-paragraph\">En fin de compte, il a fallu des ann\u00e9es pour comprendre que ce m\u00e9chant homme, elle l&rsquo;avait plac\u00e9 dans une ferme \u00e0 13-14 ans pour travailler et leur ramener son salaire et qu&rsquo;\u00e0 20 ans quand il \u00e9tait revenu qu&rsquo;il ne savait pas o\u00f9 aller, elle lui avait dit : <br>&#8211; Mais vous n&rsquo;habitez plus ici !<\/p>\n\n\n\n<p class=\"wp-block-paragraph\">&#8230;Parce qu&rsquo;ils se vouvoyaient en plus !<br>Mais elle esp\u00e9rait quoi ? Franchement&#8230; et ils nous ont fait gober \u00e7a pendant des ann\u00e9es&#8230; C&rsquo;\u00e9tait juste monstrueux !<\/p>\n\n\n\n<p class=\"wp-block-paragraph\">Enfin, on n&rsquo;avait pas de contact, et puis une fois qu&rsquo;on avait quitt\u00e9 le restaurant, apr\u00e8s le clash. Alors lui, il a recommenc\u00e9 \u00e0 avoir contact, quand elle \u00e9tait malade. Ma m\u00e8re et ma s\u0153ur, elles y allaient aussi&#8230; Ma s\u0153ur y allait pour lui faire les pieds et Maman, elle y a \u00e9t\u00e9 pour la veiller sur son lit de mort&#8230; Elle allait la veiller la nuit et puis elle retournait travailler \u00e0 la Migros le matin, elle prenait le train vers 6:00&#8230;<\/p>\n\n\n\n<p class=\"wp-block-paragraph\">Moi, on m&rsquo;avait m\u00eame fait venir pour la trouver&#8230; Je me souviens, quand je suis rentr\u00e9e dans sa chambre d&rsquo;h\u00f4pital, elle \u00e9tait remplie d&rsquo;appareil tout autour d&rsquo;elle et elle faisait juste des petits signes de t\u00eate ou des yeux, comme \u00e7a&#8230;<br>Et ma s\u0153ur me disait :<br>&#8211; Avance, avance&#8230; tu vois bien qu&rsquo;elle veut te toucher&#8230; Viens un petit peu vers elle&#8230;<\/p>\n\n\n\n<p class=\"wp-block-paragraph\">Alors qu&rsquo;elle n&rsquo;aimait pas qu&rsquo;on l&#8217;embrasse, que \u00e7a faisait des boutons&#8230;? Moi j&rsquo;ai dit : <br>&#8211; Non mais \u00e7a va ou bien ? On m&rsquo;a toujours dit que ce n&rsquo;\u00e9tait pas bon, et l\u00e0, tout d&rsquo;un coup parce qu&rsquo;elle est malade, c&rsquo;est bien ?<\/p>\n\n\n\n<p class=\"wp-block-paragraph\">Et quand elle est morte, c&rsquo;\u00e9tait presque devenu une brave femme&#8230;  Aaahhhh,  on est o\u00f9 l\u00e0 ?<\/p>\n\n\n\n<p class=\"wp-block-paragraph\">Avec le p\u00e8re c&rsquo;\u00e9tait pareil quand il est mort&#8230; Il avait annonc\u00e9 ses derni\u00e8res volont\u00e9s, il avait m\u00eame mis dans notre porte monnaie qu&rsquo;il voulait qu&rsquo;on attende, je crois deux fois 48 heures, qu&rsquo;il ne voulait pas de fleurs, qu&rsquo;il ne voulait pas de ci, qu&rsquo;il ne voulait pas de \u00e7a&#8230; pas d&rsquo;\u00e9glise.<\/p>\n\n\n\n<p class=\"wp-block-paragraph\">Et bien, non&#8230; on a tout fait !<\/p>\n\n\n\n<p class=\"wp-block-paragraph\">Moi, je me suis f\u00e2ch\u00e9e, avec mon fr\u00e8re&#8230; je lui ai dit : <br>&#8211; Mais Il a dit pas de fleurs !<br>Alors on n&rsquo;a pas fait de son vivant, qu&rsquo;est ce qu&rsquo;on va faire maintenant ?Qu&rsquo;on respecte ce qu&rsquo;il veut, nom de bleu&#8230;!<br>On n&rsquo;a pas \u00e9t\u00e9 pr\u00e9sents, on n&rsquo;a rien fait&#8230;<br>Alors pourquoi maintenant on va faire ?&#8230; parce qu&rsquo;il y a les autres ? <br>Parce qu&rsquo;on doit montrer une image ?<\/p>\n\n\n\n<p class=\"wp-block-paragraph\">Mais c&rsquo;\u00e9tait \u00e7a les Fribourgeois&#8230; Il fallait faire bonne fa\u00e7on !<br>Bon, je ne sais pas si c&rsquo;\u00e9tait Fribourgeois ou si c&rsquo;\u00e9tait Maman&#8230; ou mon fr\u00e8re. Parce que mon fr\u00e8re aussi, il est comme \u00e7a, la parade&#8230;!<\/p>\n\n\n\n<p class=\"wp-block-paragraph\">Donc ils lui ont fait un truc&#8230; Moi j&rsquo;ai trouv\u00e9 \u00e7a totalement aberrant&#8230; Jusqu&rsquo;au bout, il n&rsquo;ont pas eu le moindre de respect, jusqu&rsquo;au bout !<\/p>\n\n\n\n<p class=\"wp-block-paragraph\">Il avait dit : <br>&#8211; Je ne veux rien !<\/p>\n\n\n\n<p class=\"wp-block-paragraph\">Moi, maintenant quand je vais le trouver sur sa tombe, quand je vais pointer au ch\u00f4mage&#8230; quand J&rsquo;ai envie de m&rsquo;arr\u00eater&#8230;<br>Alors je vais prendre une bougie, et je vais lui allumer une bougie.<br>Je ne vais pas y mettre des fleurs&#8230; Il a dit : <br>&#8211; Je ne veux rien&#8230; J&rsquo;ai juste envie d&rsquo;\u00eatre face au lac !<\/p>\n\n\n\n<p class=\"wp-block-paragraph\">&#8230;Voil\u00e0, C&rsquo;est comme moi, juste face au lac !<\/p>\n\n\n\n<p class=\"wp-block-paragraph\">Tu allumes une bougie, et tu la laisses br\u00fbler l\u00e0-bas&#8230; Voil\u00e0. <br>Tu restes en connexion un moment, et c&rsquo;est tout.<\/p>\n\n\n\n<p class=\"wp-block-paragraph\">Tu apportes de la lumi\u00e8re parce que c&rsquo;est la seule chose qui lui faut.<br>O\u00f9 qu&rsquo;il soit, qu&rsquo;il re\u00e7oive la lumi\u00e8re, mais le reste ? Il n&rsquo;a pas besoin&#8230;<\/p>\n\n\n\n<p class=\"wp-block-paragraph\">Maintenant il y a cette prise de conscience, quand j&rsquo;y vais. <br>Il y a lui et il y a aussi son fr\u00e8re qui a aussi souhait\u00e9 d&rsquo;\u00eatre l\u00e0-bas&#8230;<\/p>\n\n\n\n<p class=\"wp-block-paragraph\">Dans la m\u00eame fosse commune, et c&rsquo;est aussi l\u00e0-bas que j&rsquo;irai, plus tard&#8230;<\/p>\n\n\n\n<p class=\"wp-block-paragraph\"><\/p>\n\n\n\n<p class=\"wp-block-paragraph\"><\/p>\n","protected":false},"excerpt":{"rendered":"<p>&lt;Enregistr\u00e9 les 06 D\u00e9cembre 2014, 30 Octobre 2016, et 08 Septembre 2021&gt; Le papa de Maman, j&rsquo;avais aim\u00e9 son visage&#8230; Il \u00e9tait tr\u00e8s doux. J&rsquo;avais trouv\u00e9 qu&rsquo;il avait un c\u00f4t\u00e9 artiste, derri\u00e8re son c\u00f4t\u00e9 alcoolique.C&rsquo;\u00e9tait un artiste. Il \u00e9tait fl\u00e9tri par la vie, mais il m&rsquo;avait touch\u00e9e dans son c\u0153ur. Par contre le p\u00e8re au [&hellip;]<\/p>\n","protected":false},"author":1,"featured_media":0,"parent":0,"menu_order":0,"comment_status":"open","ping_status":"closed","template":"pages-chapitre-05","meta":{"footnotes":""},"class_list":["post-952","page","type-page","status-publish","hentry"],"jetpack_sharing_enabled":true,"_links":{"self":[{"href":"https:\/\/mercigracias.ch\/index.php?rest_route=\/wp\/v2\/pages\/952","targetHints":{"allow":["GET"]}}],"collection":[{"href":"https:\/\/mercigracias.ch\/index.php?rest_route=\/wp\/v2\/pages"}],"about":[{"href":"https:\/\/mercigracias.ch\/index.php?rest_route=\/wp\/v2\/types\/page"}],"author":[{"embeddable":true,"href":"https:\/\/mercigracias.ch\/index.php?rest_route=\/wp\/v2\/users\/1"}],"replies":[{"embeddable":true,"href":"https:\/\/mercigracias.ch\/index.php?rest_route=%2Fwp%2Fv2%2Fcomments&post=952"}],"version-history":[{"count":16,"href":"https:\/\/mercigracias.ch\/index.php?rest_route=\/wp\/v2\/pages\/952\/revisions"}],"predecessor-version":[{"id":5693,"href":"https:\/\/mercigracias.ch\/index.php?rest_route=\/wp\/v2\/pages\/952\/revisions\/5693"}],"wp:attachment":[{"href":"https:\/\/mercigracias.ch\/index.php?rest_route=%2Fwp%2Fv2%2Fmedia&parent=952"}],"curies":[{"name":"wp","href":"https:\/\/api.w.org\/{rel}","templated":true}]}}