{"id":973,"date":"2026-01-23T23:28:39","date_gmt":"2026-01-23T23:28:39","guid":{"rendered":"https:\/\/mercigracias.ch\/?page_id=973"},"modified":"2026-07-13T06:23:08","modified_gmt":"2026-07-13T06:23:08","slug":"alors-qui-me-voit","status":"publish","type":"page","link":"https:\/\/mercigracias.ch\/?page_id=973","title":{"rendered":"Alors qui me voit\u00a0?"},"content":{"rendered":"\n<p class=\"wp-block-paragraph\">&lt;Enregistr\u00e9 le 15 Septembre 2016&gt;<\/p>\n\n\n\n<p class=\"wp-block-paragraph\">&#8211; <em>On pensait que c&rsquo;\u00e9tait un complexe d&rsquo;inf\u00e9riorit\u00e9, mais ce n&rsquo;est pas \u00e7a&#8230; C&rsquo;\u00e9tait un complexe existentiel&#8230;Tu as l&rsquo;impression que les gens ne te voient pas&#8230;<\/em><\/p>\n\n\n\n<p class=\"wp-block-paragraph\">&#8211; Oui, c&rsquo;est \u00e7a ! <br>Ils ne me voient pas&#8230; Mais si ma propre Maman ne me voit pas, alors c&rsquo;est qui, qui me voit&nbsp;?<\/p>\n\n\n\n<p class=\"wp-block-paragraph\">M\u00eame ces jours ci, j&rsquo;esp\u00e8re un tout petit peu qu&rsquo;elle va \u00eatre contente, qu&rsquo;elle va te dire qu&rsquo;elle est contente d&rsquo;\u00eatre avec toi&#8230; Mais il n&rsquo;y a rien \u00e0 faire&#8230; (Tristesse)<\/p>\n\n\n\n<p class=\"wp-block-paragraph\">&#8211; <em>Elle ne te voit pas !<\/em><\/p>\n\n\n\n<p class=\"wp-block-paragraph\">&#8211; C&rsquo;est ce que je me suis dit cet apr\u00e8s midi&#8230; Il n&rsquo;y a que le \u00ab\u00a0faire\u00a0\u00bb et faire pour elle&#8230; Je me suis dit : <br>&#8211; Tu lui as rendu service, tu lui as fait son linge, ses machins, et enfant en plus, tu ne prends pas soin de tes \u00e9tudes parce que tu prends soin de ta m\u00e8re, de tout ce dont elle a besoin&#8230; Et lorsque tu lui demandes ce dont toi, tu as besoin&#8230;<\/p>\n\n\n\n<ul class=\"wp-block-list\">\n<li>Elle te dit : NON&#8230; ! <\/li>\n<\/ul>\n\n\n\n<p class=\"wp-block-paragraph\">Alors tu vas continuer de faire ? Mais elle ne te voit pas !<\/p>\n\n\n\n<p class=\"wp-block-paragraph\">&#8211; <em>C&rsquo;est comme si elle n&rsquo;avait pas la conscience&#8230; Ce qui m&rsquo;a saut\u00e9 aux yeux l&rsquo;autre jour, c&rsquo;est l&rsquo;image de vous deux, quand je t&rsquo;ai vu allong\u00e9e dans son lit d&rsquo;h\u00f4pital, des suites de son accident c\u00e9r\u00e9bral quand elle s&rsquo;\u00e9tait cogn\u00e9e la t\u00eate, et qu&rsquo;elle perdait du sang doucement \u00e0 l&rsquo;int\u00e9rieur du cr\u00e2ne&#8230; quand tu l&rsquo;a prise dans tes bras, l\u00e0 je me suis dit :<\/em> <br>&#8211; <em>C&rsquo;est dr\u00f4le, c&rsquo;est invers\u00e9 !<\/em><\/p>\n\n\n\n<p class=\"wp-block-paragraph\"><em>Il y a eu cette prise de conscience que tu tenais ta maman dans les bras, mais qu&rsquo;on sentait que dans son inconscient elle te voyait comme sa maman&#8230;<\/em><\/p>\n\n\n\n<p class=\"wp-block-paragraph\">&#8211; Ah oui, avec maman&#8230; <\/p>\n\n\n\n<p class=\"wp-block-paragraph\"><em>Parce qu&rsquo;elle voudrait que sa m\u00e8re soit <em>encore <\/em>l\u00e0 et la ch\u00e9risse&#8230; et lui dise : Viens je te r\u00e9conforte&#8230; Elle avait bien fait son transfert \u00e0 son d\u00e9c\u00e8s&#8230; !<\/em><\/p>\n\n\n\n<p class=\"wp-block-paragraph\"><em>Et toi, quand tu la prends dans les bras, tu voudrais juste qu&rsquo;elle te dise les petits mots d&rsquo;une maman, comme si c&rsquo;\u00e9tait toi le b\u00e9b\u00e9&#8230; et finalement c&rsquo;\u00e9tait elle \u00ab\u00a0le b\u00e9b\u00e9\u00a0\u00bb&#8230;<\/em><\/p>\n\n\n\n<p class=\"wp-block-paragraph\">&#8211; Oui, mais j&rsquo;\u00e9tais contente qu&rsquo;elle soit soign\u00e9e&#8230;<\/p>\n\n\n\n<p class=\"wp-block-paragraph\">&#8211; <em>Mais dans ton inconscient c&rsquo;est l\u00e0 aussi&#8230; Je te prends dans mes bras, parce que finalement j&rsquo;aime \u00eatre dans tes bras&#8230; J&rsquo;en ai besoin de tes bras, je les cherche, je les ai toujours cherch\u00e9s mais tu ne me les donnes pas&#8230;<\/em><\/p>\n\n\n\n<p class=\"wp-block-paragraph\"><em>J&rsquo;aime \u00eatre dans tes bras parce que, c&rsquo;\u00e9tait \u00e7a que j&rsquo;aurais eu besoin, des moment o\u00f9 tu m&rsquo;aurais fait plaisir o\u00f9 j&rsquo;aurais senti une maman&#8230; et comme tu ne me prends pas dans tes bras, alors je suis oblig\u00e9e, moi de te prendre dans mes bras&#8230; <\/em><br><em>Parce que sinon je n&rsquo;aurais rien ! Et depuis mon enfance, je suis oblig\u00e9e de grimper sur tes jambes d\u00e8s que tu es assise&#8230;<\/em><\/p>\n\n\n\n<p class=\"wp-block-paragraph\">&#8211; Ben oui&#8230; Je me souviendrai toujours que \u00e7a m&rsquo;avait fait quelque chose, quand j&rsquo;\u00e9tais chez mon oncle \u00e0 6 ans pour ramasser les pommes de terre, et qu&rsquo;il y a ma tante qui vient le soir, vers mon lit&#8230; Elle apporte la bouteille \u00e0 ses enfants parce qu&rsquo;elle a encore des tout-petits&#8230; et puis elle s&rsquo;arr\u00eate au pied de mon lit&#8230; L\u00e0, elle me raconte une histoire, que je ne comprends rien, mais je vois vite qu&rsquo;elle prend le temps de me raconter une histoire&#8230;<\/p>\n\n\n\n<p class=\"wp-block-paragraph\">Bien s\u00fbr, elle me parle en suisse allemand, ces petits mots gentils pour me dire bonne nuit&#8230; Je sens cette douceur, que c&rsquo;est tout doux&#8230; Je l&rsquo;entends encore avec son intonation, je l&rsquo;ai encore dans mes oreilles&#8230; On ne m&rsquo;avait jamais parl\u00e9 comme \u00e7a&#8230; !<br><br>Elle m&rsquo;avait parl\u00e9 comme on parle avec un enfant, tout doucement&#8230; C&rsquo;\u00e9tait tout doux, et puis elle avait m\u00eame chant\u00e9&#8230; J&rsquo;entendais que c&rsquo;\u00e9tait tr\u00e8s doux&#8230; et c&rsquo;\u00e9tait pour moi !<br><br>Ah \u00e7a avait \u00e9t\u00e9 quelque chose, \u00e0 6 ans de sentir tout \u00e7a, pour moi !<\/p>\n\n\n\n<p class=\"wp-block-paragraph\"><em>(On \u00e9tait dans un restaurant en espagne&#8230;)<\/em><br>\u00c7a avait \u00e9t\u00e9 quelque chose parce que&#8230; Oh regarde dehors par la fen\u00eatre&#8230; il y a un chien qui dit :<br>&#8211; Non je n&rsquo;avance pas ! J&rsquo;ai pas envie&#8230; Non, je ne vais pas me promener ! La m\u00e8re qui se tire, les cheveux aux quatre vents&#8230; <br>&#8211; Non j&rsquo;y vais pas&#8230;!<\/p>\n\n\n\n<p class=\"wp-block-paragraph\">Et elle est oblig\u00e9e de le d\u00e9tacher&#8230; <br>&#8211; Est ce que tu veux venir maintenant&#8230; ? (Rire) <br>&#8211; Ah non !<br>Mais regarde \u00e7a&#8230; Je trouve \u00e7a, excellent&#8230; Elle doit discuter avec son chien&#8230; Et il ne bouge pas, le chien s&rsquo;est assis&#8230; <br>&#8211; Alors tu viens ? <br>Alors maintenant c&rsquo;est moi qui fait ce que je veux et c&rsquo;est moi qui vais dedans&#8230; T&rsquo;as compris ? (Rire)<\/p>\n\n\n\n<p class=\"wp-block-paragraph\">Elle lui a dit : <br>&#8211; Nous, on est ici en vacances&#8230;! On t&rsquo;a emmen\u00e9 avec nous&#8230; Ecoute ! <br>Mais lui a dit :<br>&#8211; Non, pas question !<br><br>Alors elle le tire d&rsquo;un coup sec, tu sais comme une ch\u00e8vre&#8230; et finalement elle \u00e9tait d\u00e9sol\u00e9e, alors elle lui donne un biscuit !<br>et lui, il lui dit : <br>&#8211; T&rsquo;es g\u00ean\u00e9e ? <br>&#8211; Non non&#8230;<\/p>\n\n\n\n<p class=\"wp-block-paragraph\">C&rsquo;est du grand comique ! <br>Et il reste assis comme \u00e7a&#8230; Il ne veut pas se mettre debout&#8230; Non&#8230; <br>Elle a tout essay\u00e9, il y a m\u00eame des personnes qui viennent pour concilier&#8230; Non&#8230; Elle tire un coup sur la laisse. <\/p>\n\n\n\n<p class=\"wp-block-paragraph\">Non non&#8230; Il ne bouge pas&#8230;!<\/p>\n\n\n\n<p class=\"wp-block-paragraph\">&#8211; Allez tu viens ?&#8230; Tu viens&#8230;Tu viens pas ?<\/p>\n\n\n\n<p class=\"wp-block-paragraph\">Le chien : <br>&#8211; Je veux bien te faire plaisir mais c&rsquo;est moi qui d\u00e9cide&#8230;!<\/p>\n\n\n\n<p class=\"wp-block-paragraph\">Tu te rappelles c&rsquo;est comme la gamine en Turquie, celle qui avait trois ans et qui avait dit \u00e7a, \u00e0 son p\u00e8re sur la terrasse du resto&#8230; <br>Qu&rsquo;est ce qu&rsquo;on s&rsquo;\u00e9tait marr\u00e9&#8230; \u00c7a commen\u00e7ait t\u00f4t ! <br>Et ici, c&rsquo;est le chien qui fait \u00e7a et les parents ne disent rien&#8230;(Rire)<\/p>\n\n\n\n<p class=\"wp-block-paragraph\">Regarde, maintenant la m\u00e8re, elle passe devant&#8230; \u00c7a veut dire :<br>&#8211; C&rsquo;est moi qui avance&#8230;!<br>&#8230;<br>&#8211; Bon&#8230; Alors quand j&rsquo;\u00e9tais all\u00e9e chez mon oncle, c&rsquo;\u00e9tait quelque chose cette cueillette de pommes de terres, \u00e0 6 ans. <br><br>D\u00e9j\u00e0, il y avait la cousine de ma tante&#8230; Elle \u00e9tait en train d&rsquo;apprendre maitresse d&rsquo;\u00e9cole enfantine&#8230; Alors tu penses, elle \u00e9tait ravie, de voir cette petite fille qui parle Fran\u00e7ais&#8230;!<br><br>Tous les autres parlaient le Suisse Allemand, et elle d\u00e9cide de ramasser les pommes de terre avec moi&#8230; <br>Il y a quelqu&rsquo;un qui m&rsquo;accompagne, et aussi pour porter les paniers avec moi !?<\/p>\n\n\n\n<p class=\"wp-block-paragraph\">Et comme elle aime les enfants et qu&rsquo;elle est en train d&rsquo;apprendre ce m\u00e9tier, en ramassant les pommes de terre elle m&rsquo;apprend l&rsquo;alphabet&#8230; <br>Ce qui fait que quand j&rsquo;ai commenc\u00e9 l&rsquo;\u00e9cole, je connaissais l&rsquo;alphabet&#8230; et des chansons !<br>Alors c&rsquo;\u00e9tait vraiment bien, ces pommes de terre&#8230; Je peux te dire alors !<\/p>\n\n\n\n<p class=\"wp-block-paragraph\">Et apr\u00e8s \u00e7a, quand on rentre manger chez ma tante, alors l\u00e0, c&rsquo;\u00e9tait une autre histoire !<\/p>\n\n\n\n<p class=\"wp-block-paragraph\">Parce que moi, je ne mange pas de salade&#8230;Tu connais l&rsquo;histoire&#8230; <br>Alors quand elle me met de la salade, comme \u00e0 tout le monde, alors que moi je ne la mange pas&#8230; Je vois, quelle sert tout le monde, et je me demande bien comment je vais pouvoir concilier&#8230; Comme elle te parle en Suisse Allemand, et que toi, tu parles le Fran\u00e7ais&#8230;<\/p>\n\n\n\n<p class=\"wp-block-paragraph\">Ben voil\u00e0, la salade, c&rsquo;est la salade, comme tout le monde&#8230;<br>Ok, je me dis&#8230; et bien pour moi il n&rsquo;y aura pas de salade !<br>Je ne ferai pas comme tout le monde, mais je ne ferai pas d&rsquo;histoire&#8230; Alors comme on a tous notre tablier, je prends le mouchoir de ma poche&#8230; Je mets ma salade dans ma bouche et \u00e0 chaque fois, je prends mon mouchoir, et je crache dans mon mouchoir&#8230; Et je le secoue sous la table&#8230; et la salade, elle est l\u00e0, sous la table ! (Rire)<\/p>\n\n\n\n<p class=\"wp-block-paragraph\">Alors ma tante&#8230; \u00c7a a \u00e9t\u00e9 tr\u00e8s simple \u00e0 voir, parce que, quand elle a balay\u00e9 sa cuisine apr\u00e8s le repas&#8230; Ce n&rsquo;\u00e9tait pas compliqu\u00e9 de savoir qui \u00e9tait \u00e0 cette place, qui avait jet\u00e9 la salade sous la table&#8230;<br>Donc elle vient me chercher&#8230; elle pousse la table, et elle me dit : <br>&#8211; Was ist es dasss&#8230; ? Qu&rsquo;est ce que c&rsquo;est que \u00e7a&#8230; ?<\/p>\n\n\n\n<p class=\"wp-block-paragraph\">Et je lui dis : <br>&#8211; Salade&#8230; (Rire)<\/p>\n\n\n\n<p class=\"wp-block-paragraph\">Et elle continue : <br>&#8211; Yooohhh Tohhh! (Grosse voix)<br>Was muss ich mache mit dass ? Mais qu&rsquo;est ce que je dois faire avec \u00e7a ?<br>Puis en Fran\u00e7ais&#8230;: <br>&#8211; Mais tout le monde mange la salade ici&#8230; et si toi tu ne manges pas, qu&rsquo;est ce que je vais faire ?<\/p>\n\n\n\n<p class=\"wp-block-paragraph\">Alors je la regarde et je lui dis : <br>&#8211; Je peux pas&#8230;(Avec d\u00e9sespoir) Je peux pas manger la salade&#8230;<br>Je peux pas&#8230; !<\/p>\n\n\n\n<p class=\"wp-block-paragraph\">&#8211; <em>On t&rsquo;avait trop tremp\u00e9 la t\u00eate dedans&#8230; <\/em><\/p>\n\n\n\n<p class=\"wp-block-paragraph\">Oui, mais comme elle ne comprend pas bien le Fran\u00e7ais&#8230; mais elle comprend qu&rsquo;il y avait quelque chose qui n&rsquo;allait pas pour moi&#8230;<br>Evidement, elle ne savait pas toute l&rsquo;histoire&#8230; Mais elle me voit triste&#8230; Alors, elle me dit : <br>&#8211; Ja&#8230; gut&#8230;<\/p>\n\n\n\n<p class=\"wp-block-paragraph\">Et le lendemain, avant que je vienne \u00e0 table, elle m&rsquo;appelle \u00e0 la cuisine, elle me montre que c&rsquo;est de l&rsquo;herbe et me dit : <br>&#8211; Touche, regarde&#8230; C&rsquo;est de l&rsquo;herbe&#8230;<br>Alors je touche&#8230; Elle repose l&rsquo;assiette&#8230; et elle met du sucre dessus et me dit : <br>&#8211; Regarde, je mets du sucre&#8230; Go\u00fbte, maintenant&#8230;<\/p>\n\n\n\n<p class=\"wp-block-paragraph\">Bon, voil\u00e0 dans ton assiette, il y aura du sucre&#8230; Comme \u00e7a, tu peux la manger, qu&rsquo;elle me dit&#8230; Tu manges, c&rsquo;est juste de l&rsquo;herbe avec du sucre&#8230;<\/p>\n\n\n\n<p class=\"wp-block-paragraph\">Surtout que depuis ce jour, elle avait servi la sauce \u00e0 c\u00f4t\u00e9, comme \u00e7a, celui qui en voulait, pouvait en mettre&#8230;<\/p>\n\n\n\n<p class=\"wp-block-paragraph\">Et voil\u00e0 sans sauce et avec du sucre, je la mange, pas de souci&#8230;!<\/p>\n\n\n\n<p class=\"wp-block-paragraph\">Je mange l&rsquo;herbe avec le sucre. Il n&rsquo;y a pas ce gout&#8230; le go\u00fbt de la salade de Maman&#8230; Alors tout le temps que j&rsquo;ai pass\u00e9e chez eux, une ou deux semaines, pour les pommes de terre, peut-\u00eatre dix jours&#8230; je pouvais manger de la salade !<\/p>\n\n\n\n<p class=\"wp-block-paragraph\">Il n&rsquo;y avait aucun souci&#8230; parce que le reste, je pouvais manger ! C&rsquo;\u00e9tait pas tr\u00e8s fort, et ce qu&rsquo;elle faisait \u00e0 manger c&rsquo;\u00e9tait toujours la m\u00eame chose&#8230; Tous les jours de la pur\u00e9e et du r\u00f4ti. Le reste, c&rsquo;\u00e9tait s\u00e9curit\u00e9, \u00e7a ne changeait jamais.<\/p>\n\n\n\n<p class=\"wp-block-paragraph\">Et la salade, elle m&rsquo;a toujours mis du sucre dedans, alors j&rsquo;\u00e9tais tranquille.<\/p>\n\n\n\n<p class=\"wp-block-paragraph\">En tout cas je savais que s&rsquo;il n&rsquo;y avait pas de sauce, \u00e7a ne sentait pas mauvais. Il n&rsquo;y avait pas ce vinaigre, il n&rsquo;y avait pas d&rsquo;oignons&#8230; Il n&rsquo;y avait rien du tout&#8230;<\/p>\n\n\n\n<p class=\"wp-block-paragraph\">Comme \u00e7a, elle gardait sa place devant les autres&#8230; et moi aussi.<\/p>\n\n\n\n<p class=\"wp-block-paragraph\">Elle m&rsquo;avait dit : <br>&#8211; Regarde, comme tu manges bien&#8230;<\/p>\n\n\n\n<p class=\"wp-block-paragraph\">Elle m&rsquo;avait f\u00e9licit\u00e9e&#8230; Alors tout allait tr\u00e8s bien. Mais d\u00e8s que je suis rentr\u00e9e chez nous&#8230; et bien c&rsquo;\u00e9tait pas \u00e7a, hein&#8230;! <br>On te met une vinaigr\u00e9e avec des oignons&#8230; A vomir&#8230; Voil\u00e0 !<\/p>\n\n\n\n<p class=\"wp-block-paragraph\">&#8211; <em>Voil\u00e0 les raisons pour lesquelles, encore aujourd&rsquo;hui tu ne peux toujours pas manger d&rsquo;oignons, ni de sauce dans tes salades&#8230;<\/em><\/p>\n\n\n\n<p class=\"wp-block-paragraph\">&#8211; Oui, tout \u00e9tait trop fort&#8230; Trop fort pour mes go\u00fbts d&rsquo;enfants&#8230;<br>Vinaigre, oignons, ails, et en plus&#8230; les punitions et la t\u00eate dans l&rsquo;assiette, et dans le vomi&#8230;<\/p>\n\n\n\n<p class=\"wp-block-paragraph\">Chez nous, tu n&rsquo;\u00e9tais pas entendue&#8230; Je ne sais pas pourquoi, Maman elle ne s&rsquo;\u00e9tait jamais pos\u00e9e la question&#8230;<\/p>\n\n\n\n<p class=\"wp-block-paragraph\">Ma tante, elle avait r\u00eav\u00e9 d&rsquo;avoir plein d&rsquo;enfants&#8230; <br>C&rsquo;\u00e9tait \u00e7a son truc, alors elle les \u00e9coutait, elle les regardait&#8230;<\/p>\n\n\n\n<p class=\"wp-block-paragraph\">Mais chez nous&#8230;<\/p>\n","protected":false},"excerpt":{"rendered":"<p>&lt;Enregistr\u00e9 le 15 Septembre 2016&gt; &#8211; On pensait que c&rsquo;\u00e9tait un complexe d&rsquo;inf\u00e9riorit\u00e9, mais ce n&rsquo;est pas \u00e7a&#8230; C&rsquo;\u00e9tait un complexe existentiel&#8230;Tu as l&rsquo;impression que les gens ne te voient pas&#8230; &#8211; Oui, c&rsquo;est \u00e7a ! Ils ne me voient pas&#8230; Mais si ma propre Maman ne me voit pas, alors c&rsquo;est qui, qui me [&hellip;]<\/p>\n","protected":false},"author":1,"featured_media":0,"parent":0,"menu_order":0,"comment_status":"open","ping_status":"closed","template":"pages-chapitre-05","meta":{"footnotes":""},"class_list":["post-973","page","type-page","status-publish","hentry"],"jetpack_sharing_enabled":true,"_links":{"self":[{"href":"https:\/\/mercigracias.ch\/index.php?rest_route=\/wp\/v2\/pages\/973","targetHints":{"allow":["GET"]}}],"collection":[{"href":"https:\/\/mercigracias.ch\/index.php?rest_route=\/wp\/v2\/pages"}],"about":[{"href":"https:\/\/mercigracias.ch\/index.php?rest_route=\/wp\/v2\/types\/page"}],"author":[{"embeddable":true,"href":"https:\/\/mercigracias.ch\/index.php?rest_route=\/wp\/v2\/users\/1"}],"replies":[{"embeddable":true,"href":"https:\/\/mercigracias.ch\/index.php?rest_route=%2Fwp%2Fv2%2Fcomments&post=973"}],"version-history":[{"count":10,"href":"https:\/\/mercigracias.ch\/index.php?rest_route=\/wp\/v2\/pages\/973\/revisions"}],"predecessor-version":[{"id":5703,"href":"https:\/\/mercigracias.ch\/index.php?rest_route=\/wp\/v2\/pages\/973\/revisions\/5703"}],"wp:attachment":[{"href":"https:\/\/mercigracias.ch\/index.php?rest_route=%2Fwp%2Fv2%2Fmedia&parent=973"}],"curies":[{"name":"wp","href":"https:\/\/api.w.org\/{rel}","templated":true}]}}