{"id":995,"date":"2026-01-24T20:48:52","date_gmt":"2026-01-24T20:48:52","guid":{"rendered":"https:\/\/mercigracias.ch\/?page_id=995"},"modified":"2026-06-18T16:46:22","modified_gmt":"2026-06-18T16:46:22","slug":"loffice-des-mineurs","status":"publish","type":"page","link":"https:\/\/mercigracias.ch\/?page_id=995","title":{"rendered":"L&rsquo;office des mineurs"},"content":{"rendered":"\n<p class=\"wp-block-paragraph\">&lt;Enregistr\u00e9 le 14 Septembre 2016&gt;<\/p>\n\n\n\n<p class=\"wp-block-paragraph\">Alors tu vois, un jour il y a l&rsquo;office des mineurs qui vient \u00e0 la maison, c&rsquo;\u00e9tait pour me demander avec qui je voulais aller&#8230;<\/p>\n\n\n\n<p class=\"wp-block-paragraph\">Je devais avoir dans les 11 ans&#8230; C&rsquo;\u00e9tait bien avant que \u00e7a vienne !<\/p>\n\n\n\n<p class=\"wp-block-paragraph\">Alors \u00e0 11 ans quand  l&rsquo;office des mineurs vient, en disant qu&rsquo;il y avait d\u00e9j\u00e0 eu une d\u00e9position de divorce, qu&rsquo;une proc\u00e9dure avait \u00e9t\u00e9 lanc\u00e9e et qu&rsquo;ils venaient pour savoir, et d\u00e9finir mon avenir&#8230;<\/p>\n\n\n\n<p class=\"wp-block-paragraph\">Quoi qu&rsquo;il en soit, on allait d\u00e9cider deux ans avant avec qui je partirais&#8230;<\/p>\n\n\n\n<p class=\"wp-block-paragraph\">Bien s\u00fbr qu&rsquo;on savait que quelque chose allait arriver&#8230; Je sentais bien Maman qui \u00e9tait toute perturb\u00e9e, puisque je dormais avec elle, et qui me disait le soir quand elle venait se coucher :<br>&#8211; Oh&#8230; Mon Dieu, mais qu&rsquo;est ce qui va se passer&#8230;<\/p>\n\n\n\n<p class=\"wp-block-paragraph\">C&rsquo;\u00e9tait tr\u00e8s perturbant. Je devais d\u00e9j\u00e0 aller en train voir ma s\u0153ur \u00e0 l&rsquo;Inselspital \u00e0 Bern puis lors de sa convalescence chez les bonnes s\u0153urs, et il y avait aussi les perturbations au niveau des sommeli\u00e8res&#8230; Plus personne ne voulait venir travailler tellement c&rsquo;est perturb\u00e9&#8230; Alors tu travailles pour aider, et puis on t&rsquo;annonce que mon fr\u00e8re&#8230;<\/p>\n\n\n\n<p class=\"wp-block-paragraph\">Depuis mes 11 ans mon P\u00e8re dormait \u00e0 l&rsquo;\u00e9tage&#8230; Depuis qu&rsquo;il avait mis soit disant le feu dans le galetas&#8230; Alors qu&rsquo;au final il avait allum\u00e9 des bougies pour faire une c\u00e9r\u00e9monie purificatrice&#8230; Mais il n&rsquo;avait pas contr\u00f4l\u00e9&#8230; Alors ma m\u00e8re qui \u00e9tait en col\u00e8re, et qui l&rsquo;accusait de tous les maux m&rsquo;a demand\u00e9 de dormir avec elle dans sa chambre&#8230; Parce qu&rsquo;elle ne voulait pas dormir seule&#8230;<\/p>\n\n\n\n<p class=\"wp-block-paragraph\">Alors je me r\u00e9veillais chaque soir \u00e0 Minuit, quand elle remontait se coucher et tout \u00e7a pour me partager toutes ses perturbations.<\/p>\n\n\n\n<p class=\"wp-block-paragraph\">Oui, elle se d\u00e9chargeait sur moi :<br>&#8211; Mais qu&rsquo;est ce qu&rsquo;on va devenir&#8230; <\/p>\n\n\n\n<p class=\"wp-block-paragraph\">Depuis l&rsquo;\u00e2ge de 11 ans, j&rsquo;entendais toutes les nuits :<br>&#8211; Mais qu&rsquo;est ce qu&rsquo;on va faire ? <br>O\u00f9 est ce qu&rsquo;on va aller ?<br>Qu&rsquo;est ce qu&rsquo;on va devenir ?<\/p>\n\n\n\n<p class=\"wp-block-paragraph\">Tu entends toutes les perturbations de la maison familiale&#8230;<\/p>\n\n\n\n<p class=\"wp-block-paragraph\">Et moi, qui tente de lui remonter le moral :<br>&#8211; Mais non Maman&#8230; \u00e7a va aller, \u00e7a va aller, mais dors maintenant&#8230;<\/p>\n\n\n\n<p class=\"wp-block-paragraph\">Et le lendemain, je repartais \u00e0 l&rsquo;\u00e9cole&#8230;<\/p>\n\n\n\n<p class=\"wp-block-paragraph\">Et la journ\u00e9e c&rsquo;\u00e9tait : <br>&#8211; &#8230;Mais j&rsquo;ai pas de sommeli\u00e8res&#8230; Euh&#8230;je ne sais pas comment faire !<\/p>\n\n\n\n<p class=\"wp-block-paragraph\">et Moi : <br>&#8211; Maman, cherche&#8230; cherche&#8230;!<br>&#8230;Mais jeudi ? Moi je peux travailler&#8230; Je peux faire, j&rsquo;ai cong\u00e9&#8230; <br><br>Depuis cet \u00e2ge l\u00e0, je commence&#8230; et depuis l\u00e0, elle me laisse faire le Jeudi&#8230;<\/p>\n\n\n\n<p class=\"wp-block-paragraph\">Mais entre temps, je devais encore aller visiter ma s\u0153ur \u00e0 Bern, prendre le train et suivre les arr\u00eats&#8230; et comme si c&rsquo;\u00e9tait pas assez&#8230; \u00e0 12 ans il y a mon fr\u00e8re entre la vie et la mort parce qu&rsquo;il a fait une tentative de suicide, qu&rsquo;il a voulu se jeter au lac&#8230; Alors tu vas aussi&#8230; Tu vois toutes ces perturbations ?<\/p>\n\n\n\n<p class=\"wp-block-paragraph\">Maman qui pleure&#8230; qui dit, mais j&rsquo;en ai un qui va mourir, et elle se demande o\u00f9 on va bien pouvoir enterrer ma s\u0153ur&#8230; <\/p>\n\n\n\n<p class=\"wp-block-paragraph\">Mon fr\u00e8re qui va mourir&#8230; Enfin des histoires de fous, des histoires de fous&#8230;!<\/p>\n\n\n\n<ul class=\"wp-block-list\">\n<li>DES HISTOIRES DE FOUS !<\/li>\n<\/ul>\n\n\n\n<p class=\"wp-block-paragraph\">Des histoires de fous&#8230; <strong>COMME TU N&rsquo;EN ENTENDS PAS !<\/strong><\/p>\n\n\n\n<p class=\"wp-block-paragraph\">Je raconte comme \u00e7a, mais c&rsquo;\u00e9tait vraiment des histoires impensables !<\/p>\n\n\n\n<p class=\"wp-block-paragraph\">Et toi, tu dois te construire, parce que tu as 11 ans, et que tu vas \u00e0 l&rsquo;\u00e9cole&#8230;<\/p>\n\n\n\n<p class=\"wp-block-paragraph\">Alors tu penses bien qu&rsquo;\u00e0 l&rsquo;\u00e9cole comment je devais \u00eatre&#8230; Comment a \u00e9t\u00e9 ma scolarit\u00e9&#8230;<\/p>\n","protected":false},"excerpt":{"rendered":"<p>&lt;Enregistr\u00e9 le 14 Septembre 2016&gt; Alors tu vois, un jour il y a l&rsquo;office des mineurs qui vient \u00e0 la maison, c&rsquo;\u00e9tait pour me demander avec qui je voulais aller&#8230; Je devais avoir dans les 11 ans&#8230; C&rsquo;\u00e9tait bien avant que \u00e7a vienne ! Alors \u00e0 11 ans quand l&rsquo;office des mineurs vient, en disant [&hellip;]<\/p>\n","protected":false},"author":1,"featured_media":0,"parent":0,"menu_order":0,"comment_status":"open","ping_status":"closed","template":"pages-chapitre-05","meta":{"footnotes":""},"class_list":["post-995","page","type-page","status-publish","hentry"],"jetpack_sharing_enabled":true,"_links":{"self":[{"href":"https:\/\/mercigracias.ch\/index.php?rest_route=\/wp\/v2\/pages\/995","targetHints":{"allow":["GET"]}}],"collection":[{"href":"https:\/\/mercigracias.ch\/index.php?rest_route=\/wp\/v2\/pages"}],"about":[{"href":"https:\/\/mercigracias.ch\/index.php?rest_route=\/wp\/v2\/types\/page"}],"author":[{"embeddable":true,"href":"https:\/\/mercigracias.ch\/index.php?rest_route=\/wp\/v2\/users\/1"}],"replies":[{"embeddable":true,"href":"https:\/\/mercigracias.ch\/index.php?rest_route=%2Fwp%2Fv2%2Fcomments&post=995"}],"version-history":[{"count":5,"href":"https:\/\/mercigracias.ch\/index.php?rest_route=\/wp\/v2\/pages\/995\/revisions"}],"predecessor-version":[{"id":4681,"href":"https:\/\/mercigracias.ch\/index.php?rest_route=\/wp\/v2\/pages\/995\/revisions\/4681"}],"wp:attachment":[{"href":"https:\/\/mercigracias.ch\/index.php?rest_route=%2Fwp%2Fv2%2Fmedia&parent=995"}],"curies":[{"name":"wp","href":"https:\/\/api.w.org\/{rel}","templated":true}]}}